{"id":129897,"date":"2021-12-07T21:38:49","date_gmt":"2021-12-07T20:38:49","guid":{"rendered":"https:\/\/deutsche-literaturgesellschaft.de\/?page_id=129897"},"modified":"2025-08-28T23:19:13","modified_gmt":"2025-08-28T21:19:13","slug":"verlage","status":"publish","type":"page","link":"https:\/\/deutsche-literaturgesellschaft.de\/en\/","title":{"rendered":"Publishers"},"content":{"rendered":"<div id=\"pl-129897\"  class=\"panel-layout\" ><div id=\"pg-129897-0\"  class=\"panel-grid panel-has-style\" ><div style=\"padding: 65px 0; \" data-overlay=\"true\" data-overlay-color=\"#000000\" class=\"panel-row-style panel-row-style-for-129897-0\" ><div id=\"pgc-129897-0-0\"  class=\"panel-grid-cell panel-grid-cell-empty\" ><\/div><div id=\"pgc-129897-0-1\"  class=\"panel-grid-cell panel-grid-cell-mobile-last\" ><div id=\"panel-129897-0-1-0\" class=\"so-panel widget widget_sow-editor panel-first-child panel-last-child\" data-index=\"0\" ><div style=\"text-align: left;\" data-title-color=\"#443f3f\" data-headings-color=\"#443f3f\" class=\"panel-widget-style panel-widget-style-for-129897-0-1-0\" ><div\n\t\t\t\n\t\t\tclass=\"so-widget-sow-editor so-widget-sow-editor-base\"\n\t\t\t\n\t\t><h3 class=\"widget-title\">Welcome<\/h3>\n<div class=\"siteorigin-widget-tinymce textwidget\">\n\t<div class=\"siteorigin-widget-tinymce textwidget\">\n<div class=\"siteorigin-widget-tinymce textwidget\">\n<div class=\"siteorigin-widget-tinymce textwidget\">\n<div class=\"siteorigin-widget-tinymce textwidget\">\n<p>In these fast-moving times, we all long for something lasting. Isn't it amazing how durable a book is? A data carrier that is more than ten years old can already be unusable today - valuable information and data are lost. A book that is 100, 200, or even 300 years old, on the other hand, can be pulled from the bookshelf at any time - it even gains in dignity and value over time. Have you ever wondered, when you hold such an old work in your hands, what these books have seen? How many people they met, in which times they left their mark? Their authors have remained, their works are still accessible and present today. Writing a book also means creating a piece of eternity. No matter how quickly the world changes, a book and its author remain.<\/p>\n<p>Send us your manuscript! A review only takes about 14 days and together we will find the right solution for you. We look forward to hearing from you!<\/p>\n<p>&nbsp;<\/p>\n<p style=\"text-align: center;\"><img loading=\"lazy\" decoding=\"async\" class=\"wp-image-171616 aligncenter\" src=\"https:\/\/deutsche-literaturgesellschaft.de\/wp-content\/uploads\/2022\/05\/Deutsche-Literaturgesellschaft-1.png\" alt=\"\" width=\"462\" height=\"175\" srcset=\"https:\/\/deutsche-literaturgesellschaft.de\/wp-content\/uploads\/2022\/05\/Deutsche-Literaturgesellschaft-1.png 700w, https:\/\/deutsche-literaturgesellschaft.de\/wp-content\/uploads\/2022\/05\/Deutsche-Literaturgesellschaft-1-300x114.png 300w, https:\/\/deutsche-literaturgesellschaft.de\/wp-content\/uploads\/2022\/05\/Deutsche-Literaturgesellschaft-1-230x87.png 230w, https:\/\/deutsche-literaturgesellschaft.de\/wp-content\/uploads\/2022\/05\/Deutsche-Literaturgesellschaft-1-350x133.png 350w, https:\/\/deutsche-literaturgesellschaft.de\/wp-content\/uploads\/2022\/05\/Deutsche-Literaturgesellschaft-1-480x182.png 480w\" sizes=\"auto, (max-width: 462px) 100vw, 462px\" \/><\/p>\n<\/div>\n<\/div>\n<\/div>\n<\/div>\n<\/div>\n<\/div><\/div><\/div><\/div><div id=\"pgc-129897-0-2\"  class=\"panel-grid-cell panel-grid-cell-empty\" ><\/div><\/div><\/div><div id=\"pg-129897-1\"  class=\"panel-grid panel-has-style\" ><div class=\"siteorigin-panels-stretch panel-row-style panel-row-style-for-129897-1\" style=\"color: #f2f2f2;background-image: url(https:\/\/deutsche-literaturgesellschaft.de\/wp-content\/uploads\/2017\/08\/uber-uns-verlag-e1510703883206.jpg);padding: 100px 0; \" data-stretch-type=\"full\" data-hascolor=\"hascolor\" data-hasbg=\"hasbg\" data-overlay=\"true\" data-overlay-color=\"#161616\" ><div id=\"pgc-129897-1-0\"  class=\"panel-grid-cell\" ><div id=\"panel-129897-1-0-0\" class=\"so-panel widget widget_sow-editor panel-first-child\" data-index=\"1\" ><div style=\"text-align: center;\" data-title-color=\"#ffffff\" data-headings-color=\"#ffffff\" class=\"panel-widget-style panel-widget-style-for-129897-1-0-0\" ><div\n\t\t\t\n\t\t\tclass=\"so-widget-sow-editor so-widget-sow-editor-base\"\n\t\t\t\n\t\t><h3 class=\"widget-title\">Remember &amp; Preserve<\/h3>\n<div class=\"siteorigin-widget-tinymce textwidget\">\n\t<div class=\"siteorigin-widget-tinymce textwidget\">\n<div class=\"siteorigin-widget-tinymce textwidget\">\n<div class=\"siteorigin-widget-tinymce textwidget\">\n<div class=\"siteorigin-widget-tinymce textwidget\">\n<h4 style=\"text-align: center;\">For eternity&nbsp;<\/h4>\n<p style=\"text-align: center;\">Our books are kept in the most important libraries in the world. <br \/>Oxford, Cambridge, Harvard - fireproof and protected from moisture here <br \/>preserve the most important books of our time for future generations.<\/p>\n<\/div>\n<\/div>\n<\/div>\n<\/div>\n<\/div>\n<\/div><\/div><\/div><div id=\"panel-129897-1-0-1\" class=\"so-panel widget widget_sow-button panel-last-child\" data-index=\"2\" ><div style=\"text-align: center;\" data-title-color=\"#443f3f\" data-headings-color=\"#443f3f\" class=\"panel-widget-style panel-widget-style-for-129897-1-0-1\" ><div\n\t\t\t\n\t\t\tclass=\"so-widget-sow-button so-widget-sow-button-atom-922e2ba3ecb9-129897\"\n\t\t\t\n\t\t><div class=\"ow-button-base ow-button-align-center\"\n>\n\t\t\t<a\n\t\t\t\t\thref=\"\/en\/erinnern-bewahren\/\"\n\t\t\t\t\tclass=\"sowb-button ow-icon-placement-left ow-button-hover\" \t>\n\t\t<span>\n\t\t\t\n\t\t\tAbout us\t\t<\/span>\n\t\t\t<\/a>\n\t<\/div>\n<\/div><\/div><\/div><\/div><\/div><\/div><div id=\"pg-129897-2\"  class=\"panel-grid panel-has-style\" ><div class=\"siteorigin-panels-stretch panel-row-style panel-row-style-for-129897-2\" style=\"color: #000000;padding: 100px 0; \" data-stretch-type=\"full\" data-hascolor=\"hascolor\" data-overlay-color=\"#000000\" ><div id=\"pgc-129897-2-0\"  class=\"panel-grid-cell\" ><div id=\"panel-129897-2-0-0\" class=\"so-panel widget widget_sow-editor panel-first-child panel-last-child\" data-index=\"3\" ><div style=\"text-align: left;\" data-title-color=\"#000000\" data-headings-color=\"#000000\" class=\"panel-widget-style panel-widget-style-for-129897-2-0-0\" ><div\n\t\t\t\n\t\t\tclass=\"so-widget-sow-editor so-widget-sow-editor-base\"\n\t\t\t\n\t\t><h3 class=\"widget-title\">Mission<\/h3>\n<div class=\"siteorigin-widget-tinymce textwidget\">\n\t<div class=\"siteorigin-widget-tinymce textwidget\">\n<div class=\"siteorigin-widget-tinymce textwidget\">\n<div class=\"siteorigin-widget-tinymce textwidget\">\n<div class=\"siteorigin-widget-tinymce textwidget\">\n<p style=\"text-align: center;\">The books of the German Literary Society are made accessible for all times, so that even in 100, 200 or 300 years someone can pull your book off the shelf. Our books are held in renowned university libraries, including Oxford (UK), Harvard, Princeton, Yale (USA) and the Sorbonne (Paris).<\/p>\n<\/div>\n<\/div>\n<\/div>\n<\/div>\n<\/div>\n<\/div><\/div><\/div><\/div><div id=\"pgc-129897-2-1\"  class=\"panel-grid-cell\" ><div id=\"panel-129897-2-1-0\" class=\"so-panel widget widget_sow-editor panel-first-child panel-last-child\" data-index=\"4\" ><div style=\"text-align: left;\" data-title-color=\"#000000\" data-headings-color=\"#ffffff\" class=\"panel-widget-style panel-widget-style-for-129897-2-1-0\" ><div\n\t\t\t\n\t\t\tclass=\"so-widget-sow-editor so-widget-sow-editor-base\"\n\t\t\t\n\t\t><h3 class=\"widget-title\">Reputation<\/h3>\n<div class=\"siteorigin-widget-tinymce textwidget\">\n\t<div class=\"siteorigin-widget-tinymce textwidget\">\n<div class=\"siteorigin-widget-tinymce textwidget\">\n<div class=\"siteorigin-widget-tinymce textwidget\">\n<div class=\"siteorigin-widget-tinymce textwidget\">\n<p style=\"text-align: center;\">The Deutsche Literaturgesellschaft publishing house stands for an exclusive mix of well-known writers, prominent contemporary figures and works by new author personalities. Its sophisticated portfolio has made the Deutsche Literaturgesellschaft into the renowned publishing house it is today.<\/p>\n<\/div>\n<\/div>\n<\/div>\n<\/div>\n<\/div>\n<\/div><\/div><\/div><\/div><div id=\"pgc-129897-2-2\"  class=\"panel-grid-cell\" ><div id=\"panel-129897-2-2-0\" class=\"so-panel widget widget_sow-editor panel-first-child panel-last-child\" data-index=\"5\" ><div style=\"text-align: left;\" data-title-color=\"#000000\" data-headings-color=\"#ffffff\" class=\"panel-widget-style panel-widget-style-for-129897-2-2-0\" ><div\n\t\t\t\n\t\t\tclass=\"so-widget-sow-editor so-widget-sow-editor-base\"\n\t\t\t\n\t\t><h3 class=\"widget-title\">Tradition<\/h3>\n<div class=\"siteorigin-widget-tinymce textwidget\">\n\t<div class=\"siteorigin-widget-tinymce textwidget\">\n<div class=\"siteorigin-widget-tinymce textwidget\">\n<div class=\"siteorigin-widget-tinymce textwidget\">\n<div class=\"siteorigin-widget-tinymce textwidget\">\n<p style=\"text-align: center;\">Since time immemorial, every publishing personality has aspired to publish (as yet) unknown writers alongside their \"crowd pullers\", the famous authors. While most publishers today are only on the hunt for bestsellers and anxiously follow the mainstream, we are sticking to this old publishing tradition.<\/p>\n<\/div>\n<\/div>\n<\/div>\n<\/div>\n<\/div>\n<\/div><\/div><\/div><\/div><\/div><\/div><div id=\"pg-129897-3\"  class=\"panel-grid panel-has-style\" ><div style=\"padding: 20px 0; \" data-overlay=\"true\" data-overlay-color=\"#000000\" class=\"panel-row-style panel-row-style-for-129897-3\" ><div id=\"pgc-129897-3-0\"  class=\"panel-grid-cell\" ><div id=\"panel-129897-3-0-0\" class=\"so-panel widget widget_sow-image panel-first-child panel-last-child\" data-index=\"6\" ><div style=\"text-align: left;\" data-title-color=\"#443f3f\" data-headings-color=\"#443f3f\" class=\"panel-widget-style panel-widget-style-for-129897-3-0-0\" ><div\n\t\t\t\n\t\t\tclass=\"so-widget-sow-image so-widget-sow-image-default-c67d20f9f743-129897\"\n\t\t\t\n\t\t><h3 class=\"widget-title\">Susana Camino: \"Miriam\"<\/h3>\n<div class=\"sow-image-container\">\n\t\t\t<a href=\"https:\/\/deutsche-literaturgesellschaft.de\/en\/product\/miriam-camino\/\"\n\t\t\t\t\t>\n\t\t\t<img \n\tsrc=\"https:\/\/deutsche-literaturgesellschaft.de\/wp-content\/uploads\/2017\/08\/Susana-Camino-Deutsche-Literaturgesellschaft-Autorin.png\" width=\"462\" height=\"570\" srcset=\"https:\/\/deutsche-literaturgesellschaft.de\/wp-content\/uploads\/2017\/08\/Susana-Camino-Deutsche-Literaturgesellschaft-Autorin.png 462w, https:\/\/deutsche-literaturgesellschaft.de\/wp-content\/uploads\/2017\/08\/Susana-Camino-Deutsche-Literaturgesellschaft-Autorin-243x300.png 243w, https:\/\/deutsche-literaturgesellschaft.de\/wp-content\/uploads\/2017\/08\/Susana-Camino-Deutsche-Literaturgesellschaft-Autorin-230x284.png 230w, https:\/\/deutsche-literaturgesellschaft.de\/wp-content\/uploads\/2017\/08\/Susana-Camino-Deutsche-Literaturgesellschaft-Autorin-350x432.png 350w\" sizes=\"(max-width: 462px) 100vw, 462px\" title=\"Susana Camino: &quot;Miriam&quot;\" alt=\"Susana Camino Deutsche Literaturgesellschaft Autorin\" \t\tclass=\"so-widget-image\"\/>\n\t\t\t<\/a><\/div>\n\n<\/div><\/div><\/div><\/div><div id=\"pgc-129897-3-1\"  class=\"panel-grid-cell\" ><div id=\"panel-129897-3-1-0\" class=\"so-panel widget widget_sow-editor panel-first-child\" data-index=\"7\" ><div style=\"text-align: left;\" data-title-color=\"#443f3f\" data-headings-color=\"#443f3f\" class=\"panel-widget-style panel-widget-style-for-129897-3-1-0\" ><div\n\t\t\t\n\t\t\tclass=\"so-widget-sow-editor so-widget-sow-editor-base\"\n\t\t\t\n\t\t>\n<div class=\"siteorigin-widget-tinymce textwidget\">\n\t<p><a href=\"https:\/\/deutsche-literaturgesellschaft.de\/en\/product\/das-auto-das-mir-meine-behinderung-genommen-hat-seiler\/\"><img loading=\"lazy\" decoding=\"async\" class=\"wp-image-82067 size-medium alignleft\" src=\"https:\/\/deutsche-literaturgesellschaft.de\/wp-content\/uploads\/2021\/09\/3D-Seiler-300x300.png\" alt=\"\" width=\"300\" height=\"300\" srcset=\"https:\/\/deutsche-literaturgesellschaft.de\/wp-content\/uploads\/2021\/09\/3D-Seiler-300x300.png 300w, https:\/\/deutsche-literaturgesellschaft.de\/wp-content\/uploads\/2021\/09\/3D-Seiler-420x420.png 420w, https:\/\/deutsche-literaturgesellschaft.de\/wp-content\/uploads\/2021\/09\/3D-Seiler-100x100.png 100w, https:\/\/deutsche-literaturgesellschaft.de\/wp-content\/uploads\/2021\/09\/3D-Seiler-800x800.png 800w, https:\/\/deutsche-literaturgesellschaft.de\/wp-content\/uploads\/2021\/09\/3D-Seiler-1024x1024.png 1024w, https:\/\/deutsche-literaturgesellschaft.de\/wp-content\/uploads\/2021\/09\/3D-Seiler-150x150.png 150w, https:\/\/deutsche-literaturgesellschaft.de\/wp-content\/uploads\/2021\/09\/3D-Seiler-768x768.png 768w, https:\/\/deutsche-literaturgesellschaft.de\/wp-content\/uploads\/2021\/09\/3D-Seiler-1536x1536.png 1536w, https:\/\/deutsche-literaturgesellschaft.de\/wp-content\/uploads\/2021\/09\/3D-Seiler-2048x2048.png 2048w, https:\/\/deutsche-literaturgesellschaft.de\/wp-content\/uploads\/2021\/09\/3D-Seiler-830x830.png 830w, https:\/\/deutsche-literaturgesellschaft.de\/wp-content\/uploads\/2021\/09\/3D-Seiler-230x230.png 230w, https:\/\/deutsche-literaturgesellschaft.de\/wp-content\/uploads\/2021\/09\/3D-Seiler-350x350.png 350w, https:\/\/deutsche-literaturgesellschaft.de\/wp-content\/uploads\/2021\/09\/3D-Seiler-480x480.png 480w, https:\/\/deutsche-literaturgesellschaft.de\/wp-content\/uploads\/2021\/09\/3D-Seiler-406x406.png 406w, https:\/\/deutsche-literaturgesellschaft.de\/wp-content\/uploads\/2021\/09\/3D-Seiler-1000x1000.png 1000w\" sizes=\"auto, (max-width: 300px) 100vw, 300px\" \/><\/a><\/p>\n<h5><\/h5>\n<h5><\/h5>\n<h5>The car that took away my disability (Reiner Seiler)<\/h5>\n<p>\"If you have a goal in mind and a strong ambition, you can achieve a lot in life. No matter where you come from, what education you have or whether you are disabled.\"<\/p>\n<\/div>\n<\/div><\/div><\/div><div id=\"panel-129897-3-1-1\" class=\"so-panel widget widget_sow-editor\" data-index=\"8\" ><div style=\"text-align: left;\" data-title-color=\"#443f3f\" data-headings-color=\"#443f3f\" class=\"panel-widget-style panel-widget-style-for-129897-3-1-1\" ><div\n\t\t\t\n\t\t\tclass=\"so-widget-sow-editor so-widget-sow-editor-base\"\n\t\t\t\n\t\t>\n<div class=\"siteorigin-widget-tinymce textwidget\">\n\t<p><a href=\"https:\/\/deutsche-literaturgesellschaft.de\/en\/product\/hinter-dem-spiegel-settmacher\/\"><img loading=\"lazy\" decoding=\"async\" class=\"wp-image-9087 size-medium alignleft\" src=\"https:\/\/deutsche-literaturgesellschaft.de\/wp-content\/uploads\/2017\/08\/3D-Settmacher-300x300.png\" alt=\"\" width=\"300\" height=\"300\" \/><\/a><\/p>\n<h5><\/h5>\n<p>&nbsp;<\/p>\n<h5>Behind the mirror (Henriette Settmacher)<\/h5>\n<p>If you don't want your friends to die, then stay away from the mirror.<\/p>\n<\/div>\n<\/div><\/div><\/div><div id=\"panel-129897-3-1-2\" class=\"so-panel widget widget_sow-button panel-last-child\" data-index=\"9\" ><div style=\"text-align: left;\" data-title-color=\"#443f3f\" data-headings-color=\"#443f3f\" class=\"panel-widget-style panel-widget-style-for-129897-3-1-2\" ><div\n\t\t\t\n\t\t\tclass=\"so-widget-sow-button so-widget-sow-button-atom-e133839bf4ff-129897\"\n\t\t\t\n\t\t><div class=\"ow-button-base ow-button-align-center\"\n>\n\t\t\t<a\n\t\t\t\t\thref=\"\/en\/shop\/\"\n\t\t\t\t\tclass=\"sowb-button ow-icon-placement-left ow-button-hover\" \t>\n\t\t<span>\n\t\t\t\n\t\t\tTo the book store\t\t<\/span>\n\t\t\t<\/a>\n\t<\/div>\n<\/div><\/div><\/div><\/div><\/div><\/div><div id=\"pg-129897-4\"  class=\"panel-grid panel-has-style\" ><div style=\"padding: 100px 0; \" data-overlay=\"true\" data-overlay-color=\"#000000\" class=\"panel-row-style panel-row-style-for-129897-4\" ><div id=\"pgc-129897-4-0\"  class=\"panel-grid-cell\" ><div id=\"panel-129897-4-0-0\" class=\"widget_text so-panel widget widget_custom_html panel-first-child panel-last-child\" data-index=\"10\" ><div style=\"text-align: left;\" data-title-color=\"#443f3f\" data-headings-color=\"#443f3f\" class=\"widget_text panel-widget-style panel-widget-style-for-129897-4-0-0\" ><div class=\"textwidget custom-html-widget\"><style type=\"text\/css\">\n<\/style><div id=\"feed_dynamic_classfllweculrs_basic\" class=\"fts-instagram-inline-block-centered feed_dynamic_classfllweculrs_basic\"  data-ftsi-columns=\"3\" data-ftsi-columns-tablet=\"2\" data-ftsi-columns-mobile=\"1\" data-ftsi-force-columns=\"\" data-ftsi-margin=\"1px\" data-ftsi-height=\"\">                                                        <div class=\"slicker-instagram-placeholder fts-instagram-wrapper\" style=\"background-image:url('https:\/\/scontent-fra5-2.cdninstagram.com\/v\/t39.30808-6\/768408813_1495134872630614_98973539827723722_n.jpg?stp=dst-jpg_e35_tt6&#038;_nc_cat=107&#038;ccb=7-5&#038;_nc_sid=18de74&#038;efg=eyJlZmdfdGFnIjoiRkVFRC5iZXN0X2ltYWdlX3VybGdlbi5DMiJ9&#038;_nc_ohc=tbTnMSX-fdQQ7kNvwEoQYAk&#038;_nc_oc=AdrEhB7ON3xzPMYmw7kqhZmALbUnQNKjWfsV5U8giO0SOphSfMqyL0GY_eBNAVh2thgIVuDziizr68hYrLWRTOdF&#038;_nc_zt=23&#038;_nc_ht=scontent-fra5-2.cdninstagram.com&#038;edm=ANQ71j8EAAAA&#038;_nc_gid=9dRoKid1cvayLoT60-6d1w&#038;_nc_tpa=Q5bMBQKXZ-f8sbhY6ZueivmrZ_vv5FeBx0cW11tvE05EdCkv4hC325HyCVcRV-nOno3biOXTSohuMMRl&#038;oh=00_AQKGh15z-aOfzWGekcczjNKVBvNceDyEpCwZXG_2z3kN3A&#038;oe=6A9BD964')\">\n                                            <a href=\"https:\/\/www.instagram.com\/p\/DcHKg2EDLVI\/\" title=\"What does it mean to think, to believe, to love\u2014and to be human? In *I Am, Therefore I Think*, Michael J\u00e4ger combines philosophical reflections with poetic observations on life, freedom, love, doubt, and the search for meaning.A book for people who aren\u2019t satisfied with simple answers. For everyone who wants to pause, question, and give their own thoughts some space. A book about being, thinking, and what lies beyond. \ud83d\udcd6 Michael J\u00e4ger \u2013 I Am, Therefore I Think When Mephisto died, God Went to the Psychiatrist#IamThereforeIThink #MichaelJ\u00e4ger #Philosophy #Literature #Thoughts #Reflection #MeaningOfLife #PoeticThoughts #LoveOfBooks #RecommendedRead #BookInspiration\" target=\"_blank\" rel=\"noreferrer noopener\" class=\"fts-instagram-link-target fts-slicker-backg                         fts-instagram-img-link\" style=\"height:65px !important; width:65px; line-height:65px; font-size:65px;\"><span class=\"fts-instagram-icon\" style=\"height:65px; width:65px; line-height:65px; font-size:65px;\"><\/span><\/a>\n                        \n                        <div class='slicker-date'>\n\n                            <div class=\"fts-insta-date-popup-grab\">\n                            16\/08\/2026 @ 21:00                            <\/div>\n                        <\/div>\n                    <div class='slicker-instaG-backg-link'>\n\n                        <div class='slicker-instaG-photoshadow'><\/div>\n                    <\/div>\n                        <div class=\"fts-insta-likes-comments-grab-popup\">\n\n                            <div class=\"fts-share-wrap\"><a href=\"javascript:;\" class=\"ft-gallery-link-popup\" title=\"Social Share Options\"><\/a><div class=\"ft-gallery-share-wrap\"><a href=\"https:\/\/www.facebook.com\/sharer\/sharer.php?u=https:\/\/www.instagram.com\/p\/DcHKg2EDLVI\/\" target=\"_blank\" rel=\"noreferrer noopener\" class=\"ft-galleryfacebook-icon\" title=\"Share this post on Facebook\"><i class=\"fa fa-facebook-square\"><\/i><\/a><a href=\"https:\/\/twitter.com\/intent\/tweet?text=https:\/\/www.instagram.com\/p\/DcHKg2EDLVI\/+Was bedeutet es, zu denken, zu glauben, zu lieben \u2013 und Mensch zu sein?In \u201eIch bin, also denke ich\u201c verbindet Michael J\u00e4ger philosophische Gedanken mit poetischen Beobachtungen \u00fcber Leben, Freiheit, Liebe, Zweifel und die Suche nach Sinn.Ein Buch f\u00fcr Menschen, die sich mit einfachen Antworten nicht zufriedengeben.F\u00fcr alle, die innehalten, hinterfragen und den eigenen Gedanken Raum geben m\u00f6chten.Ein Buch \u00fcber das Sein, das Denken und das, was dar\u00fcber hinausgeht.\ud83d\udcd6 Michael J\u00e4ger \u2013 Ich bin, also denke ichAls Mephisto starb, ging Gott zum Psychiater#IchBinAlsoDenkeIch #MichaelJ\u00e4ger #Philosophie #Literatur #Gedanken #Nachdenken #SinnDesLebens #PoetischeGedanken #B\u00fccherliebe #Lesetipp #BuchInspiration\" target=\"_blank\" rel=\"noreferrer noopener\" class=\"ft-gallerytwitter-icon\" title=\"Share this post on Twitter\"><i class=\"fa fa-twitter\"><\/i><\/a><a href=\"https:\/\/www.linkedin.com\/shareArticle?mini=true&amp;url=https:\/\/www.instagram.com\/p\/DcHKg2EDLVI\/\" target=\"_blank\" rel=\"noreferrer noopener\" class=\"ft-gallerylinkedin-icon\" title=\"Share this post on Linkedin\"><i class=\"fa fa-linkedin\"><\/i><\/a><a href=\"mailto:?subject=Shared Link&amp;body=https:\/\/www.instagram.com\/p\/DcHKg2EDLVI\/ - Was bedeutet es, zu denken, zu glauben, zu lieben \u2013 und Mensch zu sein?In \u201eIch bin, also denke ich\u201c verbindet Michael J\u00e4ger philosophische Gedanken mit poetischen Beobachtungen \u00fcber Leben, Freiheit, Liebe, Zweifel und die Suche nach Sinn.Ein Buch f\u00fcr Menschen, die sich mit einfachen Antworten nicht zufriedengeben.F\u00fcr alle, die innehalten, hinterfragen und den eigenen Gedanken Raum geben m\u00f6chten.Ein Buch \u00fcber das Sein, das Denken und das, was dar\u00fcber hinausgeht.\ud83d\udcd6 Michael J\u00e4ger \u2013 Ich bin, also denke ichAls Mephisto starb, ging Gott zum Psychiater#IchBinAlsoDenkeIch #MichaelJ\u00e4ger #Philosophie #Literatur #Gedanken #Nachdenken #SinnDesLebens #PoetischeGedanken #B\u00fccherliebe #Lesetipp #BuchInspiration\" target=\"_blank\" rel=\"noreferrer\" class=\"ft-galleryemail-icon\" title=\"Share this post in your email\"><i class=\"fa fa-envelope\"><\/i><\/a><\/div><\/div>                        <\/div>\n                <\/div>\n                                                                            <div class=\"slicker-instagram-placeholder fts-instagram-wrapper\" style=\"background-image:url('https:\/\/scontent-fra3-1.cdninstagram.com\/v\/t39.30808-6\/772894252_1493340336143401_5310917049783059354_n.jpg?stp=dst-jpg_e35_tt6&#038;_nc_cat=105&#038;ccb=7-5&#038;_nc_sid=18de74&#038;efg=eyJlZmdfdGFnIjoiRkVFRC5iZXN0X2ltYWdlX3VybGdlbi5DMyJ9&#038;_nc_ohc=fyADkc_ZzSAQ7kNvwFynr8B&#038;_nc_oc=AdruFIHG-EUsiW1yU1Ck2-1KXnaK5wJUj-AvC6Tpqwr5GRuUO1Z5FyZSKjJp_jXCriM5mGVs31Qj50GbUmgH5YVV&#038;_nc_zt=23&#038;_nc_ht=scontent-fra3-1.cdninstagram.com&#038;edm=ANQ71j8EAAAA&#038;_nc_gid=QEisi8AWoiZCW44PdH4e0Q&#038;_nc_tpa=Q5bMBQLscFUVZPCDiXCNOwA7kHGfOjGWBRw16-uv2cMYtjwOlj6J00LR1Ruw-gM4_JgxNn5MPYSmPlPZ&#038;oh=00_AQI2TouUfUnJIBThd9Vfpbw_UvqvD0lg9dbu_cXFFPAiOg&#038;oe=6A9BEBEC')\">\n                                            <a href=\"https:\/\/www.instagram.com\/p\/DcCA6VLjMCw\/\" title=\"Colors can do more than just shine. \ud83c\udfa8 Words can do more than just tell a story. Sometimes they touch us right where we need a little reminder, a new thought, or a bit of courage. \u2728 \u201eThe Poetry of Colors\u201c by Nancy R\u00e4der combines personal writings, reflections, and poetry with colorful works of art. A book about emotions, joy of life, love, change, trust, and the courage to follow your own path.\ud83d\udcd6 The Poetry of Colors \u2013 Silberwind\u270d\ufe0f Nancy R\u00e4derAvailable wherever books are sold\u2014and, of course, right here with us!#ThePoetryOfColors #NancyR\u00e4der #Silberwind #BookLove #Poetry #Inspiration #ThoughtsForTheSoul #WordsThatTouch #LifeJoyOfLife #ArtAndPoetry #BookRecommendation #NewRelease\" target=\"_blank\" rel=\"noreferrer noopener\" class=\"fts-instagram-link-target fts-slicker-backg                         fts-instagram-img-link\" style=\"height:65px !important; width:65px; line-height:65px; font-size:65px;\"><span class=\"fts-instagram-icon\" style=\"height:65px; width:65px; line-height:65px; font-size:65px;\"><\/span><\/a>\n                        \n                        <div class='slicker-date'>\n\n                            <div class=\"fts-insta-date-popup-grab\">\n                            14\/08\/2026 @ 21:00                            <\/div>\n                        <\/div>\n                    <div class='slicker-instaG-backg-link'>\n\n                        <div class='slicker-instaG-photoshadow'><\/div>\n                    <\/div>\n                        <div class=\"fts-insta-likes-comments-grab-popup\">\n\n                            <div class=\"fts-share-wrap\"><a href=\"javascript:;\" class=\"ft-gallery-link-popup\" title=\"Social Share Options\"><\/a><div class=\"ft-gallery-share-wrap\"><a href=\"https:\/\/www.facebook.com\/sharer\/sharer.php?u=https:\/\/www.instagram.com\/p\/DcCA6VLjMCw\/\" target=\"_blank\" rel=\"noreferrer noopener\" class=\"ft-galleryfacebook-icon\" title=\"Share this post on Facebook\"><i class=\"fa fa-facebook-square\"><\/i><\/a><a href=\"https:\/\/twitter.com\/intent\/tweet?text=https:\/\/www.instagram.com\/p\/DcCA6VLjMCw\/+Farben k\u00f6nnen mehr als leuchten. \ud83c\udfa8Worte k\u00f6nnen mehr als erz\u00e4hlen.Manchmal ber\u00fchren sie genau dort, wo wir gerade eine kleine Erinnerung, einen neuen Gedanken oder etwas Mut brauchen. \u2728\u201eDie Poesie der Farben\u201c von Nancy R\u00e4der verbindet pers\u00f6nliche Texte, Gedanken und Poesie mit farbenreichen Kunstwerken. Ein Buch \u00fcber Gef\u00fchle, Lebensfreude, Liebe, Ver\u00e4nderung, Vertrauen und den Mut, den eigenen Weg zu gehen.\ud83d\udcd6 Die Poesie der Farben \u2013 Silberwind\u270d\ufe0f Nancy R\u00e4der\u00dcberall, wo es B\u00fccher gibt und nat\u00fcrlich direkt bei uns!#DiePoesieDerFarben #NancyR\u00e4der #Silberwind #Buchliebe #Poesie #Inspiration #GedankenF\u00fcrDieSeele #WorteDieBer\u00fchren #Lebensfreude #KunstUndPoesie #Buchtipp #Neuerscheinung\" target=\"_blank\" rel=\"noreferrer noopener\" class=\"ft-gallerytwitter-icon\" title=\"Share this post on Twitter\"><i class=\"fa fa-twitter\"><\/i><\/a><a href=\"https:\/\/www.linkedin.com\/shareArticle?mini=true&amp;url=https:\/\/www.instagram.com\/p\/DcCA6VLjMCw\/\" target=\"_blank\" rel=\"noreferrer noopener\" class=\"ft-gallerylinkedin-icon\" title=\"Share this post on Linkedin\"><i class=\"fa fa-linkedin\"><\/i><\/a><a href=\"mailto:?subject=Shared Link&amp;body=https:\/\/www.instagram.com\/p\/DcCA6VLjMCw\/ - Farben k\u00f6nnen mehr als leuchten. \ud83c\udfa8Worte k\u00f6nnen mehr als erz\u00e4hlen.Manchmal ber\u00fchren sie genau dort, wo wir gerade eine kleine Erinnerung, einen neuen Gedanken oder etwas Mut brauchen. \u2728\u201eDie Poesie der Farben\u201c von Nancy R\u00e4der verbindet pers\u00f6nliche Texte, Gedanken und Poesie mit farbenreichen Kunstwerken. Ein Buch \u00fcber Gef\u00fchle, Lebensfreude, Liebe, Ver\u00e4nderung, Vertrauen und den Mut, den eigenen Weg zu gehen.\ud83d\udcd6 Die Poesie der Farben \u2013 Silberwind\u270d\ufe0f Nancy R\u00e4der\u00dcberall, wo es B\u00fccher gibt und nat\u00fcrlich direkt bei uns!#DiePoesieDerFarben #NancyR\u00e4der #Silberwind #Buchliebe #Poesie #Inspiration #GedankenF\u00fcrDieSeele #WorteDieBer\u00fchren #Lebensfreude #KunstUndPoesie #Buchtipp #Neuerscheinung\" target=\"_blank\" rel=\"noreferrer\" class=\"ft-galleryemail-icon\" title=\"Share this post in your email\"><i class=\"fa fa-envelope\"><\/i><\/a><\/div><\/div>                        <\/div>\n                <\/div>\n                                                                            <div class=\"slicker-instagram-placeholder fts-instagram-wrapper\" style=\"background-image:url('https:\/\/scontent-fra5-2.cdninstagram.com\/v\/t39.30808-6\/771909502_1492435222900579_699649025072767007_n.jpg?stp=dst-jpg_e35_tt6&#038;_nc_cat=106&#038;ccb=7-5&#038;_nc_sid=18de74&#038;efg=eyJlZmdfdGFnIjoiRkVFRC5iZXN0X2ltYWdlX3VybGdlbi5DMyJ9&#038;_nc_ohc=bfDtRlA0jIAQ7kNvwG2gE9O&#038;_nc_oc=Ado14jkcPpKH4Vf2nWnHRtK4oBSuOQiSKzQrrkpFe9HHWIQyqabZLeQ8r8tphEGM5Yk4kI5McFJI9gJp_610YtEe&#038;_nc_zt=23&#038;_nc_ht=scontent-fra5-2.cdninstagram.com&#038;edm=ANQ71j8EAAAA&#038;_nc_gid=I-SSXeY43dsIU5no1jAueA&#038;_nc_tpa=Q5bMBQLCVoU6bp1T3Zj5YFDDjZB6Qqixf9Qukbom6YtLuswdZhi1446cA3rhYPggBNY6kCrez_iPy2Z-&#038;oh=00_AQKaaXK8w_KCBpjwGU2gYzsbq3P6IFx48-Tw3x4fUKIDzA&#038;oe=6A9BE38B')\">\n                                            <a href=\"https:\/\/www.instagram.com\/p\/Db3SQ1DEctb\/\" title=\"\ud83c\udf12 SOLAR ECLIPSE OVER BERLIN \u2600\ufe0f On Wednesday, it\u2019ll be worth it for all of us to look up at the Berlin evening sky: We\u2019ll finally be able to watch a partial solar eclipse again! If the weather cooperates \ud83e\udd1e, you should start watching the sun at 7 p.m.!\u26a0\ufe0f Important: Don\u2019t look directly at the sun without protection\u2014be sure to use proper solar eclipse glasses. We\u2019re definitely on fire \ud83d\udd25\u2014who else????#SolarEclipse #SolarEclipse2026 #Berlin #Berlin2026 #Eclipse #SolarEclipse #SkyOverBerlin #Astronomy #BerlinExperience #NaturalSpectacle\" target=\"_blank\" rel=\"noreferrer noopener\" class=\"fts-instagram-link-target fts-slicker-backg                         fts-instagram-img-link\" style=\"height:65px !important; width:65px; line-height:65px; font-size:65px;\"><span class=\"fts-instagram-icon\" style=\"height:65px; width:65px; line-height:65px; font-size:65px;\"><\/span><\/a>\n                        \n                        <div class='slicker-date'>\n\n                            <div class=\"fts-insta-date-popup-grab\">\n                            10\/08\/2026 @ 17:00                            <\/div>\n                        <\/div>\n                    <div class='slicker-instaG-backg-link'>\n\n                        <div class='slicker-instaG-photoshadow'><\/div>\n                    <\/div>\n                        <div class=\"fts-insta-likes-comments-grab-popup\">\n\n                            <div class=\"fts-share-wrap\"><a href=\"javascript:;\" class=\"ft-gallery-link-popup\" title=\"Social Share Options\"><\/a><div class=\"ft-gallery-share-wrap\"><a href=\"https:\/\/www.facebook.com\/sharer\/sharer.php?u=https:\/\/www.instagram.com\/p\/Db3SQ1DEctb\/\" target=\"_blank\" rel=\"noreferrer noopener\" class=\"ft-galleryfacebook-icon\" title=\"Share this post on Facebook\"><i class=\"fa fa-facebook-square\"><\/i><\/a><a href=\"https:\/\/twitter.com\/intent\/tweet?text=https:\/\/www.instagram.com\/p\/Db3SQ1DEctb\/+\ud83c\udf12 SONNENFINSTERNIS \u00dcBER BERLIN \u2600\ufe0fAm Mittwoch lohnt sich f\u00fcr uns alle der Blick in den Berliner Abendhimmel: Endlich k\u00f6nnen wir wieder eine partielle Sonnenfinsternis beobachten!Wenn das Wetter mitspielt \ud83e\udd1e, solltet ihr ab 19 Uhr die Sonne beobachten!\u26a0\ufe0f Wichtig: Schaut nicht direkt und ungesch\u00fctzt in die Sonne, sondern verwendet eine geeignete Sonnenfinsternis-Brille.Wir sind auf jeden Fall on fire \ud83d\udd25 \u2013 wer noch????#Sonnenfinsternis #Sonnenfinsternis2026 #Berlin #Berlin2026 #Eclipse #SolarEclipse #Himmel\u00dcberBerlin #Astronomie #BerlinErleben #Naturschauspiel\" target=\"_blank\" rel=\"noreferrer noopener\" class=\"ft-gallerytwitter-icon\" title=\"Share this post on Twitter\"><i class=\"fa fa-twitter\"><\/i><\/a><a href=\"https:\/\/www.linkedin.com\/shareArticle?mini=true&amp;url=https:\/\/www.instagram.com\/p\/Db3SQ1DEctb\/\" target=\"_blank\" rel=\"noreferrer noopener\" class=\"ft-gallerylinkedin-icon\" title=\"Share this post on Linkedin\"><i class=\"fa fa-linkedin\"><\/i><\/a><a href=\"mailto:?subject=Shared Link&amp;body=https:\/\/www.instagram.com\/p\/Db3SQ1DEctb\/ - \ud83c\udf12 SONNENFINSTERNIS \u00dcBER BERLIN \u2600\ufe0fAm Mittwoch lohnt sich f\u00fcr uns alle der Blick in den Berliner Abendhimmel: Endlich k\u00f6nnen wir wieder eine partielle Sonnenfinsternis beobachten!Wenn das Wetter mitspielt \ud83e\udd1e, solltet ihr ab 19 Uhr die Sonne beobachten!\u26a0\ufe0f Wichtig: Schaut nicht direkt und ungesch\u00fctzt in die Sonne, sondern verwendet eine geeignete Sonnenfinsternis-Brille.Wir sind auf jeden Fall on fire \ud83d\udd25 \u2013 wer noch????#Sonnenfinsternis #Sonnenfinsternis2026 #Berlin #Berlin2026 #Eclipse #SolarEclipse #Himmel\u00dcberBerlin #Astronomie #BerlinErleben #Naturschauspiel\" target=\"_blank\" rel=\"noreferrer\" class=\"ft-galleryemail-icon\" title=\"Share this post in your email\"><i class=\"fa fa-envelope\"><\/i><\/a><\/div><\/div>                        <\/div>\n                <\/div>\n                                                                            <div class=\"slicker-instagram-placeholder fts-instagram-wrapper\" style=\"background-image:url('https:\/\/scontent-fra5-1.cdninstagram.com\/v\/t39.30808-6\/769441949_1490774583066643_342701231567725086_n.jpg?stp=dst-jpg_e35_tt6&#038;_nc_cat=102&#038;ccb=7-5&#038;_nc_sid=18de74&#038;efg=eyJlZmdfdGFnIjoiRkVFRC5iZXN0X2ltYWdlX3VybGdlbi5DMyJ9&#038;_nc_ohc=yapinmvN8KYQ7kNvwEMQugt&#038;_nc_oc=AdrfS1k4_W30p44e0E2NRetS_-th3VfXsgyXGfDWtbAVUVQNM-mBp-fEQYEMtzz6iTQdNAU5xN5dlQFbWKgWCMSA&#038;_nc_zt=23&#038;_nc_ht=scontent-fra5-1.cdninstagram.com&#038;edm=ANQ71j8EAAAA&#038;_nc_gid=I5xL-o9hpjxFluvJiTT4Gg&#038;_nc_tpa=Q5bMBQL2RVP4wMRNge0l9AttTUQGjubVLmLNyAILRKmUTj11Oi0A058JumhtN4YQAmj8m-HveEot7j4A&#038;oh=00_AQIPrFXqsWb9Jf4ER1kmJMZvEl45W_V_duAuxiWnL_ab0g&#038;oe=6A9BDC4C')\">\n                                            <a href=\"https:\/\/www.instagram.com\/p\/Dbz3j1MDhC1\/\" title=\"Have a wonderful Sunday! \u2600\ud83e\udd38\ud83d\udc08\ud83d\udcd6\u2728#HappySunday #SundayGreetings #Sunday #SundayFeeling #SundayMood #HappySunday #SundayVibes #Weekend #Weekweekendvibes #Berlin #BerlinLove #BerlinLife #BerlinMoments #BerlinCity #BerlinMitte #VisitBerlin #Spree #LoveForTheCapital #FavoriteCity #TimeForBeautifulThings #BEAUTIFULMoments #EnjoySunday #TimeOut #SlowDown #PositiveThoughts\" target=\"_blank\" rel=\"noreferrer noopener\" class=\"fts-instagram-link-target fts-slicker-backg                         fts-instagram-img-link\" style=\"height:65px !important; width:65px; line-height:65px; font-size:65px;\"><span class=\"fts-instagram-icon\" style=\"height:65px; width:65px; line-height:65px; font-size:65px;\"><\/span><\/a>\n                        \n                        <div class='slicker-date'>\n\n                            <div class=\"fts-insta-date-popup-grab\">\n                            09\/08\/2026 @ 9:09                            <\/div>\n                        <\/div>\n                    <div class='slicker-instaG-backg-link'>\n\n                        <div class='slicker-instaG-photoshadow'><\/div>\n                    <\/div>\n                        <div class=\"fts-insta-likes-comments-grab-popup\">\n\n                            <div class=\"fts-share-wrap\"><a href=\"javascript:;\" class=\"ft-gallery-link-popup\" title=\"Social Share Options\"><\/a><div class=\"ft-gallery-share-wrap\"><a href=\"https:\/\/www.facebook.com\/sharer\/sharer.php?u=https:\/\/www.instagram.com\/p\/Dbz3j1MDhC1\/\" target=\"_blank\" rel=\"noreferrer noopener\" class=\"ft-galleryfacebook-icon\" title=\"Share this post on Facebook\"><i class=\"fa fa-facebook-square\"><\/i><\/a><a href=\"https:\/\/twitter.com\/intent\/tweet?text=https:\/\/www.instagram.com\/p\/Dbz3j1MDhC1\/+Macht euch einen sch\u00f6nen Sonntag! \u2600\ud83e\udd38\ud83d\udc08\ud83d\udcd6\u2728#Sch\u00f6nenSonntag #Sonntagsgr\u00fc\u00dfe #Sonntag #Sonntagsgef\u00fchl #Sonntagsstimmung #HappySunday #SundayVibes #Wochenende #Wochenendgef\u00fchl #Berlin #BerlinLiebe #BerlinLeben #BerlinMomente #BerlinCity #BerlinMitte #VisitBerlin #Spree #Hauptstadtliebe #Lieblingsstadt #ZeitF\u00fcrSch\u00f6neDinge #Sch\u00f6neMomente #Genie\u00dftDenSonntag #Auszeit #Entschleunigung #GuteGedanken\" target=\"_blank\" rel=\"noreferrer noopener\" class=\"ft-gallerytwitter-icon\" title=\"Share this post on Twitter\"><i class=\"fa fa-twitter\"><\/i><\/a><a href=\"https:\/\/www.linkedin.com\/shareArticle?mini=true&amp;url=https:\/\/www.instagram.com\/p\/Dbz3j1MDhC1\/\" target=\"_blank\" rel=\"noreferrer noopener\" class=\"ft-gallerylinkedin-icon\" title=\"Share this post on Linkedin\"><i class=\"fa fa-linkedin\"><\/i><\/a><a href=\"mailto:?subject=Shared Link&amp;body=https:\/\/www.instagram.com\/p\/Dbz3j1MDhC1\/ - Macht euch einen sch\u00f6nen Sonntag! \u2600\ud83e\udd38\ud83d\udc08\ud83d\udcd6\u2728#Sch\u00f6nenSonntag #Sonntagsgr\u00fc\u00dfe #Sonntag #Sonntagsgef\u00fchl #Sonntagsstimmung #HappySunday #SundayVibes #Wochenende #Wochenendgef\u00fchl #Berlin #BerlinLiebe #BerlinLeben #BerlinMomente #BerlinCity #BerlinMitte #VisitBerlin #Spree #Hauptstadtliebe #Lieblingsstadt #ZeitF\u00fcrSch\u00f6neDinge #Sch\u00f6neMomente #Genie\u00dftDenSonntag #Auszeit #Entschleunigung #GuteGedanken\" target=\"_blank\" rel=\"noreferrer\" class=\"ft-galleryemail-icon\" title=\"Share this post in your email\"><i class=\"fa fa-envelope\"><\/i><\/a><\/div><\/div>                        <\/div>\n                <\/div>\n                                                                            <div class=\"slicker-instagram-placeholder fts-instagram-wrapper\" style=\"background-image:url('https:\/\/scontent-fra5-2.cdninstagram.com\/v\/t39.30808-6\/761163541_1483738667103568_419067825051346473_n.jpg?stp=dst-jpg_e35_tt6&#038;_nc_cat=109&#038;ccb=7-5&#038;_nc_sid=18de74&#038;efg=eyJlZmdfdGFnIjoiRkVFRC5iZXN0X2ltYWdlX3VybGdlbi5DMyJ9&#038;_nc_ohc=xTAJoPgR984Q7kNvwHjUEnA&#038;_nc_oc=AdoPif5SK5tdqFmyRUczZK7Sv22FvzlqXhKuM8Hf-3DO7PbUxD3To-gI-_AX9xtPcvH7SqHh5hLGyMR8le0UZCJx&#038;_nc_zt=23&#038;_nc_ht=scontent-fra5-2.cdninstagram.com&#038;edm=ANQ71j8EAAAA&#038;_nc_gid=T-ZD6PRDtxunuHEm9wagwQ&#038;_nc_tpa=Q5bMBQKKakc3IdPqjjD_RLuXvPyNVp0_CRuOsEfD-BQ7XTEVufLvxstFFRPSMriI2uRdf_t2sBXaeEtq&#038;oh=00_AQKYFNuuKrsTc3uC3KYu78bzDncnYnKhY7O7zgXYO_k4Bg&#038;oe=6A9BBF03')\">\n                                            <a href=\"https:\/\/www.instagram.com\/p\/DbvwHmUE6R2\/\" title=\"Headaches, trouble concentrating, difficulties with reading and writing, or rapid fatigue\u2014could these symptoms be related to binocular vision?In his new non-fiction book, Dr. Fritz Gorzny explains in an accessible way what heterophoria is, how it can affect daily life, and what diagnostic and therapeutic options are currently being discussed. The book is aimed at both those affected and professionals in the field, and aims to present the topic in a way that is accessible to everyone.\ud83d\udcd6 A well-researched reading recommendation for anyone who wants to get to the bottom of the causes of visual symptoms.#Non-fiction #Recommended read #Angular strabismus #Binocular vision #Ophthalmology #Optometry #Vision #Health #Specialized book #Book Recommendation\" target=\"_blank\" rel=\"noreferrer noopener\" class=\"fts-instagram-link-target fts-slicker-backg                         fts-instagram-img-link\" style=\"height:65px !important; width:65px; line-height:65px; font-size:65px;\"><span class=\"fts-instagram-icon\" style=\"height:65px; width:65px; line-height:65px; font-size:65px;\"><\/span><\/a>\n                        \n                        <div class='slicker-date'>\n\n                            <div class=\"fts-insta-date-popup-grab\">\n                            07\/08\/2026 @ 18:47                            <\/div>\n                        <\/div>\n                    <div class='slicker-instaG-backg-link'>\n\n                        <div class='slicker-instaG-photoshadow'><\/div>\n                    <\/div>\n                        <div class=\"fts-insta-likes-comments-grab-popup\">\n\n                            <div class=\"fts-share-wrap\"><a href=\"javascript:;\" class=\"ft-gallery-link-popup\" title=\"Social Share Options\"><\/a><div class=\"ft-gallery-share-wrap\"><a href=\"https:\/\/www.facebook.com\/sharer\/sharer.php?u=https:\/\/www.instagram.com\/p\/DbvwHmUE6R2\/\" target=\"_blank\" rel=\"noreferrer noopener\" class=\"ft-galleryfacebook-icon\" title=\"Share this post on Facebook\"><i class=\"fa fa-facebook-square\"><\/i><\/a><a href=\"https:\/\/twitter.com\/intent\/tweet?text=https:\/\/www.instagram.com\/p\/DbvwHmUE6R2\/+Kopfschmerzen, Konzentrationsprobleme, Lese- und Schreibschwierigkeiten oder schnelle Erm\u00fcdung \u2013 k\u00f6nnen solche Beschwerden mit dem beid\u00e4ugigen Sehen zusammenh\u00e4ngen?In seinem neuen Sachbuch erkl\u00e4rt Dr. med. Fritz Gorzny verst\u00e4ndlich, was unter Winkelfehlsichtigkeit zu verstehen ist, wie sie das t\u00e4gliche Leben beeinflussen kann und welche diagnostischen und therapeutischen M\u00f6glichkeiten diskutiert werden. Das Buch richtet sich sowohl an Betroffene als auch an Fachinteressierte und m\u00f6chte das Thema allgemeinverst\u00e4ndlich vermitteln.\ud83d\udcd6 Ein fundierter Lesetipp f\u00fcr alle, die den Ursachen visueller Beschwerden auf den Grund gehen m\u00f6chten.#Sachbuch #Lesetipp #Winkelfehlsichtigkeit #Binokularsehen #Augenheilkunde #Optometrie #Sehen #Gesundheit #Fachbuch #Buchtipp\" target=\"_blank\" rel=\"noreferrer noopener\" class=\"ft-gallerytwitter-icon\" title=\"Share this post on Twitter\"><i class=\"fa fa-twitter\"><\/i><\/a><a href=\"https:\/\/www.linkedin.com\/shareArticle?mini=true&amp;url=https:\/\/www.instagram.com\/p\/DbvwHmUE6R2\/\" target=\"_blank\" rel=\"noreferrer noopener\" class=\"ft-gallerylinkedin-icon\" title=\"Share this post on Linkedin\"><i class=\"fa fa-linkedin\"><\/i><\/a><a href=\"mailto:?subject=Shared Link&amp;body=https:\/\/www.instagram.com\/p\/DbvwHmUE6R2\/ - Kopfschmerzen, Konzentrationsprobleme, Lese- und Schreibschwierigkeiten oder schnelle Erm\u00fcdung \u2013 k\u00f6nnen solche Beschwerden mit dem beid\u00e4ugigen Sehen zusammenh\u00e4ngen?In seinem neuen Sachbuch erkl\u00e4rt Dr. med. Fritz Gorzny verst\u00e4ndlich, was unter Winkelfehlsichtigkeit zu verstehen ist, wie sie das t\u00e4gliche Leben beeinflussen kann und welche diagnostischen und therapeutischen M\u00f6glichkeiten diskutiert werden. Das Buch richtet sich sowohl an Betroffene als auch an Fachinteressierte und m\u00f6chte das Thema allgemeinverst\u00e4ndlich vermitteln.\ud83d\udcd6 Ein fundierter Lesetipp f\u00fcr alle, die den Ursachen visueller Beschwerden auf den Grund gehen m\u00f6chten.#Sachbuch #Lesetipp #Winkelfehlsichtigkeit #Binokularsehen #Augenheilkunde #Optometrie #Sehen #Gesundheit #Fachbuch #Buchtipp\" target=\"_blank\" rel=\"noreferrer\" class=\"ft-galleryemail-icon\" title=\"Share this post in your email\"><i class=\"fa fa-envelope\"><\/i><\/a><\/div><\/div>                        <\/div>\n                <\/div>\n                                                                            <div class=\"slicker-instagram-placeholder fts-instagram-wrapper\" style=\"background-image:url('https:\/\/scontent-fra3-2.cdninstagram.com\/v\/t39.30808-6\/758543345_1481243654019736_5363454852367185906_n.jpg?stp=dst-jpg_e35_tt6&#038;_nc_cat=111&#038;ccb=7-5&#038;_nc_sid=18de74&#038;efg=eyJlZmdfdGFnIjoiRkVFRC5iZXN0X2ltYWdlX3VybGdlbi5DMyJ9&#038;_nc_ohc=g9eTm1mJSeEQ7kNvwHd0j3r&#038;_nc_oc=Adrocqtz_QmxRwzRZSdJPdwzUffgfS__pf5EE44d7WXve-3__lAhseie1cj9EkbaEveQvNz5KkT_k7tzf8VEE9Wn&#038;_nc_zt=23&#038;_nc_ht=scontent-fra3-2.cdninstagram.com&#038;edm=ANQ71j8EAAAA&#038;_nc_gid=TkjBRjd9ueDqVbo24xaaxw&#038;_nc_tpa=Q5bMBQIPtsb0MmRHOHixbGaRla7KgxjRQFKxvypZ6-XWKUXxMF7Fv54dYsi_giyXK1E8aC1RcreEi7CT&#038;oh=00_AQKhXa_855DrBqzyNt529O6OhsGhgIxCgPPcHHzi14GH_A&#038;oe=6A9BBE89')\">\n                                            <a href=\"https:\/\/www.instagram.com\/p\/DbnaCG4jTxy\/\" title=\"\u201e&quot;I Survived the Last Judgment&quot; is a moving autobiographical story about courage, loss, and the longing for home. With great candor, the author recounts her childhood in Somalia, the war, her flight from the country, and life caught between two worlds\u2014and how, despite it all, she managed not to lose hope.This book gives a voice to people whose stories deserve to be heard.\ud83d\udcda Now available in bookstores and online. What life story has touched you deeply recently? Feel free to share it in the comments.#NewRelease #BookRecommendation #Autobiography #TrueStory #Courage #Hope #Home #Somalia #WorthReading #BookLover#NewBook #Literature #BookstagramGermany #NowAvailable #QaaliSchmidtS\u00f8rensen\" target=\"_blank\" rel=\"noreferrer noopener\" class=\"fts-instagram-link-target fts-slicker-backg                         fts-instagram-img-link\" style=\"height:65px !important; width:65px; line-height:65px; font-size:65px;\"><span class=\"fts-instagram-icon\" style=\"height:65px; width:65px; line-height:65px; font-size:65px;\"><\/span><\/a>\n                        \n                        <div class='slicker-date'>\n\n                            <div class=\"fts-insta-date-popup-grab\">\n                            04\/08\/2026 @ 13:00                            <\/div>\n                        <\/div>\n                    <div class='slicker-instaG-backg-link'>\n\n                        <div class='slicker-instaG-photoshadow'><\/div>\n                    <\/div>\n                        <div class=\"fts-insta-likes-comments-grab-popup\">\n\n                            <div class=\"fts-share-wrap\"><a href=\"javascript:;\" class=\"ft-gallery-link-popup\" title=\"Social Share Options\"><\/a><div class=\"ft-gallery-share-wrap\"><a href=\"https:\/\/www.facebook.com\/sharer\/sharer.php?u=https:\/\/www.instagram.com\/p\/DbnaCG4jTxy\/\" target=\"_blank\" rel=\"noreferrer noopener\" class=\"ft-galleryfacebook-icon\" title=\"Share this post on Facebook\"><i class=\"fa fa-facebook-square\"><\/i><\/a><a href=\"https:\/\/twitter.com\/intent\/tweet?text=https:\/\/www.instagram.com\/p\/DbnaCG4jTxy\/+\u201eIch habe das J\u00fcngste Gericht \u00fcberlebt\u201c ist eine bewegende autobiografische Geschichte \u00fcber Mut, Verlust und die Sehnsucht nach Heimat. Mit gro\u00dfer Offenheit erz\u00e4hlt die Autorin von ihrer Kindheit in Somalia, von Krieg, Flucht und dem Leben zwischen zwei Welten \u2013 und davon, trotz allem die Hoffnung nicht zu verlieren.Dieses Buch gibt Menschen eine Stimme, deren Geschichte geh\u00f6rt werden sollte.\ud83d\udcda Jetzt im Buchhandel und online erh\u00e4ltlich.Welche Lebensgeschichte hat dich zuletzt nachhaltig ber\u00fchrt? Schreib es gerne in die Kommentare.#Neuerscheinung #Buchtipp #Autobiografie #WahreGeschichte #Mut #Hoffnung #Heimat #Somalia #Lesenswert #B\u00fccherliebe #Buchneuheit #Literatur #BookstagramDeutschland #JetztErh\u00e4ltlich #QaaliSchmidtS\u00f8rensen\" target=\"_blank\" rel=\"noreferrer noopener\" class=\"ft-gallerytwitter-icon\" title=\"Share this post on Twitter\"><i class=\"fa fa-twitter\"><\/i><\/a><a href=\"https:\/\/www.linkedin.com\/shareArticle?mini=true&amp;url=https:\/\/www.instagram.com\/p\/DbnaCG4jTxy\/\" target=\"_blank\" rel=\"noreferrer noopener\" class=\"ft-gallerylinkedin-icon\" title=\"Share this post on Linkedin\"><i class=\"fa fa-linkedin\"><\/i><\/a><a href=\"mailto:?subject=Shared Link&amp;body=https:\/\/www.instagram.com\/p\/DbnaCG4jTxy\/ - \u201eIch habe das J\u00fcngste Gericht \u00fcberlebt\u201c ist eine bewegende autobiografische Geschichte \u00fcber Mut, Verlust und die Sehnsucht nach Heimat. Mit gro\u00dfer Offenheit erz\u00e4hlt die Autorin von ihrer Kindheit in Somalia, von Krieg, Flucht und dem Leben zwischen zwei Welten \u2013 und davon, trotz allem die Hoffnung nicht zu verlieren.Dieses Buch gibt Menschen eine Stimme, deren Geschichte geh\u00f6rt werden sollte.\ud83d\udcda Jetzt im Buchhandel und online erh\u00e4ltlich.Welche Lebensgeschichte hat dich zuletzt nachhaltig ber\u00fchrt? Schreib es gerne in die Kommentare.#Neuerscheinung #Buchtipp #Autobiografie #WahreGeschichte #Mut #Hoffnung #Heimat #Somalia #Lesenswert #B\u00fccherliebe #Buchneuheit #Literatur #BookstagramDeutschland #JetztErh\u00e4ltlich #QaaliSchmidtS\u00f8rensen\" target=\"_blank\" rel=\"noreferrer\" class=\"ft-galleryemail-icon\" title=\"Share this post in your email\"><i class=\"fa fa-envelope\"><\/i><\/a><\/div><\/div>                        <\/div>\n                <\/div>\n                    <\/div>                                        <script>\n                    \/\/ This needs to load here below the feed to load properly for\n                    \/\/ Elementor page preview, and also some types of tabs that use js to load.\n                    document.addEventListener(\"DOMContentLoaded\", function(event) {\n                        if (typeof slickremixImageResizing === 'function') {\n                            slickremixImageResizing();\n                        }\n                        if (typeof ftsShare === 'function') {\n                            ftsShare();\n                        }\n                    });\n                <\/script>\n                <\/div><\/div><\/div><\/div><\/div><\/div><div id=\"pg-129897-5\"  class=\"panel-grid panel-has-style\" ><div class=\"siteorigin-panels-stretch panel-row-style panel-row-style-for-129897-5\" style=\"color: #f2f2f2;background-image: url(https:\/\/deutsche-literaturgesellschaft.de\/wp-content\/uploads\/2017\/08\/leidenschaft-dlg-verlag.jpg);padding: 100px 0; \" data-stretch-type=\"full\" data-hascolor=\"hascolor\" data-hasbg=\"hasbg\" data-overlay=\"true\" data-overlay-color=\"#0c0a0a\" ><div id=\"pgc-129897-5-0\"  class=\"panel-grid-cell\" ><div id=\"panel-129897-5-0-0\" class=\"so-panel widget widget_sow-editor panel-first-child\" data-index=\"11\" ><div style=\"text-align: center;\" data-title-color=\"#ffffff\" data-headings-color=\"#ffffff\" class=\"panel-widget-style panel-widget-style-for-129897-5-0-0\" ><div\n\t\t\t\n\t\t\tclass=\"so-widget-sow-editor so-widget-sow-editor-base\"\n\t\t\t\n\t\t><h3 class=\"widget-title\">Our passion<\/h3>\n<div class=\"siteorigin-widget-tinymce textwidget\">\n\t<div class=\"siteorigin-widget-tinymce textwidget\">\n<div class=\"siteorigin-widget-tinymce textwidget\">\n<div class=\"siteorigin-widget-tinymce textwidget\">\n<div class=\"siteorigin-widget-tinymce textwidget\">\n<h4 style=\"text-align: center;\">The production of a beautifully crafted book.&nbsp;<\/h4>\n<p style=\"text-align: center;\">We select the best and most valuable manuscripts from the more than 400 submitted each month, <br \/>to create a beautiful book from them with passion and heart and soul. <br \/>Each work is unique and is looked after and maintained by us for years.<\/p>\n<\/div>\n<\/div>\n<\/div>\n<\/div>\n<\/div>\n<\/div><\/div><\/div><div id=\"panel-129897-5-0-1\" class=\"so-panel widget widget_sow-button panel-last-child\" data-index=\"12\" ><div style=\"text-align: center;\" data-title-color=\"#443f3f\" data-headings-color=\"#443f3f\" class=\"panel-widget-style panel-widget-style-for-129897-5-0-1\" ><div\n\t\t\t\n\t\t\tclass=\"so-widget-sow-button so-widget-sow-button-atom-f5658b762b4a-129897\"\n\t\t\t\n\t\t><div class=\"ow-button-base ow-button-align-center\"\n>\n\t\t\t<a\n\t\t\t\t\thref=\"\/en\/einblick-in-unsere-buchmanufaktur\/\"\n\t\t\t\t\tclass=\"sowb-button ow-icon-placement-left ow-button-hover\" \t>\n\t\t<span>\n\t\t\t\n\t\t\tInsight into our book manufactory\t\t<\/span>\n\t\t\t<\/a>\n\t<\/div>\n<\/div><\/div><\/div><\/div><\/div><\/div><div id=\"pg-129897-6\"  class=\"panel-grid panel-has-style\" ><div class=\"siteorigin-panels-stretch panel-row-style panel-row-style-for-129897-6\" style=\"color: #726057;padding: 100px 0; \" data-stretch-type=\"full\" data-hascolor=\"hascolor\" data-overlay=\"true\" data-overlay-color=\"#2b2b2b\" ><div id=\"pgc-129897-6-0\"  class=\"panel-grid-cell\" ><div id=\"panel-129897-6-0-0\" class=\"so-panel widget widget_sow-editor panel-first-child\" data-index=\"13\" ><div style=\"text-align: center;\" data-title-color=\"#726057\" data-headings-color=\"#726057\" class=\"panel-widget-style panel-widget-style-for-129897-6-0-0\" ><div\n\t\t\t\n\t\t\tclass=\"so-widget-sow-editor so-widget-sow-editor-base\"\n\t\t\t\n\t\t><h3 class=\"widget-title\">For the people who are important to us<\/h3>\n<div class=\"siteorigin-widget-tinymce textwidget\">\n\t<div class=\"siteorigin-widget-tinymce textwidget\">\n<div class=\"siteorigin-widget-tinymce textwidget\">\n<div class=\"siteorigin-widget-tinymce textwidget\">\n<div class=\"siteorigin-widget-tinymce textwidget\">\n<h4 style=\"text-align: center;\">Personal author support<\/h4>\n<p style=\"text-align: center;\"><span style=\"color: #726057;\">We accompany you personally through your book project - even after publication. <\/span><br \/>\n<span style=\"color: #726057;\">It is the encounters with authors that make our work so valuable.<\/span><br \/>\n<span style=\"color: #726057;\">Become part of our community:<\/span><\/p>\n<\/div>\n<\/div>\n<\/div>\n<\/div>\n<\/div>\n<\/div><\/div><\/div><div id=\"panel-129897-6-0-1\" class=\"so-panel widget widget_sow-button panel-last-child\" data-index=\"14\" ><div style=\"text-align: center;\" data-title-color=\"#443f3f\" data-headings-color=\"#443f3f\" class=\"panel-widget-style panel-widget-style-for-129897-6-0-1\" ><div\n\t\t\t\n\t\t\tclass=\"so-widget-sow-button so-widget-sow-button-atom-f5658b762b4a-129897\"\n\t\t\t\n\t\t><div class=\"ow-button-base ow-button-align-center\"\n>\n\t\t\t<a\n\t\t\t\t\thref=\"\/en\/buch-veroeffentlichen\/\"\n\t\t\t\t\tclass=\"sowb-button ow-icon-placement-left ow-button-hover\" \t>\n\t\t<span>\n\t\t\t\n\t\t\tSend us your manuscript\t\t<\/span>\n\t\t\t<\/a>\n\t<\/div>\n<\/div><\/div><\/div><\/div><\/div><\/div><div id=\"pg-129897-7\"  class=\"panel-grid panel-has-style\" ><div class=\"siteorigin-panels-stretch panel-row-style panel-row-style-for-129897-7\" style=\"border-bottom: 1px solid #353535;background-image: url(https:\/\/deutsche-literaturgesellschaft.de\/wp-content\/uploads\/2017\/11\/Marketing-Self-Publishing-Bu\u0308cher.jpg);padding: 100px 0; \" data-stretch-type=\"full\" data-hasbg=\"hasbg\" data-overlay=\"true\" data-overlay-color=\"#000000\" ><div id=\"pgc-129897-7-0\"  class=\"panel-grid-cell\" ><div id=\"panel-129897-7-0-0\" class=\"so-panel widget widget_sow-editor panel-first-child\" data-index=\"15\" ><div style=\"text-align: left;\" data-title-color=\"#e0e0e0\" data-headings-color=\"#e0e0e0\" class=\"panel-widget-style panel-widget-style-for-129897-7-0-0\" ><div\n\t\t\t\n\t\t\tclass=\"so-widget-sow-editor so-widget-sow-editor-base\"\n\t\t\t\n\t\t>\n<div class=\"siteorigin-widget-tinymce textwidget\">\n\t<h3 style=\"text-align: center;\">How TV, radio, press &amp; bloggers report<br \/>about us and our authors<\/h3>\n<\/div>\n<\/div><\/div><\/div><div id=\"panel-129897-7-0-1\" class=\"so-panel widget widget_sow-button\" data-index=\"16\" ><div style=\"text-align: center;\" data-title-color=\"#443f3f\" data-headings-color=\"#443f3f\" class=\"panel-widget-style panel-widget-style-for-129897-7-0-1\" ><div\n\t\t\t\n\t\t\tclass=\"so-widget-sow-button so-widget-sow-button-atom-f5658b762b4a-129897\"\n\t\t\t\n\t\t><div class=\"ow-button-base ow-button-align-center\"\n>\n\t\t\t<a\n\t\t\t\t\thref=\"\/en\/presse-leserstimmen\/\"\n\t\t\t\t\tclass=\"sowb-button ow-icon-placement-left ow-button-hover\" \t>\n\t\t<span>\n\t\t\t\n\t\t\tPress &amp; reader comments\t\t<\/span>\n\t\t\t<\/a>\n\t<\/div>\n<\/div><\/div><\/div><div id=\"panel-129897-7-0-2\" class=\"so-panel widget widget_media_image panel-last-child\" data-index=\"17\" ><div style=\"text-align: center;\" data-title-color=\"#443f3f\" data-headings-color=\"#443f3f\" class=\"panel-widget-style panel-widget-style-for-129897-7-0-2\" ><img loading=\"lazy\" decoding=\"async\" width=\"1057\" height=\"48\" src=\"https:\/\/deutsche-literaturgesellschaft.de\/wp-content\/uploads\/2017\/08\/Self-Publishing-in-der-Presse.png\" class=\"image wp-image-59  attachment-full size-full\" alt=\"\" style=\"max-width: 100%; height: auto;\" srcset=\"https:\/\/deutsche-literaturgesellschaft.de\/wp-content\/uploads\/2017\/08\/Self-Publishing-in-der-Presse.png 1057w, https:\/\/deutsche-literaturgesellschaft.de\/wp-content\/uploads\/2017\/08\/Self-Publishing-in-der-Presse-800x36.png 800w, https:\/\/deutsche-literaturgesellschaft.de\/wp-content\/uploads\/2017\/08\/Self-Publishing-in-der-Presse-300x14.png 300w, https:\/\/deutsche-literaturgesellschaft.de\/wp-content\/uploads\/2017\/08\/Self-Publishing-in-der-Presse-1024x47.png 1024w, https:\/\/deutsche-literaturgesellschaft.de\/wp-content\/uploads\/2017\/08\/Self-Publishing-in-der-Presse-768x35.png 768w, https:\/\/deutsche-literaturgesellschaft.de\/wp-content\/uploads\/2017\/08\/Self-Publishing-in-der-Presse-830x38.png 830w, https:\/\/deutsche-literaturgesellschaft.de\/wp-content\/uploads\/2017\/08\/Self-Publishing-in-der-Presse-230x10.png 230w, https:\/\/deutsche-literaturgesellschaft.de\/wp-content\/uploads\/2017\/08\/Self-Publishing-in-der-Presse-350x16.png 350w, https:\/\/deutsche-literaturgesellschaft.de\/wp-content\/uploads\/2017\/08\/Self-Publishing-in-der-Presse-480x22.png 480w, https:\/\/deutsche-literaturgesellschaft.de\/wp-content\/uploads\/2017\/08\/Self-Publishing-in-der-Presse-1000x45.png 1000w\" sizes=\"auto, (max-width: 1057px) 100vw, 1057px\" \/><\/div><\/div><\/div><\/div><\/div><\/div>","protected":false},"excerpt":{"rendered":"<p>Wir alle sehnen uns in dieser schnelllebigen Zeit nach etwas Bleibendem. Ist es da nicht erstaunlich, welche Best\u00e4ndigkeit ein Buch hat? Ein [&hellip;]<\/p>\n","protected":false},"author":9,"featured_media":0,"parent":0,"menu_order":0,"comment_status":"closed","ping_status":"closed","template":"page-templates\/page_fullwidth.php","meta":{"footnotes":""},"class_list":["post-129897","page","type-page","status-publish","hentry"],"_links":{"self":[{"href":"https:\/\/deutsche-literaturgesellschaft.de\/en\/wp-json\/wp\/v2\/pages\/129897","targetHints":{"allow":["GET"]}}],"collection":[{"href":"https:\/\/deutsche-literaturgesellschaft.de\/en\/wp-json\/wp\/v2\/pages"}],"about":[{"href":"https:\/\/deutsche-literaturgesellschaft.de\/en\/wp-json\/wp\/v2\/types\/page"}],"author":[{"embeddable":true,"href":"https:\/\/deutsche-literaturgesellschaft.de\/en\/wp-json\/wp\/v2\/users\/9"}],"replies":[{"embeddable":true,"href":"https:\/\/deutsche-literaturgesellschaft.de\/en\/wp-json\/wp\/v2\/comments?post=129897"}],"version-history":[{"count":1,"href":"https:\/\/deutsche-literaturgesellschaft.de\/en\/wp-json\/wp\/v2\/pages\/129897\/revisions"}],"predecessor-version":[{"id":182415,"href":"https:\/\/deutsche-literaturgesellschaft.de\/en\/wp-json\/wp\/v2\/pages\/129897\/revisions\/182415"}],"wp:attachment":[{"href":"https:\/\/deutsche-literaturgesellschaft.de\/en\/wp-json\/wp\/v2\/media?parent=129897"}],"curies":[{"name":"wp","href":"https:\/\/api.w.org\/{rel}","templated":true}]}}