{"id":705,"date":"2017-10-23T13:01:06","date_gmt":"2017-10-23T11:01:06","guid":{"rendered":"https:\/\/dlgde.wpengine.com\/?page_id=705"},"modified":"2025-01-10T15:41:20","modified_gmt":"2025-01-10T14:41:20","slug":"danke","status":"publish","type":"page","link":"https:\/\/deutsche-literaturgesellschaft.de\/en\/danke\/","title":{"rendered":"Thank you"},"content":{"rendered":"<div id=\"pl-705\"  class=\"panel-layout\" ><div id=\"pg-705-0\"  class=\"panel-grid panel-has-style\" ><div style=\"padding: 1px 0; \" data-overlay=\"true\" data-overlay-color=\"#000000\" class=\"panel-row-style panel-row-style-for-705-0\" ><div id=\"pgc-705-0-0\"  class=\"panel-grid-cell panel-grid-cell-empty\" ><\/div><div id=\"pgc-705-0-1\"  class=\"panel-grid-cell panel-grid-cell-mobile-last\" ><div id=\"panel-705-0-1-0\" class=\"so-panel widget widget_sow-editor panel-first-child panel-last-child\" data-index=\"0\" ><div style=\"text-align: left;\" data-title-color=\"#443f3f\" data-headings-color=\"#443f3f\" class=\"panel-widget-style panel-widget-style-for-705-0-1-0\" ><div\n\t\t\t\n\t\t\tclass=\"so-widget-sow-editor so-widget-sow-editor-base\"\n\t\t\t\n\t\t><h3 class=\"widget-title\">Thank you!<\/h3>\n<div class=\"siteorigin-widget-tinymce textwidget\">\n\t<p>Thank you, we have received your message and will get back to you shortly. If you have uploaded a manuscript, you will receive a written confirmation of receipt from us in the next few days. It will take us about 14 days to review the manuscript so that we can make you a proposal for its realization. The review is free of charge and the offer is non-binding. We will treat your data securely and confidentially at all times in accordance with the Data Protection Act.<\/p>\n<p>Would you like to read the experience report of one of our authors? <br \/><a href=\"\/en\/die-geschichte-einer-buchveroeffentlichung\/\">\"The story of a book publication\" ...<\/a><\/p>\n<\/div>\n<\/div><\/div><\/div><\/div><div id=\"pgc-705-0-2\"  class=\"panel-grid-cell panel-grid-cell-empty\" ><\/div><\/div><\/div><div id=\"pg-705-1\"  class=\"panel-grid panel-has-style\" ><div style=\"padding: 100px 0; \" data-overlay=\"true\" data-overlay-color=\"#000000\" class=\"panel-row-style panel-row-style-for-705-1\" ><div id=\"pgc-705-1-0\"  class=\"panel-grid-cell\" ><div id=\"panel-705-1-0-0\" class=\"widget_text so-panel widget widget_custom_html panel-first-child panel-last-child\" data-index=\"1\" ><div style=\"text-align: left;\" data-title-color=\"#443f3f\" data-headings-color=\"#443f3f\" class=\"widget_text panel-widget-style panel-widget-style-for-705-1-0-0\" ><div class=\"textwidget custom-html-widget\"><style type=\"text\/css\">\n<\/style><div id=\"feed_dynamic_classfhklvqihcp_basic\" class=\"fts-instagram-inline-block-centered feed_dynamic_classfhklvqihcp_basic\"  data-ftsi-columns=\"3\" data-ftsi-columns-tablet=\"2\" data-ftsi-columns-mobile=\"1\" data-ftsi-force-columns=\"\" data-ftsi-margin=\"1px\" data-ftsi-height=\"\">                                                        <div class=\"slicker-instagram-placeholder fts-instagram-wrapper\" style=\"background-image:url('https:\/\/scontent-fra5-2.cdninstagram.com\/v\/t39.30808-6\/768408813_1495134872630614_98973539827723722_n.jpg?stp=dst-jpg_e35_tt6&#038;_nc_cat=107&#038;ccb=7-5&#038;_nc_sid=18de74&#038;efg=eyJlZmdfdGFnIjoiRkVFRC5iZXN0X2ltYWdlX3VybGdlbi5DMiJ9&#038;_nc_ohc=tbTnMSX-fdQQ7kNvwEoQYAk&#038;_nc_oc=AdrEhB7ON3xzPMYmw7kqhZmALbUnQNKjWfsV5U8giO0SOphSfMqyL0GY_eBNAVh2thgIVuDziizr68hYrLWRTOdF&#038;_nc_zt=23&#038;_nc_ht=scontent-fra5-2.cdninstagram.com&#038;edm=ANQ71j8EAAAA&#038;_nc_gid=9dRoKid1cvayLoT60-6d1w&#038;_nc_tpa=Q5bMBQKXZ-f8sbhY6ZueivmrZ_vv5FeBx0cW11tvE05EdCkv4hC325HyCVcRV-nOno3biOXTSohuMMRl&#038;oh=00_AQKGh15z-aOfzWGekcczjNKVBvNceDyEpCwZXG_2z3kN3A&#038;oe=6A9BD964')\">\n                                            <a href=\"https:\/\/www.instagram.com\/p\/DcHKg2EDLVI\/\" title=\"What does it mean to think, to believe, to love\u2014and to be human? In *I Am, Therefore I Think*, Michael J\u00e4ger combines philosophical reflections with poetic observations on life, freedom, love, doubt, and the search for meaning.A book for people who aren\u2019t satisfied with simple answers. For everyone who wants to pause, question, and give their own thoughts some space. A book about being, thinking, and what lies beyond. \ud83d\udcd6 Michael J\u00e4ger \u2013 I Am, Therefore I Think When Mephisto died, God Went to the Psychiatrist#IamThereforeIThink #MichaelJ\u00e4ger #Philosophy #Literature #Thoughts #Reflection #MeaningOfLife #PoeticThoughts #LoveOfBooks #RecommendedRead #BookInspiration\" target=\"_blank\" rel=\"noreferrer noopener\" class=\"fts-instagram-link-target fts-slicker-backg                         fts-instagram-img-link\" style=\"height:65px !important; width:65px; line-height:65px; font-size:65px;\"><span class=\"fts-instagram-icon\" style=\"height:65px; width:65px; line-height:65px; font-size:65px;\"><\/span><\/a>\n                        \n                        <div class='slicker-date'>\n\n                            <div class=\"fts-insta-date-popup-grab\">\n                            16\/08\/2026 @ 21:00                            <\/div>\n                        <\/div>\n                    <div class='slicker-instaG-backg-link'>\n\n                        <div class='slicker-instaG-photoshadow'><\/div>\n                    <\/div>\n                        <div class=\"fts-insta-likes-comments-grab-popup\">\n\n                            <div class=\"fts-share-wrap\"><a href=\"javascript:;\" class=\"ft-gallery-link-popup\" title=\"Social Share Options\"><\/a><div class=\"ft-gallery-share-wrap\"><a href=\"https:\/\/www.facebook.com\/sharer\/sharer.php?u=https:\/\/www.instagram.com\/p\/DcHKg2EDLVI\/\" target=\"_blank\" rel=\"noreferrer noopener\" class=\"ft-galleryfacebook-icon\" title=\"Share this post on Facebook\"><i class=\"fa fa-facebook-square\"><\/i><\/a><a href=\"https:\/\/twitter.com\/intent\/tweet?text=https:\/\/www.instagram.com\/p\/DcHKg2EDLVI\/+Was bedeutet es, zu denken, zu glauben, zu lieben \u2013 und Mensch zu sein?In \u201eIch bin, also denke ich\u201c verbindet Michael J\u00e4ger philosophische Gedanken mit poetischen Beobachtungen \u00fcber Leben, Freiheit, Liebe, Zweifel und die Suche nach Sinn.Ein Buch f\u00fcr Menschen, die sich mit einfachen Antworten nicht zufriedengeben.F\u00fcr alle, die innehalten, hinterfragen und den eigenen Gedanken Raum geben m\u00f6chten.Ein Buch \u00fcber das Sein, das Denken und das, was dar\u00fcber hinausgeht.\ud83d\udcd6 Michael J\u00e4ger \u2013 Ich bin, also denke ichAls Mephisto starb, ging Gott zum Psychiater#IchBinAlsoDenkeIch #MichaelJ\u00e4ger #Philosophie #Literatur #Gedanken #Nachdenken #SinnDesLebens #PoetischeGedanken #B\u00fccherliebe #Lesetipp #BuchInspiration\" target=\"_blank\" rel=\"noreferrer noopener\" class=\"ft-gallerytwitter-icon\" title=\"Share this post on Twitter\"><i class=\"fa fa-twitter\"><\/i><\/a><a href=\"https:\/\/www.linkedin.com\/shareArticle?mini=true&amp;url=https:\/\/www.instagram.com\/p\/DcHKg2EDLVI\/\" target=\"_blank\" rel=\"noreferrer noopener\" class=\"ft-gallerylinkedin-icon\" title=\"Share this post on Linkedin\"><i class=\"fa fa-linkedin\"><\/i><\/a><a href=\"mailto:?subject=Shared Link&amp;body=https:\/\/www.instagram.com\/p\/DcHKg2EDLVI\/ - Was bedeutet es, zu denken, zu glauben, zu lieben \u2013 und Mensch zu sein?In \u201eIch bin, also denke ich\u201c verbindet Michael J\u00e4ger philosophische Gedanken mit poetischen Beobachtungen \u00fcber Leben, Freiheit, Liebe, Zweifel und die Suche nach Sinn.Ein Buch f\u00fcr Menschen, die sich mit einfachen Antworten nicht zufriedengeben.F\u00fcr alle, die innehalten, hinterfragen und den eigenen Gedanken Raum geben m\u00f6chten.Ein Buch \u00fcber das Sein, das Denken und das, was dar\u00fcber hinausgeht.\ud83d\udcd6 Michael J\u00e4ger \u2013 Ich bin, also denke ichAls Mephisto starb, ging Gott zum Psychiater#IchBinAlsoDenkeIch #MichaelJ\u00e4ger #Philosophie #Literatur #Gedanken #Nachdenken #SinnDesLebens #PoetischeGedanken #B\u00fccherliebe #Lesetipp #BuchInspiration\" target=\"_blank\" rel=\"noreferrer\" class=\"ft-galleryemail-icon\" title=\"Share this post in your email\"><i class=\"fa fa-envelope\"><\/i><\/a><\/div><\/div>                        <\/div>\n                <\/div>\n                                                                            <div class=\"slicker-instagram-placeholder fts-instagram-wrapper\" style=\"background-image:url('https:\/\/scontent-fra3-1.cdninstagram.com\/v\/t39.30808-6\/772894252_1493340336143401_5310917049783059354_n.jpg?stp=dst-jpg_e35_tt6&#038;_nc_cat=105&#038;ccb=7-5&#038;_nc_sid=18de74&#038;efg=eyJlZmdfdGFnIjoiRkVFRC5iZXN0X2ltYWdlX3VybGdlbi5DMyJ9&#038;_nc_ohc=fyADkc_ZzSAQ7kNvwFynr8B&#038;_nc_oc=AdruFIHG-EUsiW1yU1Ck2-1KXnaK5wJUj-AvC6Tpqwr5GRuUO1Z5FyZSKjJp_jXCriM5mGVs31Qj50GbUmgH5YVV&#038;_nc_zt=23&#038;_nc_ht=scontent-fra3-1.cdninstagram.com&#038;edm=ANQ71j8EAAAA&#038;_nc_gid=QEisi8AWoiZCW44PdH4e0Q&#038;_nc_tpa=Q5bMBQLscFUVZPCDiXCNOwA7kHGfOjGWBRw16-uv2cMYtjwOlj6J00LR1Ruw-gM4_JgxNn5MPYSmPlPZ&#038;oh=00_AQI2TouUfUnJIBThd9Vfpbw_UvqvD0lg9dbu_cXFFPAiOg&#038;oe=6A9BEBEC')\">\n                                            <a href=\"https:\/\/www.instagram.com\/p\/DcCA6VLjMCw\/\" title=\"Colors can do more than just shine. \ud83c\udfa8 Words can do more than just tell a story. Sometimes they touch us right where we need a little reminder, a new thought, or a bit of courage. \u2728 \u201eThe Poetry of Colors\u201c by Nancy R\u00e4der combines personal writings, reflections, and poetry with colorful works of art. A book about emotions, joy of life, love, change, trust, and the courage to follow your own path.\ud83d\udcd6 The Poetry of Colors \u2013 Silberwind\u270d\ufe0f Nancy R\u00e4derAvailable wherever books are sold\u2014and, of course, right here with us!#ThePoetryOfColors #NancyR\u00e4der #Silberwind #BookLove #Poetry #Inspiration #ThoughtsForTheSoul #WordsThatTouch #LifeJoyOfLife #ArtAndPoetry #BookRecommendation #NewRelease\" target=\"_blank\" rel=\"noreferrer noopener\" class=\"fts-instagram-link-target fts-slicker-backg                         fts-instagram-img-link\" style=\"height:65px !important; width:65px; line-height:65px; font-size:65px;\"><span class=\"fts-instagram-icon\" style=\"height:65px; width:65px; line-height:65px; font-size:65px;\"><\/span><\/a>\n                        \n                        <div class='slicker-date'>\n\n                            <div class=\"fts-insta-date-popup-grab\">\n                            14\/08\/2026 @ 21:00                            <\/div>\n                        <\/div>\n                    <div class='slicker-instaG-backg-link'>\n\n                        <div class='slicker-instaG-photoshadow'><\/div>\n                    <\/div>\n                        <div class=\"fts-insta-likes-comments-grab-popup\">\n\n                            <div class=\"fts-share-wrap\"><a href=\"javascript:;\" class=\"ft-gallery-link-popup\" title=\"Social Share Options\"><\/a><div class=\"ft-gallery-share-wrap\"><a href=\"https:\/\/www.facebook.com\/sharer\/sharer.php?u=https:\/\/www.instagram.com\/p\/DcCA6VLjMCw\/\" target=\"_blank\" rel=\"noreferrer noopener\" class=\"ft-galleryfacebook-icon\" title=\"Share this post on Facebook\"><i class=\"fa fa-facebook-square\"><\/i><\/a><a href=\"https:\/\/twitter.com\/intent\/tweet?text=https:\/\/www.instagram.com\/p\/DcCA6VLjMCw\/+Farben k\u00f6nnen mehr als leuchten. \ud83c\udfa8Worte k\u00f6nnen mehr als erz\u00e4hlen.Manchmal ber\u00fchren sie genau dort, wo wir gerade eine kleine Erinnerung, einen neuen Gedanken oder etwas Mut brauchen. \u2728\u201eDie Poesie der Farben\u201c von Nancy R\u00e4der verbindet pers\u00f6nliche Texte, Gedanken und Poesie mit farbenreichen Kunstwerken. Ein Buch \u00fcber Gef\u00fchle, Lebensfreude, Liebe, Ver\u00e4nderung, Vertrauen und den Mut, den eigenen Weg zu gehen.\ud83d\udcd6 Die Poesie der Farben \u2013 Silberwind\u270d\ufe0f Nancy R\u00e4der\u00dcberall, wo es B\u00fccher gibt und nat\u00fcrlich direkt bei uns!#DiePoesieDerFarben #NancyR\u00e4der #Silberwind #Buchliebe #Poesie #Inspiration #GedankenF\u00fcrDieSeele #WorteDieBer\u00fchren #Lebensfreude #KunstUndPoesie #Buchtipp #Neuerscheinung\" target=\"_blank\" rel=\"noreferrer noopener\" class=\"ft-gallerytwitter-icon\" title=\"Share this post on Twitter\"><i class=\"fa fa-twitter\"><\/i><\/a><a href=\"https:\/\/www.linkedin.com\/shareArticle?mini=true&amp;url=https:\/\/www.instagram.com\/p\/DcCA6VLjMCw\/\" target=\"_blank\" rel=\"noreferrer noopener\" class=\"ft-gallerylinkedin-icon\" title=\"Share this post on Linkedin\"><i class=\"fa fa-linkedin\"><\/i><\/a><a href=\"mailto:?subject=Shared Link&amp;body=https:\/\/www.instagram.com\/p\/DcCA6VLjMCw\/ - Farben k\u00f6nnen mehr als leuchten. \ud83c\udfa8Worte k\u00f6nnen mehr als erz\u00e4hlen.Manchmal ber\u00fchren sie genau dort, wo wir gerade eine kleine Erinnerung, einen neuen Gedanken oder etwas Mut brauchen. \u2728\u201eDie Poesie der Farben\u201c von Nancy R\u00e4der verbindet pers\u00f6nliche Texte, Gedanken und Poesie mit farbenreichen Kunstwerken. Ein Buch \u00fcber Gef\u00fchle, Lebensfreude, Liebe, Ver\u00e4nderung, Vertrauen und den Mut, den eigenen Weg zu gehen.\ud83d\udcd6 Die Poesie der Farben \u2013 Silberwind\u270d\ufe0f Nancy R\u00e4der\u00dcberall, wo es B\u00fccher gibt und nat\u00fcrlich direkt bei uns!#DiePoesieDerFarben #NancyR\u00e4der #Silberwind #Buchliebe #Poesie #Inspiration #GedankenF\u00fcrDieSeele #WorteDieBer\u00fchren #Lebensfreude #KunstUndPoesie #Buchtipp #Neuerscheinung\" target=\"_blank\" rel=\"noreferrer\" class=\"ft-galleryemail-icon\" title=\"Share this post in your email\"><i class=\"fa fa-envelope\"><\/i><\/a><\/div><\/div>                        <\/div>\n                <\/div>\n                                                                            <div class=\"slicker-instagram-placeholder fts-instagram-wrapper\" style=\"background-image:url('https:\/\/scontent-fra5-2.cdninstagram.com\/v\/t39.30808-6\/771909502_1492435222900579_699649025072767007_n.jpg?stp=dst-jpg_e35_tt6&#038;_nc_cat=106&#038;ccb=7-5&#038;_nc_sid=18de74&#038;efg=eyJlZmdfdGFnIjoiRkVFRC5iZXN0X2ltYWdlX3VybGdlbi5DMyJ9&#038;_nc_ohc=bfDtRlA0jIAQ7kNvwG2gE9O&#038;_nc_oc=Ado14jkcPpKH4Vf2nWnHRtK4oBSuOQiSKzQrrkpFe9HHWIQyqabZLeQ8r8tphEGM5Yk4kI5McFJI9gJp_610YtEe&#038;_nc_zt=23&#038;_nc_ht=scontent-fra5-2.cdninstagram.com&#038;edm=ANQ71j8EAAAA&#038;_nc_gid=I-SSXeY43dsIU5no1jAueA&#038;_nc_tpa=Q5bMBQLCVoU6bp1T3Zj5YFDDjZB6Qqixf9Qukbom6YtLuswdZhi1446cA3rhYPggBNY6kCrez_iPy2Z-&#038;oh=00_AQKaaXK8w_KCBpjwGU2gYzsbq3P6IFx48-Tw3x4fUKIDzA&#038;oe=6A9BE38B')\">\n                                            <a href=\"https:\/\/www.instagram.com\/p\/Db3SQ1DEctb\/\" title=\"\ud83c\udf12 SOLAR ECLIPSE OVER BERLIN \u2600\ufe0f On Wednesday, it\u2019ll be worth it for all of us to look up at the Berlin evening sky: We\u2019ll finally be able to watch a partial solar eclipse again! If the weather cooperates \ud83e\udd1e, you should start watching the sun at 7 p.m.!\u26a0\ufe0f Important: Don\u2019t look directly at the sun without protection\u2014be sure to use proper solar eclipse glasses. We\u2019re definitely on fire \ud83d\udd25\u2014who else????#SolarEclipse #SolarEclipse2026 #Berlin #Berlin2026 #Eclipse #SolarEclipse #SkyOverBerlin #Astronomy #BerlinExperience #NaturalSpectacle\" target=\"_blank\" rel=\"noreferrer noopener\" class=\"fts-instagram-link-target fts-slicker-backg                         fts-instagram-img-link\" style=\"height:65px !important; width:65px; line-height:65px; font-size:65px;\"><span class=\"fts-instagram-icon\" style=\"height:65px; width:65px; line-height:65px; font-size:65px;\"><\/span><\/a>\n                        \n                        <div class='slicker-date'>\n\n                            <div class=\"fts-insta-date-popup-grab\">\n                            10\/08\/2026 @ 17:00                            <\/div>\n                        <\/div>\n                    <div class='slicker-instaG-backg-link'>\n\n                        <div class='slicker-instaG-photoshadow'><\/div>\n                    <\/div>\n                        <div class=\"fts-insta-likes-comments-grab-popup\">\n\n                            <div class=\"fts-share-wrap\"><a href=\"javascript:;\" class=\"ft-gallery-link-popup\" title=\"Social Share Options\"><\/a><div class=\"ft-gallery-share-wrap\"><a href=\"https:\/\/www.facebook.com\/sharer\/sharer.php?u=https:\/\/www.instagram.com\/p\/Db3SQ1DEctb\/\" target=\"_blank\" rel=\"noreferrer noopener\" class=\"ft-galleryfacebook-icon\" title=\"Share this post on Facebook\"><i class=\"fa fa-facebook-square\"><\/i><\/a><a href=\"https:\/\/twitter.com\/intent\/tweet?text=https:\/\/www.instagram.com\/p\/Db3SQ1DEctb\/+\ud83c\udf12 SONNENFINSTERNIS \u00dcBER BERLIN \u2600\ufe0fAm Mittwoch lohnt sich f\u00fcr uns alle der Blick in den Berliner Abendhimmel: Endlich k\u00f6nnen wir wieder eine partielle Sonnenfinsternis beobachten!Wenn das Wetter mitspielt \ud83e\udd1e, solltet ihr ab 19 Uhr die Sonne beobachten!\u26a0\ufe0f Wichtig: Schaut nicht direkt und ungesch\u00fctzt in die Sonne, sondern verwendet eine geeignete Sonnenfinsternis-Brille.Wir sind auf jeden Fall on fire \ud83d\udd25 \u2013 wer noch????#Sonnenfinsternis #Sonnenfinsternis2026 #Berlin #Berlin2026 #Eclipse #SolarEclipse #Himmel\u00dcberBerlin #Astronomie #BerlinErleben #Naturschauspiel\" target=\"_blank\" rel=\"noreferrer noopener\" class=\"ft-gallerytwitter-icon\" title=\"Share this post on Twitter\"><i class=\"fa fa-twitter\"><\/i><\/a><a href=\"https:\/\/www.linkedin.com\/shareArticle?mini=true&amp;url=https:\/\/www.instagram.com\/p\/Db3SQ1DEctb\/\" target=\"_blank\" rel=\"noreferrer noopener\" class=\"ft-gallerylinkedin-icon\" title=\"Share this post on Linkedin\"><i class=\"fa fa-linkedin\"><\/i><\/a><a href=\"mailto:?subject=Shared Link&amp;body=https:\/\/www.instagram.com\/p\/Db3SQ1DEctb\/ - \ud83c\udf12 SONNENFINSTERNIS \u00dcBER BERLIN \u2600\ufe0fAm Mittwoch lohnt sich f\u00fcr uns alle der Blick in den Berliner Abendhimmel: Endlich k\u00f6nnen wir wieder eine partielle Sonnenfinsternis beobachten!Wenn das Wetter mitspielt \ud83e\udd1e, solltet ihr ab 19 Uhr die Sonne beobachten!\u26a0\ufe0f Wichtig: Schaut nicht direkt und ungesch\u00fctzt in die Sonne, sondern verwendet eine geeignete Sonnenfinsternis-Brille.Wir sind auf jeden Fall on fire \ud83d\udd25 \u2013 wer noch????#Sonnenfinsternis #Sonnenfinsternis2026 #Berlin #Berlin2026 #Eclipse #SolarEclipse #Himmel\u00dcberBerlin #Astronomie #BerlinErleben #Naturschauspiel\" target=\"_blank\" rel=\"noreferrer\" class=\"ft-galleryemail-icon\" title=\"Share this post in your email\"><i class=\"fa fa-envelope\"><\/i><\/a><\/div><\/div>                        <\/div>\n                <\/div>\n                                                                            <div class=\"slicker-instagram-placeholder fts-instagram-wrapper\" style=\"background-image:url('https:\/\/scontent-fra5-1.cdninstagram.com\/v\/t39.30808-6\/769441949_1490774583066643_342701231567725086_n.jpg?stp=dst-jpg_e35_tt6&#038;_nc_cat=102&#038;ccb=7-5&#038;_nc_sid=18de74&#038;efg=eyJlZmdfdGFnIjoiRkVFRC5iZXN0X2ltYWdlX3VybGdlbi5DMyJ9&#038;_nc_ohc=yapinmvN8KYQ7kNvwEMQugt&#038;_nc_oc=AdrfS1k4_W30p44e0E2NRetS_-th3VfXsgyXGfDWtbAVUVQNM-mBp-fEQYEMtzz6iTQdNAU5xN5dlQFbWKgWCMSA&#038;_nc_zt=23&#038;_nc_ht=scontent-fra5-1.cdninstagram.com&#038;edm=ANQ71j8EAAAA&#038;_nc_gid=I5xL-o9hpjxFluvJiTT4Gg&#038;_nc_tpa=Q5bMBQL2RVP4wMRNge0l9AttTUQGjubVLmLNyAILRKmUTj11Oi0A058JumhtN4YQAmj8m-HveEot7j4A&#038;oh=00_AQIPrFXqsWb9Jf4ER1kmJMZvEl45W_V_duAuxiWnL_ab0g&#038;oe=6A9BDC4C')\">\n                                            <a href=\"https:\/\/www.instagram.com\/p\/Dbz3j1MDhC1\/\" title=\"Have a wonderful Sunday! \u2600\ud83e\udd38\ud83d\udc08\ud83d\udcd6\u2728#HappySunday #SundayGreetings #Sunday #SundayFeeling #SundayMood #HappySunday #SundayVibes #Weekend #Weekweekendvibes #Berlin #BerlinLove #BerlinLife #BerlinMoments #BerlinCity #BerlinMitte #VisitBerlin #Spree #LoveForTheCapital #FavoriteCity #TimeForBeautifulThings #BEAUTIFULMoments #EnjoySunday #TimeOut #SlowDown #PositiveThoughts\" target=\"_blank\" rel=\"noreferrer noopener\" class=\"fts-instagram-link-target fts-slicker-backg                         fts-instagram-img-link\" style=\"height:65px !important; width:65px; line-height:65px; font-size:65px;\"><span class=\"fts-instagram-icon\" style=\"height:65px; width:65px; line-height:65px; font-size:65px;\"><\/span><\/a>\n                        \n                        <div class='slicker-date'>\n\n                            <div class=\"fts-insta-date-popup-grab\">\n                            09\/08\/2026 @ 9:09                            <\/div>\n                        <\/div>\n                    <div class='slicker-instaG-backg-link'>\n\n                        <div class='slicker-instaG-photoshadow'><\/div>\n                    <\/div>\n                        <div class=\"fts-insta-likes-comments-grab-popup\">\n\n                            <div class=\"fts-share-wrap\"><a href=\"javascript:;\" class=\"ft-gallery-link-popup\" title=\"Social Share Options\"><\/a><div class=\"ft-gallery-share-wrap\"><a href=\"https:\/\/www.facebook.com\/sharer\/sharer.php?u=https:\/\/www.instagram.com\/p\/Dbz3j1MDhC1\/\" target=\"_blank\" rel=\"noreferrer noopener\" class=\"ft-galleryfacebook-icon\" title=\"Share this post on Facebook\"><i class=\"fa fa-facebook-square\"><\/i><\/a><a href=\"https:\/\/twitter.com\/intent\/tweet?text=https:\/\/www.instagram.com\/p\/Dbz3j1MDhC1\/+Macht euch einen sch\u00f6nen Sonntag! \u2600\ud83e\udd38\ud83d\udc08\ud83d\udcd6\u2728#Sch\u00f6nenSonntag #Sonntagsgr\u00fc\u00dfe #Sonntag #Sonntagsgef\u00fchl #Sonntagsstimmung #HappySunday #SundayVibes #Wochenende #Wochenendgef\u00fchl #Berlin #BerlinLiebe #BerlinLeben #BerlinMomente #BerlinCity #BerlinMitte #VisitBerlin #Spree #Hauptstadtliebe #Lieblingsstadt #ZeitF\u00fcrSch\u00f6neDinge #Sch\u00f6neMomente #Genie\u00dftDenSonntag #Auszeit #Entschleunigung #GuteGedanken\" target=\"_blank\" rel=\"noreferrer noopener\" class=\"ft-gallerytwitter-icon\" title=\"Share this post on Twitter\"><i class=\"fa fa-twitter\"><\/i><\/a><a href=\"https:\/\/www.linkedin.com\/shareArticle?mini=true&amp;url=https:\/\/www.instagram.com\/p\/Dbz3j1MDhC1\/\" target=\"_blank\" rel=\"noreferrer noopener\" class=\"ft-gallerylinkedin-icon\" title=\"Share this post on Linkedin\"><i class=\"fa fa-linkedin\"><\/i><\/a><a href=\"mailto:?subject=Shared Link&amp;body=https:\/\/www.instagram.com\/p\/Dbz3j1MDhC1\/ - Macht euch einen sch\u00f6nen Sonntag! \u2600\ud83e\udd38\ud83d\udc08\ud83d\udcd6\u2728#Sch\u00f6nenSonntag #Sonntagsgr\u00fc\u00dfe #Sonntag #Sonntagsgef\u00fchl #Sonntagsstimmung #HappySunday #SundayVibes #Wochenende #Wochenendgef\u00fchl #Berlin #BerlinLiebe #BerlinLeben #BerlinMomente #BerlinCity #BerlinMitte #VisitBerlin #Spree #Hauptstadtliebe #Lieblingsstadt #ZeitF\u00fcrSch\u00f6neDinge #Sch\u00f6neMomente #Genie\u00dftDenSonntag #Auszeit #Entschleunigung #GuteGedanken\" target=\"_blank\" rel=\"noreferrer\" class=\"ft-galleryemail-icon\" title=\"Share this post in your email\"><i class=\"fa fa-envelope\"><\/i><\/a><\/div><\/div>                        <\/div>\n                <\/div>\n                                                                            <div class=\"slicker-instagram-placeholder fts-instagram-wrapper\" style=\"background-image:url('https:\/\/scontent-fra5-2.cdninstagram.com\/v\/t39.30808-6\/761163541_1483738667103568_419067825051346473_n.jpg?stp=dst-jpg_e35_tt6&#038;_nc_cat=109&#038;ccb=7-5&#038;_nc_sid=18de74&#038;efg=eyJlZmdfdGFnIjoiRkVFRC5iZXN0X2ltYWdlX3VybGdlbi5DMyJ9&#038;_nc_ohc=xTAJoPgR984Q7kNvwHjUEnA&#038;_nc_oc=AdoPif5SK5tdqFmyRUczZK7Sv22FvzlqXhKuM8Hf-3DO7PbUxD3To-gI-_AX9xtPcvH7SqHh5hLGyMR8le0UZCJx&#038;_nc_zt=23&#038;_nc_ht=scontent-fra5-2.cdninstagram.com&#038;edm=ANQ71j8EAAAA&#038;_nc_gid=T-ZD6PRDtxunuHEm9wagwQ&#038;_nc_tpa=Q5bMBQKKakc3IdPqjjD_RLuXvPyNVp0_CRuOsEfD-BQ7XTEVufLvxstFFRPSMriI2uRdf_t2sBXaeEtq&#038;oh=00_AQKYFNuuKrsTc3uC3KYu78bzDncnYnKhY7O7zgXYO_k4Bg&#038;oe=6A9BBF03')\">\n                                            <a href=\"https:\/\/www.instagram.com\/p\/DbvwHmUE6R2\/\" title=\"Headaches, trouble concentrating, difficulties with reading and writing, or rapid fatigue\u2014could these symptoms be related to binocular vision?In his new non-fiction book, Dr. Fritz Gorzny explains in an accessible way what heterophoria is, how it can affect daily life, and what diagnostic and therapeutic options are currently being discussed. The book is aimed at both those affected and professionals in the field, and aims to present the topic in a way that is accessible to everyone.\ud83d\udcd6 A well-researched reading recommendation for anyone who wants to get to the bottom of the causes of visual symptoms.#Non-fiction #Recommended read #Angular strabismus #Binocular vision #Ophthalmology #Optometry #Vision #Health #Specialized book #Book Recommendation\" target=\"_blank\" rel=\"noreferrer noopener\" class=\"fts-instagram-link-target fts-slicker-backg                         fts-instagram-img-link\" style=\"height:65px !important; width:65px; line-height:65px; font-size:65px;\"><span class=\"fts-instagram-icon\" style=\"height:65px; width:65px; line-height:65px; font-size:65px;\"><\/span><\/a>\n                        \n                        <div class='slicker-date'>\n\n                            <div class=\"fts-insta-date-popup-grab\">\n                            07\/08\/2026 @ 18:47                            <\/div>\n                        <\/div>\n                    <div class='slicker-instaG-backg-link'>\n\n                        <div class='slicker-instaG-photoshadow'><\/div>\n                    <\/div>\n                        <div class=\"fts-insta-likes-comments-grab-popup\">\n\n                            <div class=\"fts-share-wrap\"><a href=\"javascript:;\" class=\"ft-gallery-link-popup\" title=\"Social Share Options\"><\/a><div class=\"ft-gallery-share-wrap\"><a href=\"https:\/\/www.facebook.com\/sharer\/sharer.php?u=https:\/\/www.instagram.com\/p\/DbvwHmUE6R2\/\" target=\"_blank\" rel=\"noreferrer noopener\" class=\"ft-galleryfacebook-icon\" title=\"Share this post on Facebook\"><i class=\"fa fa-facebook-square\"><\/i><\/a><a href=\"https:\/\/twitter.com\/intent\/tweet?text=https:\/\/www.instagram.com\/p\/DbvwHmUE6R2\/+Kopfschmerzen, Konzentrationsprobleme, Lese- und Schreibschwierigkeiten oder schnelle Erm\u00fcdung \u2013 k\u00f6nnen solche Beschwerden mit dem beid\u00e4ugigen Sehen zusammenh\u00e4ngen?In seinem neuen Sachbuch erkl\u00e4rt Dr. med. Fritz Gorzny verst\u00e4ndlich, was unter Winkelfehlsichtigkeit zu verstehen ist, wie sie das t\u00e4gliche Leben beeinflussen kann und welche diagnostischen und therapeutischen M\u00f6glichkeiten diskutiert werden. Das Buch richtet sich sowohl an Betroffene als auch an Fachinteressierte und m\u00f6chte das Thema allgemeinverst\u00e4ndlich vermitteln.\ud83d\udcd6 Ein fundierter Lesetipp f\u00fcr alle, die den Ursachen visueller Beschwerden auf den Grund gehen m\u00f6chten.#Sachbuch #Lesetipp #Winkelfehlsichtigkeit #Binokularsehen #Augenheilkunde #Optometrie #Sehen #Gesundheit #Fachbuch #Buchtipp\" target=\"_blank\" rel=\"noreferrer noopener\" class=\"ft-gallerytwitter-icon\" title=\"Share this post on Twitter\"><i class=\"fa fa-twitter\"><\/i><\/a><a href=\"https:\/\/www.linkedin.com\/shareArticle?mini=true&amp;url=https:\/\/www.instagram.com\/p\/DbvwHmUE6R2\/\" target=\"_blank\" rel=\"noreferrer noopener\" class=\"ft-gallerylinkedin-icon\" title=\"Share this post on Linkedin\"><i class=\"fa fa-linkedin\"><\/i><\/a><a href=\"mailto:?subject=Shared Link&amp;body=https:\/\/www.instagram.com\/p\/DbvwHmUE6R2\/ - Kopfschmerzen, Konzentrationsprobleme, Lese- und Schreibschwierigkeiten oder schnelle Erm\u00fcdung \u2013 k\u00f6nnen solche Beschwerden mit dem beid\u00e4ugigen Sehen zusammenh\u00e4ngen?In seinem neuen Sachbuch erkl\u00e4rt Dr. med. Fritz Gorzny verst\u00e4ndlich, was unter Winkelfehlsichtigkeit zu verstehen ist, wie sie das t\u00e4gliche Leben beeinflussen kann und welche diagnostischen und therapeutischen M\u00f6glichkeiten diskutiert werden. Das Buch richtet sich sowohl an Betroffene als auch an Fachinteressierte und m\u00f6chte das Thema allgemeinverst\u00e4ndlich vermitteln.\ud83d\udcd6 Ein fundierter Lesetipp f\u00fcr alle, die den Ursachen visueller Beschwerden auf den Grund gehen m\u00f6chten.#Sachbuch #Lesetipp #Winkelfehlsichtigkeit #Binokularsehen #Augenheilkunde #Optometrie #Sehen #Gesundheit #Fachbuch #Buchtipp\" target=\"_blank\" rel=\"noreferrer\" class=\"ft-galleryemail-icon\" title=\"Share this post in your email\"><i class=\"fa fa-envelope\"><\/i><\/a><\/div><\/div>                        <\/div>\n                <\/div>\n                                                                            <div class=\"slicker-instagram-placeholder fts-instagram-wrapper\" style=\"background-image:url('https:\/\/scontent-fra3-2.cdninstagram.com\/v\/t39.30808-6\/758543345_1481243654019736_5363454852367185906_n.jpg?stp=dst-jpg_e35_tt6&#038;_nc_cat=111&#038;ccb=7-5&#038;_nc_sid=18de74&#038;efg=eyJlZmdfdGFnIjoiRkVFRC5iZXN0X2ltYWdlX3VybGdlbi5DMyJ9&#038;_nc_ohc=g9eTm1mJSeEQ7kNvwHd0j3r&#038;_nc_oc=Adrocqtz_QmxRwzRZSdJPdwzUffgfS__pf5EE44d7WXve-3__lAhseie1cj9EkbaEveQvNz5KkT_k7tzf8VEE9Wn&#038;_nc_zt=23&#038;_nc_ht=scontent-fra3-2.cdninstagram.com&#038;edm=ANQ71j8EAAAA&#038;_nc_gid=TkjBRjd9ueDqVbo24xaaxw&#038;_nc_tpa=Q5bMBQIPtsb0MmRHOHixbGaRla7KgxjRQFKxvypZ6-XWKUXxMF7Fv54dYsi_giyXK1E8aC1RcreEi7CT&#038;oh=00_AQKhXa_855DrBqzyNt529O6OhsGhgIxCgPPcHHzi14GH_A&#038;oe=6A9BBE89')\">\n                                            <a href=\"https:\/\/www.instagram.com\/p\/DbnaCG4jTxy\/\" title=\"\u201e&quot;I Survived the Last Judgment&quot; is a moving autobiographical story about courage, loss, and the longing for home. With great candor, the author recounts her childhood in Somalia, the war, her flight from the country, and life caught between two worlds\u2014and how, despite it all, she managed not to lose hope.This book gives a voice to people whose stories deserve to be heard.\ud83d\udcda Now available in bookstores and online. What life story has touched you deeply recently? Feel free to share it in the comments.#NewRelease #BookRecommendation #Autobiography #TrueStory #Courage #Hope #Home #Somalia #WorthReading #BookLover#NewBook #Literature #BookstagramGermany #NowAvailable #QaaliSchmidtS\u00f8rensen\" target=\"_blank\" rel=\"noreferrer noopener\" class=\"fts-instagram-link-target fts-slicker-backg                         fts-instagram-img-link\" style=\"height:65px !important; width:65px; line-height:65px; font-size:65px;\"><span class=\"fts-instagram-icon\" style=\"height:65px; width:65px; line-height:65px; font-size:65px;\"><\/span><\/a>\n                        \n                        <div class='slicker-date'>\n\n                            <div class=\"fts-insta-date-popup-grab\">\n                            04\/08\/2026 @ 13:00                            <\/div>\n                        <\/div>\n                    <div class='slicker-instaG-backg-link'>\n\n                        <div class='slicker-instaG-photoshadow'><\/div>\n                    <\/div>\n                        <div class=\"fts-insta-likes-comments-grab-popup\">\n\n                            <div class=\"fts-share-wrap\"><a href=\"javascript:;\" class=\"ft-gallery-link-popup\" title=\"Social Share Options\"><\/a><div class=\"ft-gallery-share-wrap\"><a href=\"https:\/\/www.facebook.com\/sharer\/sharer.php?u=https:\/\/www.instagram.com\/p\/DbnaCG4jTxy\/\" target=\"_blank\" rel=\"noreferrer noopener\" class=\"ft-galleryfacebook-icon\" title=\"Share this post on Facebook\"><i class=\"fa fa-facebook-square\"><\/i><\/a><a href=\"https:\/\/twitter.com\/intent\/tweet?text=https:\/\/www.instagram.com\/p\/DbnaCG4jTxy\/+\u201eIch habe das J\u00fcngste Gericht \u00fcberlebt\u201c ist eine bewegende autobiografische Geschichte \u00fcber Mut, Verlust und die Sehnsucht nach Heimat. Mit gro\u00dfer Offenheit erz\u00e4hlt die Autorin von ihrer Kindheit in Somalia, von Krieg, Flucht und dem Leben zwischen zwei Welten \u2013 und davon, trotz allem die Hoffnung nicht zu verlieren.Dieses Buch gibt Menschen eine Stimme, deren Geschichte geh\u00f6rt werden sollte.\ud83d\udcda Jetzt im Buchhandel und online erh\u00e4ltlich.Welche Lebensgeschichte hat dich zuletzt nachhaltig ber\u00fchrt? Schreib es gerne in die Kommentare.#Neuerscheinung #Buchtipp #Autobiografie #WahreGeschichte #Mut #Hoffnung #Heimat #Somalia #Lesenswert #B\u00fccherliebe #Buchneuheit #Literatur #BookstagramDeutschland #JetztErh\u00e4ltlich #QaaliSchmidtS\u00f8rensen\" target=\"_blank\" rel=\"noreferrer noopener\" class=\"ft-gallerytwitter-icon\" title=\"Share this post on Twitter\"><i class=\"fa fa-twitter\"><\/i><\/a><a href=\"https:\/\/www.linkedin.com\/shareArticle?mini=true&amp;url=https:\/\/www.instagram.com\/p\/DbnaCG4jTxy\/\" target=\"_blank\" rel=\"noreferrer noopener\" class=\"ft-gallerylinkedin-icon\" title=\"Share this post on Linkedin\"><i class=\"fa fa-linkedin\"><\/i><\/a><a href=\"mailto:?subject=Shared Link&amp;body=https:\/\/www.instagram.com\/p\/DbnaCG4jTxy\/ - \u201eIch habe das J\u00fcngste Gericht \u00fcberlebt\u201c ist eine bewegende autobiografische Geschichte \u00fcber Mut, Verlust und die Sehnsucht nach Heimat. Mit gro\u00dfer Offenheit erz\u00e4hlt die Autorin von ihrer Kindheit in Somalia, von Krieg, Flucht und dem Leben zwischen zwei Welten \u2013 und davon, trotz allem die Hoffnung nicht zu verlieren.Dieses Buch gibt Menschen eine Stimme, deren Geschichte geh\u00f6rt werden sollte.\ud83d\udcda Jetzt im Buchhandel und online erh\u00e4ltlich.Welche Lebensgeschichte hat dich zuletzt nachhaltig ber\u00fchrt? Schreib es gerne in die Kommentare.#Neuerscheinung #Buchtipp #Autobiografie #WahreGeschichte #Mut #Hoffnung #Heimat #Somalia #Lesenswert #B\u00fccherliebe #Buchneuheit #Literatur #BookstagramDeutschland #JetztErh\u00e4ltlich #QaaliSchmidtS\u00f8rensen\" target=\"_blank\" rel=\"noreferrer\" class=\"ft-galleryemail-icon\" title=\"Share this post in your email\"><i class=\"fa fa-envelope\"><\/i><\/a><\/div><\/div>                        <\/div>\n                <\/div>\n                    <\/div>                                        <script>\n                    \/\/ This needs to load here below the feed to load properly for\n                    \/\/ Elementor page preview, and also some types of tabs that use js to load.\n                    document.addEventListener(\"DOMContentLoaded\", function(event) {\n                        if (typeof slickremixImageResizing === 'function') {\n                            slickremixImageResizing();\n                        }\n                        if (typeof ftsShare === 'function') {\n                            ftsShare();\n                        }\n                    });\n                <\/script>\n                <\/div><\/div><\/div><\/div><\/div><\/div><\/div>","protected":false},"excerpt":{"rendered":"<p>Vielen Dank, wir haben Ihre Nachricht erhalten und melden uns in K\u00fcrze bei Ihnen. Wenn Sie ein Manuskript hochgeladen haben, erhalten Sie [&hellip;]<\/p>\n","protected":false},"author":9,"featured_media":0,"parent":0,"menu_order":0,"comment_status":"closed","ping_status":"closed","template":"page-templates\/page_fullwidth.php","meta":{"footnotes":""},"class_list":["post-705","page","type-page","status-publish","hentry"],"_links":{"self":[{"href":"https:\/\/deutsche-literaturgesellschaft.de\/en\/wp-json\/wp\/v2\/pages\/705","targetHints":{"allow":["GET"]}}],"collection":[{"href":"https:\/\/deutsche-literaturgesellschaft.de\/en\/wp-json\/wp\/v2\/pages"}],"about":[{"href":"https:\/\/deutsche-literaturgesellschaft.de\/en\/wp-json\/wp\/v2\/types\/page"}],"author":[{"embeddable":true,"href":"https:\/\/deutsche-literaturgesellschaft.de\/en\/wp-json\/wp\/v2\/users\/9"}],"replies":[{"embeddable":true,"href":"https:\/\/deutsche-literaturgesellschaft.de\/en\/wp-json\/wp\/v2\/comments?post=705"}],"version-history":[{"count":5,"href":"https:\/\/deutsche-literaturgesellschaft.de\/en\/wp-json\/wp\/v2\/pages\/705\/revisions"}],"predecessor-version":[{"id":182414,"href":"https:\/\/deutsche-literaturgesellschaft.de\/en\/wp-json\/wp\/v2\/pages\/705\/revisions\/182414"}],"wp:attachment":[{"href":"https:\/\/deutsche-literaturgesellschaft.de\/en\/wp-json\/wp\/v2\/media?parent=705"}],"curies":[{"name":"wp","href":"https:\/\/api.w.org\/{rel}","templated":true}]}}