{"id":722,"date":"2017-10-23T13:46:27","date_gmt":"2017-10-23T11:46:27","guid":{"rendered":"https:\/\/dlgde.wpengine.com\/?page_id=722"},"modified":"2025-09-04T17:41:31","modified_gmt":"2025-09-04T15:41:31","slug":"presse-leserstimmen","status":"publish","type":"page","link":"https:\/\/deutsche-literaturgesellschaft.de\/en\/presse-leserstimmen\/","title":{"rendered":"Press &amp; reader comments"},"content":{"rendered":"<div id=\"pl-722\"  class=\"panel-layout\" ><div id=\"pg-722-0\"  class=\"panel-grid panel-has-style\" ><div style=\"padding: 40px 0; \" data-overlay=\"true\" data-overlay-color=\"#000000\" class=\"panel-row-style panel-row-style-for-722-0\" ><div id=\"pgc-722-0-0\"  class=\"panel-grid-cell panel-grid-cell-empty\" ><\/div><div id=\"pgc-722-0-1\"  class=\"panel-grid-cell panel-grid-cell-mobile-last\" ><div id=\"panel-722-0-1-0\" class=\"so-panel widget widget_sow-editor panel-first-child panel-last-child\" data-index=\"0\" ><div style=\"text-align: left;\" data-title-color=\"#443f3f\" data-headings-color=\"#443f3f\" class=\"panel-widget-style panel-widget-style-for-722-0-1-0\" ><div\n\t\t\t\n\t\t\tclass=\"so-widget-sow-editor so-widget-sow-editor-base\"\n\t\t\t\n\t\t>\n<div class=\"siteorigin-widget-tinymce textwidget\">\n\t<p style=\"text-align: center;\">Media presence is important for new books and authors. We are delighted that our selected books always find a large audience. Time and again, we succeed in getting our authors on television, in newspapers such as Bild, S\u00fcddeutsche, Zeit, FAZ, in magazines such as Spiegel or Focus, in widely read blog posts on the Internet and in the talk shows with the highest ratings. Reports about our authors and their books have been filmed for ARD, ZDF, RTL, Pro7, Vox and others.<\/p>\n<\/div>\n<\/div><\/div><\/div><\/div><div id=\"pgc-722-0-2\"  class=\"panel-grid-cell panel-grid-cell-empty\" ><\/div><\/div><\/div><div id=\"pg-722-1\"  class=\"panel-grid panel-has-style\" ><div style=\"padding: 1px 0; \" data-overlay=\"true\" data-overlay-color=\"#000000\" class=\"panel-row-style panel-row-style-for-722-1\" ><div id=\"pgc-722-1-0\"  class=\"panel-grid-cell\" ><div id=\"panel-722-1-0-0\" class=\"so-panel widget widget_sow-editor panel-first-child panel-last-child\" data-index=\"1\" ><div style=\"text-align: left;\" data-title-color=\"#443f3f\" data-headings-color=\"#443f3f\" class=\"panel-widget-style panel-widget-style-for-722-1-0-0\" ><div\n\t\t\t\n\t\t\tclass=\"so-widget-sow-editor so-widget-sow-editor-base\"\n\t\t\t\n\t\t>\n<div class=\"siteorigin-widget-tinymce textwidget\">\n\t<hr \/>\n<p>\u00a0<\/p>\n<\/div>\n<\/div><\/div><\/div><\/div><\/div><\/div><div id=\"pg-722-2\"  class=\"panel-grid panel-has-style\" ><div style=\"padding: 1px 0; \" data-overlay=\"true\" data-overlay-color=\"#000000\" class=\"panel-row-style panel-row-style-for-722-2\" ><div id=\"pgc-722-2-0\"  class=\"panel-grid-cell\" ><div id=\"panel-722-2-0-0\" class=\"so-panel widget widget_sow-image panel-first-child\" data-index=\"2\" ><div style=\"text-align: left;\" data-title-color=\"#443f3f\" data-headings-color=\"#443f3f\" class=\"panel-widget-style panel-widget-style-for-722-2-0-0\" ><div\n\t\t\t\n\t\t\tclass=\"so-widget-sow-image so-widget-sow-image-default-8b5b6f678277-722\"\n\t\t\t\n\t\t>\n<div class=\"sow-image-container\">\n\t\t<img \n\tsrc=\"https:\/\/deutsche-literaturgesellschaft.de\/wp-content\/uploads\/2017\/10\/Referenzen-768x389.png\" width=\"768\" height=\"389\" srcset=\"https:\/\/deutsche-literaturgesellschaft.de\/wp-content\/uploads\/2017\/10\/Referenzen-768x389.png 768w, https:\/\/deutsche-literaturgesellschaft.de\/wp-content\/uploads\/2017\/10\/Referenzen-300x152.png 300w, https:\/\/deutsche-literaturgesellschaft.de\/wp-content\/uploads\/2017\/10\/Referenzen-230x117.png 230w, https:\/\/deutsche-literaturgesellschaft.de\/wp-content\/uploads\/2017\/10\/Referenzen-350x177.png 350w, https:\/\/deutsche-literaturgesellschaft.de\/wp-content\/uploads\/2017\/10\/Referenzen-480x243.png 480w, https:\/\/deutsche-literaturgesellschaft.de\/wp-content\/uploads\/2017\/10\/Referenzen.png 779w\" sizes=\"(max-width: 768px) 100vw, 768px\" alt=\"Referenzen\" \t\tclass=\"so-widget-image\"\/>\n\t<\/div>\n\n<\/div><\/div><\/div><div id=\"panel-722-2-0-1\" class=\"so-panel widget widget_sow-editor panel-last-child\" data-index=\"3\" ><div style=\"text-align: left;\" data-title-color=\"#443f3f\" data-headings-color=\"#443f3f\" class=\"panel-widget-style panel-widget-style-for-722-2-0-1\" ><div\n\t\t\t\n\t\t\tclass=\"so-widget-sow-editor so-widget-sow-editor-base\"\n\t\t\t\n\t\t>\n<div class=\"siteorigin-widget-tinymce textwidget\">\n\t<p>BILD had author Christian Ehret on its cover four times nationwide, S\u00fcddeutsche, FAZ, ZEIT, Pro Sieben Galileo, all reported on him, he was on several talk shows, including Radio Bremen and Johannes B. Kerner.<\/p>\n<\/div>\n<\/div><\/div><\/div><\/div><div id=\"pgc-722-2-1\"  class=\"panel-grid-cell panel-grid-cell-empty\" ><\/div><div id=\"pgc-722-2-2\"  class=\"panel-grid-cell panel-grid-cell-mobile-last\" ><div id=\"panel-722-2-2-0\" class=\"so-panel widget widget_sow-image panel-first-child\" data-index=\"4\" ><div style=\"text-align: left;\" data-title-color=\"#443f3f\" data-headings-color=\"#443f3f\" class=\"panel-widget-style panel-widget-style-for-722-2-2-0\" ><div\n\t\t\t\n\t\t\tclass=\"so-widget-sow-image so-widget-sow-image-default-8b5b6f678277-722\"\n\t\t\t\n\t\t>\n<div class=\"sow-image-container\">\n\t\t<img \n\tsrc=\"https:\/\/deutsche-literaturgesellschaft.de\/wp-content\/uploads\/2017\/10\/Deutsche-Literaturgesellschaft-Berlin-550x400.png\" width=\"550\" height=\"400\" sizes=\"(max-width: 550px) 100vw, 550px\" title=\"German Literary Society Berlin\" alt=\"Deutsche Literaturgesellschaft Berlin\" \t\tclass=\"so-widget-image\"\/>\n\t<\/div>\n\n<\/div><\/div><\/div><div id=\"panel-722-2-2-1\" class=\"so-panel widget widget_sow-editor panel-last-child\" data-index=\"5\" ><div style=\"text-align: left;\" data-title-color=\"#443f3f\" data-headings-color=\"#443f3f\" class=\"panel-widget-style panel-widget-style-for-722-2-2-1\" ><div\n\t\t\t\n\t\t\tclass=\"so-widget-sow-editor so-widget-sow-editor-base\"\n\t\t\t\n\t\t>\n<div class=\"siteorigin-widget-tinymce textwidget\">\n\t<p>\u00a0<\/p>\n<p>Cuba's successful and German Literature Society author Susana Camino on \"Markus Lanz: Cuba!\" and on SWR<\/p>\n<\/div>\n<\/div><\/div><\/div><\/div><div id=\"pgc-722-2-3\"  class=\"panel-grid-cell panel-grid-cell-empty\" ><\/div><\/div><\/div><div id=\"pg-722-3\"  class=\"panel-grid panel-has-style\" ><div style=\"padding: 100px 0; \" data-overlay=\"true\" data-overlay-color=\"#000000\" class=\"panel-row-style panel-row-style-for-722-3\" ><div id=\"pgc-722-3-0\"  class=\"panel-grid-cell\" ><div id=\"panel-722-3-0-0\" class=\"so-panel widget widget_sow-editor panel-first-child panel-last-child\" data-index=\"6\" ><div style=\"text-align: left;\" data-title-color=\"#443f3f\" data-headings-color=\"#443f3f\" class=\"panel-widget-style panel-widget-style-for-722-3-0-0\" ><div\n\t\t\t\n\t\t\tclass=\"so-widget-sow-editor so-widget-sow-editor-base\"\n\t\t\t\n\t\t>\n<div class=\"siteorigin-widget-tinymce textwidget\">\n\t<hr \/>\n<p>\u00a0<\/p>\n<\/div>\n<\/div><\/div><\/div><\/div><\/div><\/div><div id=\"pg-722-4\"  class=\"panel-grid panel-has-style\" ><div style=\"padding: 1px 0; \" data-overlay=\"true\" data-overlay-color=\"#000000\" class=\"panel-row-style panel-row-style-for-722-4\" ><div id=\"pgc-722-4-0\"  class=\"panel-grid-cell panel-grid-cell-empty\" ><\/div><div id=\"pgc-722-4-1\"  class=\"panel-grid-cell\" ><div id=\"panel-722-4-1-0\" class=\"so-panel widget widget_sow-image panel-first-child\" data-index=\"7\" ><div style=\"text-align: left;\" data-title-color=\"#443f3f\" data-headings-color=\"#443f3f\" class=\"panel-widget-style panel-widget-style-for-722-4-1-0\" ><div\n\t\t\t\n\t\t\tclass=\"so-widget-sow-image so-widget-sow-image-default-8b5b6f678277-722\"\n\t\t\t\n\t\t>\n<div class=\"sow-image-container\">\n\t\t<img \n\tsrc=\"https:\/\/deutsche-literaturgesellschaft.de\/wp-content\/uploads\/2017\/10\/Deutsche-Literaturgesellschaft-Reportage-Autorin.jpeg\" width=\"1280\" height=\"720\" srcset=\"https:\/\/deutsche-literaturgesellschaft.de\/wp-content\/uploads\/2017\/10\/Deutsche-Literaturgesellschaft-Reportage-Autorin.jpeg 1280w, https:\/\/deutsche-literaturgesellschaft.de\/wp-content\/uploads\/2017\/10\/Deutsche-Literaturgesellschaft-Reportage-Autorin-800x450.jpeg 800w, https:\/\/deutsche-literaturgesellschaft.de\/wp-content\/uploads\/2017\/10\/Deutsche-Literaturgesellschaft-Reportage-Autorin-300x169.jpeg 300w, https:\/\/deutsche-literaturgesellschaft.de\/wp-content\/uploads\/2017\/10\/Deutsche-Literaturgesellschaft-Reportage-Autorin-768x432.jpeg 768w, https:\/\/deutsche-literaturgesellschaft.de\/wp-content\/uploads\/2017\/10\/Deutsche-Literaturgesellschaft-Reportage-Autorin-1024x576.jpeg 1024w, https:\/\/deutsche-literaturgesellschaft.de\/wp-content\/uploads\/2017\/10\/Deutsche-Literaturgesellschaft-Reportage-Autorin-1000x563.jpeg 1000w, https:\/\/deutsche-literaturgesellschaft.de\/wp-content\/uploads\/2017\/10\/Deutsche-Literaturgesellschaft-Reportage-Autorin-830x467.jpeg 830w, https:\/\/deutsche-literaturgesellschaft.de\/wp-content\/uploads\/2017\/10\/Deutsche-Literaturgesellschaft-Reportage-Autorin-230x129.jpeg 230w, https:\/\/deutsche-literaturgesellschaft.de\/wp-content\/uploads\/2017\/10\/Deutsche-Literaturgesellschaft-Reportage-Autorin-350x197.jpeg 350w, https:\/\/deutsche-literaturgesellschaft.de\/wp-content\/uploads\/2017\/10\/Deutsche-Literaturgesellschaft-Reportage-Autorin-480x270.jpeg 480w\" sizes=\"(max-width: 1280px) 100vw, 1280px\" title=\"German Literary Society Reportage Author\" alt=\"Deutsche Literaturgesellschaft Reportage Autorin\" \t\tclass=\"so-widget-image\"\/>\n\t<\/div>\n\n<\/div><\/div><\/div><div id=\"panel-722-4-1-1\" class=\"so-panel widget widget_sow-editor panel-last-child\" data-index=\"8\" ><div style=\"text-align: left;\" data-title-color=\"#443f3f\" data-headings-color=\"#443f3f\" class=\"panel-widget-style panel-widget-style-for-722-4-1-1\" ><div\n\t\t\t\n\t\t\tclass=\"so-widget-sow-editor so-widget-sow-editor-base\"\n\t\t\t\n\t\t>\n<div class=\"siteorigin-widget-tinymce textwidget\">\n\t<p>\u00a0<\/p>\n<p>The 45-minute report \"The long road back to life\" accompanies people who have been thrown out of their lives by a traumatic experience: among them our author Jana Urban<\/p>\n<\/div>\n<\/div><\/div><\/div><\/div><div id=\"pgc-722-4-2\"  class=\"panel-grid-cell panel-grid-cell-empty\" ><\/div><div id=\"pgc-722-4-3\"  class=\"panel-grid-cell\" ><div id=\"panel-722-4-3-0\" class=\"so-panel widget widget_sow-image panel-first-child\" data-index=\"9\" ><div style=\"text-align: left;\" data-title-color=\"#443f3f\" data-headings-color=\"#443f3f\" class=\"panel-widget-style panel-widget-style-for-722-4-3-0\" ><div\n\t\t\t\n\t\t\tclass=\"so-widget-sow-image so-widget-sow-image-default-8b5b6f678277-722\"\n\t\t\t\n\t\t>\n<div class=\"sow-image-container\">\n\t\t<img \n\tsrc=\"https:\/\/deutsche-literaturgesellschaft.de\/wp-content\/uploads\/2017\/10\/Autoren-in-der-Presse-768x460.png\" width=\"768\" height=\"460\" srcset=\"https:\/\/deutsche-literaturgesellschaft.de\/wp-content\/uploads\/2017\/10\/Autoren-in-der-Presse-768x460.png 768w, https:\/\/deutsche-literaturgesellschaft.de\/wp-content\/uploads\/2017\/10\/Autoren-in-der-Presse-800x479.png 800w, https:\/\/deutsche-literaturgesellschaft.de\/wp-content\/uploads\/2017\/10\/Autoren-in-der-Presse-300x180.png 300w, https:\/\/deutsche-literaturgesellschaft.de\/wp-content\/uploads\/2017\/10\/Autoren-in-der-Presse-1024x613.png 1024w, https:\/\/deutsche-literaturgesellschaft.de\/wp-content\/uploads\/2017\/10\/Autoren-in-der-Presse-1000x599.png 1000w, https:\/\/deutsche-literaturgesellschaft.de\/wp-content\/uploads\/2017\/10\/Autoren-in-der-Presse-830x497.png 830w, https:\/\/deutsche-literaturgesellschaft.de\/wp-content\/uploads\/2017\/10\/Autoren-in-der-Presse-230x138.png 230w, https:\/\/deutsche-literaturgesellschaft.de\/wp-content\/uploads\/2017\/10\/Autoren-in-der-Presse-350x209.png 350w, https:\/\/deutsche-literaturgesellschaft.de\/wp-content\/uploads\/2017\/10\/Autoren-in-der-Presse-480x287.png 480w, https:\/\/deutsche-literaturgesellschaft.de\/wp-content\/uploads\/2017\/10\/Autoren-in-der-Presse.png 2000w\" sizes=\"(max-width: 768px) 100vw, 768px\" title=\"Authors in the press\" alt=\"Autoren in der Presse\" \t\tclass=\"so-widget-image\"\/>\n\t<\/div>\n\n<\/div><\/div><\/div><div id=\"panel-722-4-3-1\" class=\"so-panel widget widget_sow-editor panel-last-child\" data-index=\"10\" ><div style=\"text-align: left;\" data-title-color=\"#443f3f\" data-headings-color=\"#443f3f\" class=\"panel-widget-style panel-widget-style-for-722-4-3-1\" ><div\n\t\t\t\n\t\t\tclass=\"so-widget-sow-editor so-widget-sow-editor-base\"\n\t\t\t\n\t\t>\n<div class=\"siteorigin-widget-tinymce textwidget\">\n\t<p>\u00a0<\/p>\n<p>On the occasion of the highly acclaimed broadcast of \"Schicksalsjahre\" on ZDF, STIFTUNG LESEN presented books worth reading in a documentary. Including one by the literary society.<\/p>\n<\/div>\n<\/div><\/div><\/div><\/div><\/div><\/div><div id=\"pg-722-5\"  class=\"panel-grid panel-has-style\" ><div style=\"padding: 1px 0; \" data-overlay=\"true\" data-overlay-color=\"#000000\" class=\"panel-row-style panel-row-style-for-722-5\" ><div id=\"pgc-722-5-0\"  class=\"panel-grid-cell\" ><div id=\"panel-722-5-0-0\" class=\"so-panel widget widget_sow-editor panel-first-child panel-last-child\" data-index=\"11\" ><div style=\"text-align: left;\" data-title-color=\"#443f3f\" data-headings-color=\"#443f3f\" class=\"panel-widget-style panel-widget-style-for-722-5-0-0\" ><div\n\t\t\t\n\t\t\tclass=\"so-widget-sow-editor so-widget-sow-editor-base\"\n\t\t\t\n\t\t>\n<div class=\"siteorigin-widget-tinymce textwidget\">\n\t<hr \/>\n<p>\u00a0<\/p>\n<\/div>\n<\/div><\/div><\/div><\/div><\/div><\/div><div id=\"pg-722-6\"  class=\"panel-grid panel-has-style\" ><div style=\"padding: 1px 0; \" data-overlay=\"true\" data-overlay-color=\"#000000\" class=\"panel-row-style panel-row-style-for-722-6\" ><div id=\"pgc-722-6-0\"  class=\"panel-grid-cell\" ><div id=\"panel-722-6-0-0\" class=\"so-panel widget widget_sow-image panel-first-child\" data-index=\"12\" ><div style=\"text-align: left;\" data-title-color=\"#443f3f\" data-headings-color=\"#443f3f\" class=\"panel-widget-style panel-widget-style-for-722-6-0-0\" ><div\n\t\t\t\n\t\t\tclass=\"so-widget-sow-image so-widget-sow-image-default-8b5b6f678277-722\"\n\t\t\t\n\t\t>\n<div class=\"sow-image-container\">\n\t\t<img \n\tsrc=\"https:\/\/deutsche-literaturgesellschaft.de\/wp-content\/uploads\/2017\/10\/Self-Publishing-in-der-Presse.png\" width=\"780\" height=\"427\" srcset=\"https:\/\/deutsche-literaturgesellschaft.de\/wp-content\/uploads\/2017\/10\/Self-Publishing-in-der-Presse.png 780w, https:\/\/deutsche-literaturgesellschaft.de\/wp-content\/uploads\/2017\/10\/Self-Publishing-in-der-Presse-300x164.png 300w, https:\/\/deutsche-literaturgesellschaft.de\/wp-content\/uploads\/2017\/10\/Self-Publishing-in-der-Presse-768x420.png 768w, https:\/\/deutsche-literaturgesellschaft.de\/wp-content\/uploads\/2017\/10\/Self-Publishing-in-der-Presse-230x126.png 230w, https:\/\/deutsche-literaturgesellschaft.de\/wp-content\/uploads\/2017\/10\/Self-Publishing-in-der-Presse-350x192.png 350w, https:\/\/deutsche-literaturgesellschaft.de\/wp-content\/uploads\/2017\/10\/Self-Publishing-in-der-Presse-480x263.png 480w\" sizes=\"(max-width: 780px) 100vw, 780px\" title=\"BILD newspaper\" alt=\"\" \t\tclass=\"so-widget-image\"\/>\n\t<\/div>\n\n<\/div><\/div><\/div><div id=\"panel-722-6-0-1\" class=\"so-panel widget widget_sow-editor panel-last-child\" data-index=\"13\" ><div style=\"text-align: left;\" data-title-color=\"#443f3f\" data-headings-color=\"#443f3f\" class=\"panel-widget-style panel-widget-style-for-722-6-0-1\" ><div\n\t\t\t\n\t\t\tclass=\"so-widget-sow-editor so-widget-sow-editor-base\"\n\t\t\t\n\t\t>\n<div class=\"siteorigin-widget-tinymce textwidget\">\n\t<p>\u00a0<\/p>\n<p>BILD reports on Germany's most famous impostor<\/p>\n<\/div>\n<\/div><\/div><\/div><\/div><div id=\"pgc-722-6-1\"  class=\"panel-grid-cell panel-grid-cell-empty\" ><\/div><div id=\"pgc-722-6-2\"  class=\"panel-grid-cell panel-grid-cell-mobile-last\" ><div id=\"panel-722-6-2-0\" class=\"so-panel widget widget_sow-image panel-first-child\" data-index=\"14\" ><div style=\"text-align: left;\" data-title-color=\"#443f3f\" data-headings-color=\"#443f3f\" class=\"panel-widget-style panel-widget-style-for-722-6-2-0\" ><div\n\t\t\t\n\t\t\tclass=\"so-widget-sow-image so-widget-sow-image-default-8b5b6f678277-722\"\n\t\t\t\n\t\t>\n<div class=\"sow-image-container\">\n\t\t<img \n\tsrc=\"https:\/\/deutsche-literaturgesellschaft.de\/wp-content\/uploads\/2017\/10\/Rodja-Smolny.png\" width=\"602\" height=\"127\" srcset=\"https:\/\/deutsche-literaturgesellschaft.de\/wp-content\/uploads\/2017\/10\/Rodja-Smolny.png 602w, https:\/\/deutsche-literaturgesellschaft.de\/wp-content\/uploads\/2017\/10\/Rodja-Smolny-300x63.png 300w, https:\/\/deutsche-literaturgesellschaft.de\/wp-content\/uploads\/2017\/10\/Rodja-Smolny-230x49.png 230w, https:\/\/deutsche-literaturgesellschaft.de\/wp-content\/uploads\/2017\/10\/Rodja-Smolny-350x74.png 350w, https:\/\/deutsche-literaturgesellschaft.de\/wp-content\/uploads\/2017\/10\/Rodja-Smolny-480x101.png 480w\" sizes=\"(max-width: 602px) 100vw, 602px\" title=\"Rodja Smolny\" alt=\"Rodja Smolny\" \t\tclass=\"so-widget-image\"\/>\n\t<\/div>\n\n<\/div><\/div><\/div><div id=\"panel-722-6-2-1\" class=\"so-panel widget widget_sow-editor panel-last-child\" data-index=\"15\" ><div style=\"text-align: left;\" data-title-color=\"#443f3f\" data-headings-color=\"#443f3f\" class=\"panel-widget-style panel-widget-style-for-722-6-2-1\" ><div\n\t\t\t\n\t\t\tclass=\"so-widget-sow-editor so-widget-sow-editor-base\"\n\t\t\t\n\t\t>\n<div class=\"siteorigin-widget-tinymce textwidget\">\n\t<p>\u00a0<\/p>\n<p>WELT reports on publisher Rodja Smolny, who facilitates book projects by mostly unknown authors ...<\/p>\n<\/div>\n<\/div><\/div><\/div><\/div><div id=\"pgc-722-6-3\"  class=\"panel-grid-cell panel-grid-cell-empty\" ><\/div><\/div><\/div><div id=\"pg-722-7\"  class=\"panel-grid panel-has-style\" ><div style=\"padding: 1px 0; \" data-overlay=\"true\" data-overlay-color=\"#000000\" class=\"panel-row-style panel-row-style-for-722-7\" ><div id=\"pgc-722-7-0\"  class=\"panel-grid-cell\" ><div id=\"panel-722-7-0-0\" class=\"so-panel widget widget_sow-editor panel-first-child panel-last-child\" data-index=\"16\" ><div style=\"text-align: left;\" data-title-color=\"#443f3f\" data-headings-color=\"#443f3f\" class=\"panel-widget-style panel-widget-style-for-722-7-0-0\" ><div\n\t\t\t\n\t\t\tclass=\"so-widget-sow-editor so-widget-sow-editor-base\"\n\t\t\t\n\t\t>\n<div class=\"siteorigin-widget-tinymce textwidget\">\n\t<hr \/>\n<p>\u00a0<\/p>\n<\/div>\n<\/div><\/div><\/div><\/div><\/div><\/div><div id=\"pg-722-8\"  class=\"panel-grid panel-has-style\" ><div style=\"padding: 1px 0; \" data-overlay=\"true\" data-overlay-color=\"#000000\" class=\"panel-row-style panel-row-style-for-722-8\" ><div id=\"pgc-722-8-0\"  class=\"panel-grid-cell panel-grid-cell-empty\" ><\/div><div id=\"pgc-722-8-1\"  class=\"panel-grid-cell\" ><div id=\"panel-722-8-1-0\" class=\"so-panel widget widget_sow-image panel-first-child\" data-index=\"17\" ><div style=\"text-align: left;\" data-title-color=\"#443f3f\" data-headings-color=\"#443f3f\" class=\"panel-widget-style panel-widget-style-for-722-8-1-0\" ><div\n\t\t\t\n\t\t\tclass=\"so-widget-sow-image so-widget-sow-image-default-8b5b6f678277-722\"\n\t\t\t\n\t\t>\n<div class=\"sow-image-container\">\n\t\t<img \n\tsrc=\"https:\/\/deutsche-literaturgesellschaft.de\/wp-content\/uploads\/2017\/10\/Autoren-im-Radio.jpg\" width=\"304\" height=\"171\" srcset=\"https:\/\/deutsche-literaturgesellschaft.de\/wp-content\/uploads\/2017\/10\/Autoren-im-Radio.jpg 304w, https:\/\/deutsche-literaturgesellschaft.de\/wp-content\/uploads\/2017\/10\/Autoren-im-Radio-300x169.jpg 300w, https:\/\/deutsche-literaturgesellschaft.de\/wp-content\/uploads\/2017\/10\/Autoren-im-Radio-230x129.jpg 230w\" sizes=\"(max-width: 304px) 100vw, 304px\" title=\"Authors on the radio\" alt=\"\" \t\tclass=\"so-widget-image\"\/>\n\t<\/div>\n\n<\/div><\/div><\/div><div id=\"panel-722-8-1-1\" class=\"so-panel widget widget_sow-editor panel-last-child\" data-index=\"18\" ><div style=\"text-align: left;\" data-title-color=\"#443f3f\" data-headings-color=\"#443f3f\" class=\"panel-widget-style panel-widget-style-for-722-8-1-1\" ><div\n\t\t\t\n\t\t\tclass=\"so-widget-sow-editor so-widget-sow-editor-base\"\n\t\t\t\n\t\t>\n<div class=\"siteorigin-widget-tinymce textwidget\">\n\t<p>\u00a0<\/p>\n<p>Book tip: Rolf Tapfer, \"Tuppolo\"<\/p>\n<\/div>\n<\/div><\/div><\/div><\/div><div id=\"pgc-722-8-2\"  class=\"panel-grid-cell panel-grid-cell-empty\" ><\/div><div id=\"pgc-722-8-3\"  class=\"panel-grid-cell\" ><div id=\"panel-722-8-3-0\" class=\"so-panel widget widget_sow-image panel-first-child\" data-index=\"19\" ><div style=\"text-align: left;\" data-title-color=\"#443f3f\" data-headings-color=\"#443f3f\" class=\"panel-widget-style panel-widget-style-for-722-8-3-0\" ><div\n\t\t\t\n\t\t\tclass=\"so-widget-sow-image so-widget-sow-image-default-8b5b6f678277-722\"\n\t\t\t\n\t\t>\n<div class=\"sow-image-container\">\n\t\t<img \n\tsrc=\"https:\/\/deutsche-literaturgesellschaft.de\/wp-content\/uploads\/2017\/10\/Autorin-im-Fernsehen.png\" width=\"769\" height=\"569\" srcset=\"https:\/\/deutsche-literaturgesellschaft.de\/wp-content\/uploads\/2017\/10\/Autorin-im-Fernsehen.png 769w, https:\/\/deutsche-literaturgesellschaft.de\/wp-content\/uploads\/2017\/10\/Autorin-im-Fernsehen-300x222.png 300w, https:\/\/deutsche-literaturgesellschaft.de\/wp-content\/uploads\/2017\/10\/Autorin-im-Fernsehen-768x568.png 768w, https:\/\/deutsche-literaturgesellschaft.de\/wp-content\/uploads\/2017\/10\/Autorin-im-Fernsehen-230x170.png 230w, https:\/\/deutsche-literaturgesellschaft.de\/wp-content\/uploads\/2017\/10\/Autorin-im-Fernsehen-350x259.png 350w, https:\/\/deutsche-literaturgesellschaft.de\/wp-content\/uploads\/2017\/10\/Autorin-im-Fernsehen-480x355.png 480w\" sizes=\"(max-width: 769px) 100vw, 769px\" title=\"Paula Hiertz on WDR\" alt=\"Autorin im Fernsehen\" \t\tclass=\"so-widget-image\"\/>\n\t<\/div>\n\n<\/div><\/div><\/div><div id=\"panel-722-8-3-1\" class=\"so-panel widget widget_sow-editor panel-last-child\" data-index=\"20\" ><div style=\"text-align: left;\" data-title-color=\"#443f3f\" data-headings-color=\"#443f3f\" class=\"panel-widget-style panel-widget-style-for-722-8-3-1\" ><div\n\t\t\t\n\t\t\tclass=\"so-widget-sow-editor so-widget-sow-editor-base\"\n\t\t\t\n\t\t>\n<div class=\"siteorigin-widget-tinymce textwidget\">\n\t<p>\u00a0<\/p>\n<p>Our author Paula Hiertz on WDR<\/p>\n<\/div>\n<\/div><\/div><\/div><\/div><\/div><\/div><div id=\"pg-722-9\"  class=\"panel-grid panel-has-style\" ><div style=\"padding: 1px 0; \" data-overlay=\"true\" data-overlay-color=\"#000000\" class=\"panel-row-style panel-row-style-for-722-9\" ><div id=\"pgc-722-9-0\"  class=\"panel-grid-cell\" ><div id=\"panel-722-9-0-0\" class=\"so-panel widget widget_sow-editor panel-first-child panel-last-child\" data-index=\"21\" ><div style=\"text-align: left;\" data-title-color=\"#443f3f\" data-headings-color=\"#443f3f\" class=\"panel-widget-style panel-widget-style-for-722-9-0-0\" ><div\n\t\t\t\n\t\t\tclass=\"so-widget-sow-editor so-widget-sow-editor-base\"\n\t\t\t\n\t\t>\n<div class=\"siteorigin-widget-tinymce textwidget\">\n\t<hr \/>\n<p>\u00a0<\/p>\n<\/div>\n<\/div><\/div><\/div><\/div><\/div><\/div><div id=\"pg-722-10\"  class=\"panel-grid panel-has-style\" ><div style=\"padding: 1px 0; \" data-overlay=\"true\" data-overlay-color=\"#000000\" class=\"panel-row-style panel-row-style-for-722-10\" ><div id=\"pgc-722-10-0\"  class=\"panel-grid-cell\" ><div id=\"panel-722-10-0-0\" class=\"so-panel widget widget_sow-image panel-first-child\" data-index=\"22\" ><div style=\"text-align: left;\" data-title-color=\"#443f3f\" data-headings-color=\"#443f3f\" class=\"panel-widget-style panel-widget-style-for-722-10-0-0\" ><div\n\t\t\t\n\t\t\tclass=\"so-widget-sow-image so-widget-sow-image-default-8b5b6f678277-722\"\n\t\t\t\n\t\t>\n<div class=\"sow-image-container\">\n\t\t<img \n\tsrc=\"https:\/\/deutsche-literaturgesellschaft.de\/wp-content\/uploads\/2017\/10\/Autoren-in-Talkshows.jpg\" width=\"1280\" height=\"720\" srcset=\"https:\/\/deutsche-literaturgesellschaft.de\/wp-content\/uploads\/2017\/10\/Autoren-in-Talkshows.jpg 1280w, https:\/\/deutsche-literaturgesellschaft.de\/wp-content\/uploads\/2017\/10\/Autoren-in-Talkshows-800x450.jpg 800w, https:\/\/deutsche-literaturgesellschaft.de\/wp-content\/uploads\/2017\/10\/Autoren-in-Talkshows-300x169.jpg 300w, https:\/\/deutsche-literaturgesellschaft.de\/wp-content\/uploads\/2017\/10\/Autoren-in-Talkshows-768x432.jpg 768w, https:\/\/deutsche-literaturgesellschaft.de\/wp-content\/uploads\/2017\/10\/Autoren-in-Talkshows-1024x576.jpg 1024w, https:\/\/deutsche-literaturgesellschaft.de\/wp-content\/uploads\/2017\/10\/Autoren-in-Talkshows-1000x563.jpg 1000w, https:\/\/deutsche-literaturgesellschaft.de\/wp-content\/uploads\/2017\/10\/Autoren-in-Talkshows-830x467.jpg 830w, https:\/\/deutsche-literaturgesellschaft.de\/wp-content\/uploads\/2017\/10\/Autoren-in-Talkshows-230x129.jpg 230w, https:\/\/deutsche-literaturgesellschaft.de\/wp-content\/uploads\/2017\/10\/Autoren-in-Talkshows-350x197.jpg 350w, https:\/\/deutsche-literaturgesellschaft.de\/wp-content\/uploads\/2017\/10\/Autoren-in-Talkshows-480x270.jpg 480w\" sizes=\"(max-width: 1280px) 100vw, 1280px\" title=\"Authors on talk shows\" alt=\"Autoren in Talkshows\" \t\tclass=\"so-widget-image\"\/>\n\t<\/div>\n\n<\/div><\/div><\/div><div id=\"panel-722-10-0-1\" class=\"so-panel widget widget_sow-editor panel-last-child\" data-index=\"23\" ><div style=\"text-align: left;\" data-title-color=\"#443f3f\" data-headings-color=\"#443f3f\" class=\"panel-widget-style panel-widget-style-for-722-10-0-1\" ><div\n\t\t\t\n\t\t\tclass=\"so-widget-sow-editor so-widget-sow-editor-base\"\n\t\t\t\n\t\t>\n<div class=\"siteorigin-widget-tinymce textwidget\">\n\t<p>\u00a0<\/p>\n<p>Pastor Hans-J\u00fcrgen Meyer writes his unusual biography, with Margot K\u00e4\u00dfmann writing the foreword. In addition to the regional press Kreiszeitung and Neue Presse, the Hannoversche Allgemeine, NDR, ZDF-L\u00e4nderspiegel and Meyer was also featured on the SWR talk show Nachtcaf\u00e9.<\/p>\n<\/div>\n<\/div><\/div><\/div><\/div><div id=\"pgc-722-10-1\"  class=\"panel-grid-cell panel-grid-cell-empty\" ><\/div><div id=\"pgc-722-10-2\"  class=\"panel-grid-cell panel-grid-cell-mobile-last\" ><div id=\"panel-722-10-2-0\" class=\"so-panel widget widget_sow-image panel-first-child\" data-index=\"24\" ><div style=\"text-align: left;\" data-title-color=\"#443f3f\" data-headings-color=\"#443f3f\" class=\"panel-widget-style panel-widget-style-for-722-10-2-0\" ><div\n\t\t\t\n\t\t\tclass=\"so-widget-sow-image so-widget-sow-image-default-8b5b6f678277-722\"\n\t\t\t\n\t\t>\n<div class=\"sow-image-container\">\n\t\t<img \n\tsrc=\"https:\/\/deutsche-literaturgesellschaft.de\/wp-content\/uploads\/2017\/10\/Leserrezension-bei-Amazon.jpg\" width=\"1000\" height=\"364\" srcset=\"https:\/\/deutsche-literaturgesellschaft.de\/wp-content\/uploads\/2017\/10\/Leserrezension-bei-Amazon.jpg 1000w, https:\/\/deutsche-literaturgesellschaft.de\/wp-content\/uploads\/2017\/10\/Leserrezension-bei-Amazon-800x291.jpg 800w, https:\/\/deutsche-literaturgesellschaft.de\/wp-content\/uploads\/2017\/10\/Leserrezension-bei-Amazon-300x109.jpg 300w, https:\/\/deutsche-literaturgesellschaft.de\/wp-content\/uploads\/2017\/10\/Leserrezension-bei-Amazon-768x280.jpg 768w, https:\/\/deutsche-literaturgesellschaft.de\/wp-content\/uploads\/2017\/10\/Leserrezension-bei-Amazon-830x302.jpg 830w, https:\/\/deutsche-literaturgesellschaft.de\/wp-content\/uploads\/2017\/10\/Leserrezension-bei-Amazon-230x84.jpg 230w, https:\/\/deutsche-literaturgesellschaft.de\/wp-content\/uploads\/2017\/10\/Leserrezension-bei-Amazon-350x127.jpg 350w, https:\/\/deutsche-literaturgesellschaft.de\/wp-content\/uploads\/2017\/10\/Leserrezension-bei-Amazon-480x175.jpg 480w\" sizes=\"(max-width: 1000px) 100vw, 1000px\" title=\"Reader review at Amazon\" alt=\"Leserrezension bei Amazon\" \t\tclass=\"so-widget-image\"\/>\n\t<\/div>\n\n<\/div><\/div><\/div><div id=\"panel-722-10-2-1\" class=\"so-panel widget widget_sow-editor panel-last-child\" data-index=\"25\" ><div style=\"text-align: left;\" data-title-color=\"#443f3f\" data-headings-color=\"#443f3f\" class=\"panel-widget-style panel-widget-style-for-722-10-2-1\" ><div\n\t\t\t\n\t\t\tclass=\"so-widget-sow-editor so-widget-sow-editor-base\"\n\t\t\t\n\t\t>\n<div class=\"siteorigin-widget-tinymce textwidget\">\n\t<p>\u00a0<\/p>\n<p>\"The right book for vacation, leisure or travel. The novel impresses with its excellently researched detailed knowledge of the Seine metropolis. It almost becomes a travel guide to the most important sights in the dream city of Paris.\" Gerhard Sprissler, reader<\/p>\n<\/div>\n<\/div><\/div><\/div><\/div><div id=\"pgc-722-10-3\"  class=\"panel-grid-cell panel-grid-cell-empty\" ><\/div><\/div><\/div><div id=\"pg-722-11\"  class=\"panel-grid panel-has-style\" ><div style=\"padding: 1px 0; \" data-overlay=\"true\" data-overlay-color=\"#000000\" class=\"panel-row-style panel-row-style-for-722-11\" ><div id=\"pgc-722-11-0\"  class=\"panel-grid-cell\" ><div id=\"panel-722-11-0-0\" class=\"so-panel widget widget_sow-editor panel-first-child panel-last-child\" data-index=\"26\" ><div style=\"text-align: left;\" data-title-color=\"#443f3f\" data-headings-color=\"#443f3f\" class=\"panel-widget-style panel-widget-style-for-722-11-0-0\" ><div\n\t\t\t\n\t\t\tclass=\"so-widget-sow-editor so-widget-sow-editor-base\"\n\t\t\t\n\t\t>\n<div class=\"siteorigin-widget-tinymce textwidget\">\n\t<hr \/>\n<p>\u00a0<\/p>\n<\/div>\n<\/div><\/div><\/div><\/div><\/div><\/div><div id=\"pg-722-12\"  class=\"panel-grid panel-has-style\" ><div style=\"padding: 1px 0; \" data-overlay=\"true\" data-overlay-color=\"#000000\" class=\"panel-row-style panel-row-style-for-722-12\" ><div id=\"pgc-722-12-0\"  class=\"panel-grid-cell panel-grid-cell-empty\" ><\/div><div id=\"pgc-722-12-1\"  class=\"panel-grid-cell\" ><div id=\"panel-722-12-1-0\" class=\"so-panel widget widget_sow-image panel-first-child\" data-index=\"27\" ><div style=\"text-align: left;\" data-title-color=\"#443f3f\" data-headings-color=\"#443f3f\" class=\"panel-widget-style panel-widget-style-for-722-12-1-0\" ><div\n\t\t\t\n\t\t\tclass=\"so-widget-sow-image so-widget-sow-image-default-8b5b6f678277-722\"\n\t\t\t\n\t\t>\n<div class=\"sow-image-container\">\n\t\t<img \n\tsrc=\"https:\/\/deutsche-literaturgesellschaft.de\/wp-content\/uploads\/2017\/10\/Theresa-Zeitz-Pressestimmen.png\" width=\"139\" height=\"96\" sizes=\"(max-width: 139px) 100vw, 139px\" title=\"BILD newspaper\" alt=\"Theresa Zeitz Pressestimmen\" \t\tclass=\"so-widget-image\"\/>\n\t<\/div>\n\n<\/div><\/div><\/div><div id=\"panel-722-12-1-1\" class=\"so-panel widget widget_sow-editor panel-last-child\" data-index=\"28\" ><div style=\"text-align: left;\" data-title-color=\"#443f3f\" data-headings-color=\"#443f3f\" class=\"panel-widget-style panel-widget-style-for-722-12-1-1\" ><div\n\t\t\t\n\t\t\tclass=\"so-widget-sow-editor so-widget-sow-editor-base\"\n\t\t\t\n\t\t>\n<div class=\"siteorigin-widget-tinymce textwidget\">\n\t<p>\u00a0<\/p>\n<p>Thank you Theresa for this book!<\/p>\n<\/div>\n<\/div><\/div><\/div><\/div><div id=\"pgc-722-12-2\"  class=\"panel-grid-cell panel-grid-cell-empty\" ><\/div><div id=\"pgc-722-12-3\"  class=\"panel-grid-cell\" ><div id=\"panel-722-12-3-0\" class=\"so-panel widget widget_sow-image panel-first-child\" data-index=\"29\" ><div style=\"text-align: left;\" data-title-color=\"#443f3f\" data-headings-color=\"#443f3f\" class=\"panel-widget-style panel-widget-style-for-722-12-3-0\" ><div\n\t\t\t\n\t\t\tclass=\"so-widget-sow-image so-widget-sow-image-default-8b5b6f678277-722\"\n\t\t\t\n\t\t>\n<div class=\"sow-image-container\">\n\t\t<img \n\tsrc=\"https:\/\/deutsche-literaturgesellschaft.de\/wp-content\/uploads\/2017\/10\/Buchtipp.png\" width=\"878\" height=\"268\" srcset=\"https:\/\/deutsche-literaturgesellschaft.de\/wp-content\/uploads\/2017\/10\/Buchtipp.png 878w, https:\/\/deutsche-literaturgesellschaft.de\/wp-content\/uploads\/2017\/10\/Buchtipp-800x244.png 800w, https:\/\/deutsche-literaturgesellschaft.de\/wp-content\/uploads\/2017\/10\/Buchtipp-300x92.png 300w, https:\/\/deutsche-literaturgesellschaft.de\/wp-content\/uploads\/2017\/10\/Buchtipp-768x234.png 768w, https:\/\/deutsche-literaturgesellschaft.de\/wp-content\/uploads\/2017\/10\/Buchtipp-830x253.png 830w, https:\/\/deutsche-literaturgesellschaft.de\/wp-content\/uploads\/2017\/10\/Buchtipp-230x70.png 230w, https:\/\/deutsche-literaturgesellschaft.de\/wp-content\/uploads\/2017\/10\/Buchtipp-350x107.png 350w, https:\/\/deutsche-literaturgesellschaft.de\/wp-content\/uploads\/2017\/10\/Buchtipp-480x147.png 480w\" sizes=\"(max-width: 878px) 100vw, 878px\" title=\"BILD newspaper\" alt=\"\" \t\tclass=\"so-widget-image\"\/>\n\t<\/div>\n\n<\/div><\/div><\/div><div id=\"panel-722-12-3-1\" class=\"so-panel widget widget_sow-editor panel-last-child\" data-index=\"30\" ><div style=\"text-align: left;\" data-title-color=\"#443f3f\" data-headings-color=\"#443f3f\" class=\"panel-widget-style panel-widget-style-for-722-12-3-1\" ><div\n\t\t\t\n\t\t\tclass=\"so-widget-sow-editor so-widget-sow-editor-base\"\n\t\t\t\n\t\t>\n<div class=\"siteorigin-widget-tinymce textwidget\">\n\t<p>\u00a0<\/p>\n<p>Book tip: Theresa Zeitz \"What happens when you're dead?\"<\/p>\n<\/div>\n<\/div><\/div><\/div><\/div><\/div><\/div><div id=\"pg-722-13\"  class=\"panel-grid panel-has-style\" ><div style=\"padding: 1px 0; \" data-overlay=\"true\" data-overlay-color=\"#000000\" class=\"panel-row-style panel-row-style-for-722-13\" ><div id=\"pgc-722-13-0\"  class=\"panel-grid-cell\" ><div id=\"panel-722-13-0-0\" class=\"so-panel widget widget_sow-editor panel-first-child panel-last-child\" data-index=\"31\" ><div style=\"text-align: left;\" data-title-color=\"#443f3f\" data-headings-color=\"#443f3f\" class=\"panel-widget-style panel-widget-style-for-722-13-0-0\" ><div\n\t\t\t\n\t\t\tclass=\"so-widget-sow-editor so-widget-sow-editor-base\"\n\t\t\t\n\t\t>\n<div class=\"siteorigin-widget-tinymce textwidget\">\n\t<hr \/>\n<p>\u00a0<\/p>\n<\/div>\n<\/div><\/div><\/div><\/div><\/div><\/div><div id=\"pg-722-14\"  class=\"panel-grid panel-has-style\" ><div style=\"padding: 1px 0; \" data-overlay=\"true\" data-overlay-color=\"#000000\" class=\"panel-row-style panel-row-style-for-722-14\" ><div id=\"pgc-722-14-0\"  class=\"panel-grid-cell\" ><div id=\"panel-722-14-0-0\" class=\"so-panel widget widget_sow-image panel-first-child\" data-index=\"32\" ><div style=\"text-align: left;\" data-title-color=\"#443f3f\" data-headings-color=\"#443f3f\" class=\"panel-widget-style panel-widget-style-for-722-14-0-0\" ><div\n\t\t\t\n\t\t\tclass=\"so-widget-sow-image so-widget-sow-image-default-8b5b6f678277-722\"\n\t\t\t\n\t\t>\n<div class=\"sow-image-container\">\n\t\t<img \n\tsrc=\"https:\/\/deutsche-literaturgesellschaft.de\/wp-content\/uploads\/2017\/10\/Presse-Deutsche-Literaturgesellschaft.png\" width=\"420\" height=\"82\" sizes=\"(max-width: 420px) 100vw, 420px\" title=\"Press German Literary Society\" alt=\"Presse Deutsche Literaturgesellschaft\" \t\tclass=\"so-widget-image\"\/>\n\t<\/div>\n\n<\/div><\/div><\/div><div id=\"panel-722-14-0-1\" class=\"so-panel widget widget_sow-editor panel-last-child\" data-index=\"33\" ><div style=\"text-align: left;\" data-title-color=\"#443f3f\" data-headings-color=\"#443f3f\" class=\"panel-widget-style panel-widget-style-for-722-14-0-1\" ><div\n\t\t\t\n\t\t\tclass=\"so-widget-sow-editor so-widget-sow-editor-base\"\n\t\t\t\n\t\t>\n<div class=\"siteorigin-widget-tinymce textwidget\">\n\t<p>\u00a0<\/p>\n<p>Already an author at 15: Jena girl publishes her first book after three years<\/p>\n<\/div>\n<\/div><\/div><\/div><\/div><div id=\"pgc-722-14-1\"  class=\"panel-grid-cell panel-grid-cell-empty\" ><\/div><div id=\"pgc-722-14-2\"  class=\"panel-grid-cell panel-grid-cell-mobile-last\" ><div id=\"panel-722-14-2-0\" class=\"so-panel widget widget_sow-image panel-first-child\" data-index=\"34\" ><div style=\"text-align: left;\" data-title-color=\"#443f3f\" data-headings-color=\"#443f3f\" class=\"panel-widget-style panel-widget-style-for-722-14-2-0\" ><div\n\t\t\t\n\t\t\tclass=\"so-widget-sow-image so-widget-sow-image-default-8b5b6f678277-722\"\n\t\t\t\n\t\t>\n<div class=\"sow-image-container\">\n\t\t<img \n\tsrc=\"https:\/\/deutsche-literaturgesellschaft.de\/wp-content\/uploads\/2017\/10\/Referenz.png\" width=\"336\" height=\"375\" srcset=\"https:\/\/deutsche-literaturgesellschaft.de\/wp-content\/uploads\/2017\/10\/Referenz.png 336w, https:\/\/deutsche-literaturgesellschaft.de\/wp-content\/uploads\/2017\/10\/Referenz-269x300.png 269w, https:\/\/deutsche-literaturgesellschaft.de\/wp-content\/uploads\/2017\/10\/Referenz-230x257.png 230w\" sizes=\"(max-width: 336px) 100vw, 336px\" alt=\"Referenz\" \t\tclass=\"so-widget-image\"\/>\n\t<\/div>\n\n<\/div><\/div><\/div><div id=\"panel-722-14-2-1\" class=\"so-panel widget widget_sow-editor panel-last-child\" data-index=\"35\" ><div style=\"text-align: left;\" data-title-color=\"#443f3f\" data-headings-color=\"#443f3f\" class=\"panel-widget-style panel-widget-style-for-722-14-2-1\" ><div\n\t\t\t\n\t\t\tclass=\"so-widget-sow-editor so-widget-sow-editor-base\"\n\t\t\t\n\t\t>\n<div class=\"siteorigin-widget-tinymce textwidget\">\n\t<p>\u00a0<\/p>\n<p>The foreword to \"Macht und Moral - Die notwendigen Eigenschaften einer erfolgreichen F\u00fchrungskraft\" was written by the former Federal Minister of Finance (also former President of the Federal Council, Minister President) Hans Eichel.<\/p>\n<\/div>\n<\/div><\/div><\/div><\/div><div id=\"pgc-722-14-3\"  class=\"panel-grid-cell panel-grid-cell-empty\" ><\/div><\/div><\/div><div id=\"pg-722-15\"  class=\"panel-grid panel-has-style\" ><div style=\"padding: 1px 0; \" data-overlay=\"true\" data-overlay-color=\"#000000\" class=\"panel-row-style panel-row-style-for-722-15\" ><div id=\"pgc-722-15-0\"  class=\"panel-grid-cell\" ><div id=\"panel-722-15-0-0\" class=\"so-panel widget widget_sow-editor panel-first-child panel-last-child\" data-index=\"36\" ><div style=\"text-align: left;\" data-title-color=\"#443f3f\" data-headings-color=\"#443f3f\" class=\"panel-widget-style panel-widget-style-for-722-15-0-0\" ><div\n\t\t\t\n\t\t\tclass=\"so-widget-sow-editor so-widget-sow-editor-base\"\n\t\t\t\n\t\t>\n<div class=\"siteorigin-widget-tinymce textwidget\">\n\t<hr \/>\n<p>\u00a0<\/p>\n<\/div>\n<\/div><\/div><\/div><\/div><\/div><\/div><div id=\"pg-722-16\"  class=\"panel-grid panel-has-style\" ><div style=\"padding: 1px 0; \" data-overlay=\"true\" data-overlay-color=\"#000000\" class=\"panel-row-style panel-row-style-for-722-16\" ><div id=\"pgc-722-16-0\"  class=\"panel-grid-cell panel-grid-cell-empty\" ><\/div><div id=\"pgc-722-16-1\"  class=\"panel-grid-cell\" ><div id=\"panel-722-16-1-0\" class=\"so-panel widget widget_sow-image panel-first-child\" data-index=\"37\" ><div style=\"text-align: left;\" data-title-color=\"#443f3f\" data-headings-color=\"#443f3f\" class=\"panel-widget-style panel-widget-style-for-722-16-1-0\" ><div\n\t\t\t\n\t\t\tclass=\"so-widget-sow-image so-widget-sow-image-default-8b5b6f678277-722\"\n\t\t\t\n\t\t>\n<div class=\"sow-image-container\">\n\t\t<img \n\tsrc=\"https:\/\/deutsche-literaturgesellschaft.de\/wp-content\/uploads\/2017\/10\/Lesermeinung.png\" width=\"2560\" height=\"259\" srcset=\"https:\/\/deutsche-literaturgesellschaft.de\/wp-content\/uploads\/2017\/10\/Lesermeinung.png 2560w, https:\/\/deutsche-literaturgesellschaft.de\/wp-content\/uploads\/2017\/10\/Lesermeinung-800x81.png 800w, https:\/\/deutsche-literaturgesellschaft.de\/wp-content\/uploads\/2017\/10\/Lesermeinung-300x30.png 300w, https:\/\/deutsche-literaturgesellschaft.de\/wp-content\/uploads\/2017\/10\/Lesermeinung-768x78.png 768w, https:\/\/deutsche-literaturgesellschaft.de\/wp-content\/uploads\/2017\/10\/Lesermeinung-1024x103.png 1024w, https:\/\/deutsche-literaturgesellschaft.de\/wp-content\/uploads\/2017\/10\/Lesermeinung-1000x101.png 1000w, https:\/\/deutsche-literaturgesellschaft.de\/wp-content\/uploads\/2017\/10\/Lesermeinung-830x84.png 830w, https:\/\/deutsche-literaturgesellschaft.de\/wp-content\/uploads\/2017\/10\/Lesermeinung-230x23.png 230w, https:\/\/deutsche-literaturgesellschaft.de\/wp-content\/uploads\/2017\/10\/Lesermeinung-350x35.png 350w, https:\/\/deutsche-literaturgesellschaft.de\/wp-content\/uploads\/2017\/10\/Lesermeinung-480x48.png 480w\" sizes=\"(max-width: 2560px) 100vw, 2560px\" alt=\"Lesermeinung\" \t\tclass=\"so-widget-image\"\/>\n\t<\/div>\n\n<\/div><\/div><\/div><div id=\"panel-722-16-1-1\" class=\"so-panel widget widget_sow-editor panel-last-child\" data-index=\"38\" ><div style=\"text-align: left;\" data-title-color=\"#443f3f\" data-headings-color=\"#443f3f\" class=\"panel-widget-style panel-widget-style-for-722-16-1-1\" ><div\n\t\t\t\n\t\t\tclass=\"so-widget-sow-editor so-widget-sow-editor-base\"\n\t\t\t\n\t\t>\n<div class=\"siteorigin-widget-tinymce textwidget\">\n\t<p>\u00a0<\/p>\n<p>\"Local political novel that shakes people up and encourages them to fight back\" by reader winter_peter<\/p>\n<p>\"Current picture of our society, excitingly packaged\" by reader kathikatarinenhof<\/p>\n<\/div>\n<\/div><\/div><\/div><\/div><div id=\"pgc-722-16-2\"  class=\"panel-grid-cell panel-grid-cell-empty\" ><\/div><div id=\"pgc-722-16-3\"  class=\"panel-grid-cell\" ><div id=\"panel-722-16-3-0\" class=\"so-panel widget widget_sow-image panel-first-child\" data-index=\"39\" ><div style=\"text-align: left;\" data-title-color=\"#443f3f\" data-headings-color=\"#443f3f\" class=\"panel-widget-style panel-widget-style-for-722-16-3-0\" ><div\n\t\t\t\n\t\t\tclass=\"so-widget-sow-image so-widget-sow-image-default-8b5b6f678277-722\"\n\t\t\t\n\t\t>\n<div class=\"sow-image-container\">\n\t\t<img \n\tsrc=\"https:\/\/deutsche-literaturgesellschaft.de\/wp-content\/uploads\/2017\/10\/Autorinnen-auf-der-Buchmesse-Frankfurt.png\" width=\"761\" height=\"708\" srcset=\"https:\/\/deutsche-literaturgesellschaft.de\/wp-content\/uploads\/2017\/10\/Autorinnen-auf-der-Buchmesse-Frankfurt.png 761w, https:\/\/deutsche-literaturgesellschaft.de\/wp-content\/uploads\/2017\/10\/Autorinnen-auf-der-Buchmesse-Frankfurt-300x279.png 300w, https:\/\/deutsche-literaturgesellschaft.de\/wp-content\/uploads\/2017\/10\/Autorinnen-auf-der-Buchmesse-Frankfurt-230x214.png 230w, https:\/\/deutsche-literaturgesellschaft.de\/wp-content\/uploads\/2017\/10\/Autorinnen-auf-der-Buchmesse-Frankfurt-350x326.png 350w, https:\/\/deutsche-literaturgesellschaft.de\/wp-content\/uploads\/2017\/10\/Autorinnen-auf-der-Buchmesse-Frankfurt-480x447.png 480w\" sizes=\"(max-width: 761px) 100vw, 761px\" title=\"Women authors at the Frankfurt Book Fair\" alt=\"Autorinnen auf der Buchmesse Frankfurt\" \t\tclass=\"so-widget-image\"\/>\n\t<\/div>\n\n<\/div><\/div><\/div><div id=\"panel-722-16-3-1\" class=\"so-panel widget widget_sow-editor panel-last-child\" data-index=\"40\" ><div style=\"text-align: left;\" data-title-color=\"#443f3f\" data-headings-color=\"#443f3f\" class=\"panel-widget-style panel-widget-style-for-722-16-3-1\" ><div\n\t\t\t\n\t\t\tclass=\"so-widget-sow-editor so-widget-sow-editor-base\"\n\t\t\t\n\t\t>\n<div class=\"siteorigin-widget-tinymce textwidget\">\n\t<p>\u00a0<\/p>\n<p>Three generations of our authors at the Frankfurt Book Fair - and we are proud of all three!<\/p>\n<\/div>\n<\/div><\/div><\/div><\/div><\/div><\/div><div id=\"pg-722-17\"  class=\"panel-grid panel-has-style\" ><div style=\"padding: 1px 0; \" data-overlay=\"true\" data-overlay-color=\"#000000\" class=\"panel-row-style panel-row-style-for-722-17\" ><div id=\"pgc-722-17-0\"  class=\"panel-grid-cell\" ><div id=\"panel-722-17-0-0\" class=\"so-panel widget widget_sow-editor panel-first-child panel-last-child\" data-index=\"41\" ><div style=\"text-align: left;\" data-title-color=\"#443f3f\" data-headings-color=\"#443f3f\" class=\"panel-widget-style panel-widget-style-for-722-17-0-0\" ><div\n\t\t\t\n\t\t\tclass=\"so-widget-sow-editor so-widget-sow-editor-base\"\n\t\t\t\n\t\t>\n<div class=\"siteorigin-widget-tinymce textwidget\">\n\t<hr \/>\n<p>\u00a0<\/p>\n<\/div>\n<\/div><\/div><\/div><\/div><\/div><\/div><div id=\"pg-722-18\"  class=\"panel-grid panel-has-style\" ><div style=\"padding: 1px 0; \" data-overlay=\"true\" data-overlay-color=\"#000000\" class=\"panel-row-style panel-row-style-for-722-18\" ><div id=\"pgc-722-18-0\"  class=\"panel-grid-cell\" ><div id=\"panel-722-18-0-0\" class=\"so-panel widget widget_sow-image panel-first-child\" data-index=\"42\" ><div style=\"text-align: left;\" data-title-color=\"#443f3f\" data-headings-color=\"#443f3f\" class=\"panel-widget-style panel-widget-style-for-722-18-0-0\" ><div\n\t\t\t\n\t\t\tclass=\"so-widget-sow-image so-widget-sow-image-default-8b5b6f678277-722\"\n\t\t\t\n\t\t>\n<div class=\"sow-image-container\">\n\t\t<img \n\tsrc=\"https:\/\/deutsche-literaturgesellschaft.de\/wp-content\/uploads\/2017\/10\/Autoren-in-der-Presse-Deutsche-Literaturgesellschaft.png\" width=\"359\" height=\"199\" srcset=\"https:\/\/deutsche-literaturgesellschaft.de\/wp-content\/uploads\/2017\/10\/Autoren-in-der-Presse-Deutsche-Literaturgesellschaft.png 359w, https:\/\/deutsche-literaturgesellschaft.de\/wp-content\/uploads\/2017\/10\/Autoren-in-der-Presse-Deutsche-Literaturgesellschaft-300x166.png 300w, https:\/\/deutsche-literaturgesellschaft.de\/wp-content\/uploads\/2017\/10\/Autoren-in-der-Presse-Deutsche-Literaturgesellschaft-230x127.png 230w, https:\/\/deutsche-literaturgesellschaft.de\/wp-content\/uploads\/2017\/10\/Autoren-in-der-Presse-Deutsche-Literaturgesellschaft-350x194.png 350w\" sizes=\"(max-width: 359px) 100vw, 359px\" title=\"Authors in the press German Literary Society\" alt=\"Autoren in der Presse Deutsche Literaturgesellschaft\" \t\tclass=\"so-widget-image\"\/>\n\t<\/div>\n\n<\/div><\/div><\/div><div id=\"panel-722-18-0-1\" class=\"so-panel widget widget_sow-editor panel-last-child\" data-index=\"43\" ><div style=\"text-align: left;\" data-title-color=\"#443f3f\" data-headings-color=\"#443f3f\" class=\"panel-widget-style panel-widget-style-for-722-18-0-1\" ><div\n\t\t\t\n\t\t\tclass=\"so-widget-sow-editor so-widget-sow-editor-base\"\n\t\t\t\n\t\t>\n<div class=\"siteorigin-widget-tinymce textwidget\">\n\t<p>\u00a0<\/p>\n<p>The Stuttgarter Zeitung reported on author Martin Bergau on a double-page spread. Incidentally, Bergau worked for a long time as an expert consultant for the ZDF History editorial team.<\/p>\n<\/div>\n<\/div><\/div><\/div><\/div><div id=\"pgc-722-18-1\"  class=\"panel-grid-cell panel-grid-cell-empty\" ><\/div><div id=\"pgc-722-18-2\"  class=\"panel-grid-cell panel-grid-cell-mobile-last\" ><div id=\"panel-722-18-2-0\" class=\"so-panel widget widget_sow-image panel-first-child\" data-index=\"44\" ><div style=\"text-align: left;\" data-title-color=\"#443f3f\" data-headings-color=\"#443f3f\" class=\"panel-widget-style panel-widget-style-for-722-18-2-0\" ><div\n\t\t\t\n\t\t\tclass=\"so-widget-sow-image so-widget-sow-image-default-8b5b6f678277-722\"\n\t\t\t\n\t\t>\n<div class=\"sow-image-container\">\n\t\t<img \n\tsrc=\"https:\/\/deutsche-literaturgesellschaft.de\/wp-content\/uploads\/2017\/10\/Schweizer-Literaturgesellschaft-Autor-im-SRF.jpg\" width=\"404\" height=\"227\" srcset=\"https:\/\/deutsche-literaturgesellschaft.de\/wp-content\/uploads\/2017\/10\/Schweizer-Literaturgesellschaft-Autor-im-SRF.jpg 404w, https:\/\/deutsche-literaturgesellschaft.de\/wp-content\/uploads\/2017\/10\/Schweizer-Literaturgesellschaft-Autor-im-SRF-300x169.jpg 300w, https:\/\/deutsche-literaturgesellschaft.de\/wp-content\/uploads\/2017\/10\/Schweizer-Literaturgesellschaft-Autor-im-SRF-230x129.jpg 230w, https:\/\/deutsche-literaturgesellschaft.de\/wp-content\/uploads\/2017\/10\/Schweizer-Literaturgesellschaft-Autor-im-SRF-350x197.jpg 350w\" sizes=\"(max-width: 404px) 100vw, 404px\" title=\"Swiss Literary Society Author on SRF\" alt=\"Schweizer Literaturgesellschaft Autor im SRF\" \t\tclass=\"so-widget-image\"\/>\n\t<\/div>\n\n<\/div><\/div><\/div><div id=\"panel-722-18-2-1\" class=\"so-panel widget widget_sow-editor panel-last-child\" data-index=\"45\" ><div style=\"text-align: left;\" data-title-color=\"#443f3f\" data-headings-color=\"#443f3f\" class=\"panel-widget-style panel-widget-style-for-722-18-2-1\" ><div\n\t\t\t\n\t\t\tclass=\"so-widget-sow-editor so-widget-sow-editor-base\"\n\t\t\t\n\t\t>\n<div class=\"siteorigin-widget-tinymce textwidget\">\n\t<p>\u00a0<\/p>\n<p>Literary society author Peter Zuber talks about his emigration experiences on Swiss television SRF Club<\/p>\n<\/div>\n<\/div><\/div><\/div><\/div><div id=\"pgc-722-18-3\"  class=\"panel-grid-cell panel-grid-cell-empty\" ><\/div><\/div><\/div><div id=\"pg-722-19\"  class=\"panel-grid panel-has-style\" ><div style=\"padding: 1px 0; \" data-overlay=\"true\" data-overlay-color=\"#000000\" class=\"panel-row-style panel-row-style-for-722-19\" ><div id=\"pgc-722-19-0\"  class=\"panel-grid-cell\" ><div id=\"panel-722-19-0-0\" class=\"so-panel widget widget_sow-editor panel-first-child panel-last-child\" data-index=\"46\" ><div style=\"text-align: left;\" data-title-color=\"#443f3f\" data-headings-color=\"#443f3f\" class=\"panel-widget-style panel-widget-style-for-722-19-0-0\" ><div\n\t\t\t\n\t\t\tclass=\"so-widget-sow-editor so-widget-sow-editor-base\"\n\t\t\t\n\t\t>\n<div class=\"siteorigin-widget-tinymce textwidget\">\n\t<hr \/>\n<p>\u00a0<\/p>\n<\/div>\n<\/div><\/div><\/div><\/div><\/div><\/div><div id=\"pg-722-20\"  class=\"panel-grid panel-has-style\" ><div style=\"padding: 1px 0; \" data-overlay=\"true\" data-overlay-color=\"#000000\" class=\"panel-row-style panel-row-style-for-722-20\" ><div id=\"pgc-722-20-0\"  class=\"panel-grid-cell panel-grid-cell-empty\" ><\/div><div id=\"pgc-722-20-1\"  class=\"panel-grid-cell\" ><div id=\"panel-722-20-1-0\" class=\"so-panel widget widget_sow-image panel-first-child\" data-index=\"47\" ><div style=\"text-align: left;\" data-title-color=\"#443f3f\" data-headings-color=\"#443f3f\" class=\"panel-widget-style panel-widget-style-for-722-20-1-0\" ><div\n\t\t\t\n\t\t\tclass=\"so-widget-sow-image so-widget-sow-image-default-8b5b6f678277-722\"\n\t\t\t\n\t\t>\n<div class=\"sow-image-container\">\n\t\t<img \n\tsrc=\"https:\/\/deutsche-literaturgesellschaft.de\/wp-content\/uploads\/2017\/10\/Bestseller-Schweizer-Literaturgesellschaft.png\" width=\"960\" height=\"530\" srcset=\"https:\/\/deutsche-literaturgesellschaft.de\/wp-content\/uploads\/2017\/10\/Bestseller-Schweizer-Literaturgesellschaft.png 960w, https:\/\/deutsche-literaturgesellschaft.de\/wp-content\/uploads\/2017\/10\/Bestseller-Schweizer-Literaturgesellschaft-800x442.png 800w, https:\/\/deutsche-literaturgesellschaft.de\/wp-content\/uploads\/2017\/10\/Bestseller-Schweizer-Literaturgesellschaft-300x166.png 300w, https:\/\/deutsche-literaturgesellschaft.de\/wp-content\/uploads\/2017\/10\/Bestseller-Schweizer-Literaturgesellschaft-768x424.png 768w, https:\/\/deutsche-literaturgesellschaft.de\/wp-content\/uploads\/2017\/10\/Bestseller-Schweizer-Literaturgesellschaft-830x458.png 830w, https:\/\/deutsche-literaturgesellschaft.de\/wp-content\/uploads\/2017\/10\/Bestseller-Schweizer-Literaturgesellschaft-230x127.png 230w, https:\/\/deutsche-literaturgesellschaft.de\/wp-content\/uploads\/2017\/10\/Bestseller-Schweizer-Literaturgesellschaft-350x193.png 350w, https:\/\/deutsche-literaturgesellschaft.de\/wp-content\/uploads\/2017\/10\/Bestseller-Schweizer-Literaturgesellschaft-480x265.png 480w\" sizes=\"(max-width: 960px) 100vw, 960px\" title=\"Bestseller Swiss Literary Society\" alt=\"\" \t\tclass=\"so-widget-image\"\/>\n\t<\/div>\n\n<\/div><\/div><\/div><div id=\"panel-722-20-1-1\" class=\"so-panel widget widget_sow-editor panel-last-child\" data-index=\"48\" ><div style=\"text-align: left;\" data-title-color=\"#443f3f\" data-headings-color=\"#443f3f\" class=\"panel-widget-style panel-widget-style-for-722-20-1-1\" ><div\n\t\t\t\n\t\t\tclass=\"so-widget-sow-editor so-widget-sow-editor-base\"\n\t\t\t\n\t\t>\n<div class=\"siteorigin-widget-tinymce textwidget\">\n\t<p>\u00a0<\/p>\n<p>The book \"Dog training\" by our author Erika Howald rose to number 1 on the category bestseller list shortly after its publication!<\/p>\n<\/div>\n<\/div><\/div><\/div><\/div><div id=\"pgc-722-20-2\"  class=\"panel-grid-cell panel-grid-cell-empty\" ><\/div><div id=\"pgc-722-20-3\"  class=\"panel-grid-cell\" ><div id=\"panel-722-20-3-0\" class=\"so-panel widget widget_sow-image panel-first-child\" data-index=\"49\" ><div style=\"text-align: left;\" data-title-color=\"#443f3f\" data-headings-color=\"#443f3f\" class=\"panel-widget-style panel-widget-style-for-722-20-3-0\" ><div\n\t\t\t\n\t\t\tclass=\"so-widget-sow-image so-widget-sow-image-default-8b5b6f678277-722\"\n\t\t\t\n\t\t>\n<div class=\"sow-image-container\">\n\t\t<img \n\tsrc=\"https:\/\/deutsche-literaturgesellschaft.de\/wp-content\/uploads\/2017\/10\/Referenzen-Literaturgesellschaft.png\" width=\"834\" height=\"547\" srcset=\"https:\/\/deutsche-literaturgesellschaft.de\/wp-content\/uploads\/2017\/10\/Referenzen-Literaturgesellschaft.png 834w, https:\/\/deutsche-literaturgesellschaft.de\/wp-content\/uploads\/2017\/10\/Referenzen-Literaturgesellschaft-800x525.png 800w, https:\/\/deutsche-literaturgesellschaft.de\/wp-content\/uploads\/2017\/10\/Referenzen-Literaturgesellschaft-300x197.png 300w, https:\/\/deutsche-literaturgesellschaft.de\/wp-content\/uploads\/2017\/10\/Referenzen-Literaturgesellschaft-768x504.png 768w, https:\/\/deutsche-literaturgesellschaft.de\/wp-content\/uploads\/2017\/10\/Referenzen-Literaturgesellschaft-830x544.png 830w, https:\/\/deutsche-literaturgesellschaft.de\/wp-content\/uploads\/2017\/10\/Referenzen-Literaturgesellschaft-230x151.png 230w, https:\/\/deutsche-literaturgesellschaft.de\/wp-content\/uploads\/2017\/10\/Referenzen-Literaturgesellschaft-350x230.png 350w, https:\/\/deutsche-literaturgesellschaft.de\/wp-content\/uploads\/2017\/10\/Referenzen-Literaturgesellschaft-480x315.png 480w\" sizes=\"(max-width: 834px) 100vw, 834px\" title=\"References Literary Society\" alt=\"Referenzen Literaturgesellschaft\" \t\tclass=\"so-widget-image\"\/>\n\t<\/div>\n\n<\/div><\/div><\/div><div id=\"panel-722-20-3-1\" class=\"so-panel widget widget_sow-editor panel-last-child\" data-index=\"50\" ><div style=\"text-align: left;\" data-title-color=\"#443f3f\" data-headings-color=\"#443f3f\" class=\"panel-widget-style panel-widget-style-for-722-20-3-1\" ><div\n\t\t\t\n\t\t\tclass=\"so-widget-sow-editor so-widget-sow-editor-base\"\n\t\t\t\n\t\t>\n<div class=\"siteorigin-widget-tinymce textwidget\">\n\t<p>\u00a0<\/p>\n<p>\"A colorful portrait of morality and at the same time a haunting document of a self-determined life.\"<\/p>\n<\/div>\n<\/div><\/div><\/div><\/div><\/div><\/div><div id=\"pg-722-21\"  class=\"panel-grid panel-has-style\" ><div style=\"padding: 1px 0; \" data-overlay=\"true\" data-overlay-color=\"#000000\" class=\"panel-row-style panel-row-style-for-722-21\" ><div id=\"pgc-722-21-0\"  class=\"panel-grid-cell panel-grid-cell-empty\" ><\/div><div id=\"pgc-722-21-1\"  class=\"panel-grid-cell panel-grid-cell-empty\" ><\/div><div id=\"pgc-722-21-2\"  class=\"panel-grid-cell panel-grid-cell-mobile-last\" ><div id=\"panel-722-21-2-0\" class=\"so-panel widget widget_sow-image panel-first-child\" data-index=\"51\" ><div style=\"text-align: left;\" data-title-color=\"#443f3f\" data-headings-color=\"#443f3f\" class=\"panel-widget-style panel-widget-style-for-722-21-2-0\" ><div\n\t\t\t\n\t\t\tclass=\"so-widget-sow-image so-widget-sow-image-default-8b5b6f678277-722\"\n\t\t\t\n\t\t>\n<div class=\"sow-image-container\">\n\t\t<img \n\tsrc=\"https:\/\/deutsche-literaturgesellschaft.de\/wp-content\/uploads\/2019\/10\/Sandra-Vogel-aus-Krefeld-hat-\u00fcber-ihre-Hirntumor-Erkrankung-geschrieben-1-768x615.jpg\" width=\"768\" height=\"615\" srcset=\"https:\/\/deutsche-literaturgesellschaft.de\/wp-content\/uploads\/2019\/10\/Sandra-Vogel-aus-Krefeld-hat-\u00fcber-ihre-Hirntumor-Erkrankung-geschrieben-1-768x615.jpg 768w, https:\/\/deutsche-literaturgesellschaft.de\/wp-content\/uploads\/2019\/10\/Sandra-Vogel-aus-Krefeld-hat-\u00fcber-ihre-Hirntumor-Erkrankung-geschrieben-1-scaled-800x641.jpg 800w, https:\/\/deutsche-literaturgesellschaft.de\/wp-content\/uploads\/2019\/10\/Sandra-Vogel-aus-Krefeld-hat-\u00fcber-ihre-Hirntumor-Erkrankung-geschrieben-1-300x240.jpg 300w, https:\/\/deutsche-literaturgesellschaft.de\/wp-content\/uploads\/2019\/10\/Sandra-Vogel-aus-Krefeld-hat-\u00fcber-ihre-Hirntumor-Erkrankung-geschrieben-1-1024x820.jpg 1024w, https:\/\/deutsche-literaturgesellschaft.de\/wp-content\/uploads\/2019\/10\/Sandra-Vogel-aus-Krefeld-hat-\u00fcber-ihre-Hirntumor-Erkrankung-geschrieben-1-830x665.jpg 830w, https:\/\/deutsche-literaturgesellschaft.de\/wp-content\/uploads\/2019\/10\/Sandra-Vogel-aus-Krefeld-hat-\u00fcber-ihre-Hirntumor-Erkrankung-geschrieben-1-230x184.jpg 230w, https:\/\/deutsche-literaturgesellschaft.de\/wp-content\/uploads\/2019\/10\/Sandra-Vogel-aus-Krefeld-hat-\u00fcber-ihre-Hirntumor-Erkrankung-geschrieben-1-350x280.jpg 350w, https:\/\/deutsche-literaturgesellschaft.de\/wp-content\/uploads\/2019\/10\/Sandra-Vogel-aus-Krefeld-hat-\u00fcber-ihre-Hirntumor-Erkrankung-geschrieben-1-480x384.jpg 480w, https:\/\/deutsche-literaturgesellschaft.de\/wp-content\/uploads\/2019\/10\/Sandra-Vogel-aus-Krefeld-hat-\u00fcber-ihre-Hirntumor-Erkrankung-geschrieben-1-scaled-1000x801.jpg 1000w, https:\/\/deutsche-literaturgesellschaft.de\/wp-content\/uploads\/2019\/10\/Sandra-Vogel-aus-Krefeld-hat-\u00fcber-ihre-Hirntumor-Erkrankung-geschrieben-1-scaled.jpg 2048w\" sizes=\"(max-width: 768px) 100vw, 768px\" title=\"Sandra-Vogel-in-the-WZ-Krefeld-German-Literary-Society\" alt=\"Sandra-Vogel-in-der-WZ-Krefeld-Deutsche-Literaturgesellschaft\" \t\tclass=\"so-widget-image\"\/>\n\t<\/div>\n\n<\/div><\/div><\/div><div id=\"panel-722-21-2-1\" class=\"so-panel widget widget_sow-editor panel-last-child\" data-index=\"52\" ><div style=\"text-align: left;\" data-title-color=\"#443f3f\" data-headings-color=\"#443f3f\" class=\"panel-widget-style panel-widget-style-for-722-21-2-1\" ><div\n\t\t\t\n\t\t\tclass=\"so-widget-sow-editor so-widget-sow-editor-base\"\n\t\t\t\n\t\t>\n<div class=\"siteorigin-widget-tinymce textwidget\">\n\t<p>Westdeutsche Zeitung: Sandra Rosenberg is probably the best example of someone who can take something good out of a really bad situation. At least in hindsight. Click here for the whole <a href=\"https:\/\/www.wz.de\/nrw\/krefeld\/sandra-vogel-aus-krefeld-hat-ueber-ihre-hirntumor-erkrankung-geschrieben_aid-46050937\" target=\"_blank\" rel=\"noopener\">Article<\/a><\/p>\n<\/div>\n<\/div><\/div><\/div><\/div><div id=\"pgc-722-21-3\"  class=\"panel-grid-cell panel-grid-cell-empty\" ><\/div><\/div><\/div><div id=\"pg-722-22\"  class=\"panel-grid panel-has-style\" ><div style=\"padding: 100px 0; \" data-overlay=\"true\" data-overlay-color=\"#000000\" class=\"panel-row-style panel-row-style-for-722-22\" ><div id=\"pgc-722-22-0\"  class=\"panel-grid-cell\" ><div id=\"panel-722-22-0-0\" class=\"widget_text so-panel widget widget_custom_html panel-first-child panel-last-child\" data-index=\"53\" ><div style=\"text-align: left;\" data-title-color=\"#443f3f\" data-headings-color=\"#443f3f\" class=\"widget_text panel-widget-style panel-widget-style-for-722-22-0-0\" ><div class=\"textwidget custom-html-widget\"><style type=\"text\/css\">\n<\/style><div id=\"feed_dynamic_classmwwhjsupff_basic\" class=\"fts-instagram-inline-block-centered feed_dynamic_classmwwhjsupff_basic\"  data-ftsi-columns=\"3\" data-ftsi-columns-tablet=\"2\" data-ftsi-columns-mobile=\"1\" data-ftsi-force-columns=\"\" data-ftsi-margin=\"1px\" data-ftsi-height=\"\">                                                        <div class=\"slicker-instagram-placeholder fts-instagram-wrapper\" style=\"background-image:url('https:\/\/scontent-fra5-2.cdninstagram.com\/v\/t39.30808-6\/768408813_1495134872630614_98973539827723722_n.jpg?stp=dst-jpg_e35_tt6&#038;_nc_cat=107&#038;ccb=7-5&#038;_nc_sid=18de74&#038;efg=eyJlZmdfdGFnIjoiRkVFRC5iZXN0X2ltYWdlX3VybGdlbi5DMyJ9&#038;_nc_ohc=tbTnMSX-fdQQ7kNvwEoQYAk&#038;_nc_oc=AdrEhB7ON3xzPMYmw7kqhZmALbUnQNKjWfsV5U8giO0SOphSfMqyL0GY_eBNAVh2thgIVuDziizr68hYrLWRTOdF&#038;_nc_zt=23&#038;_nc_ht=scontent-fra5-2.cdninstagram.com&#038;edm=ANQ71j8EAAAA&#038;_nc_gid=03mhKDC1d64JvOYmLLdPoQ&#038;_nc_tpa=Q5bMBQJJLUK2zyBeDEq_7M9kx9beoE486uEhtKMwrgF1x0OqhxAY6mSQ8zPNEdPZSg9gOwA0Ug9MkHSo&#038;oh=00_AQIXuSaVlRgfDPRCQDch3FajWoxnqOdq3XFKWCKzem6tKw&#038;oe=6A9BD964')\">\n                                            <a href=\"https:\/\/www.instagram.com\/p\/DcHKg2EDLVI\/\" title=\"What does it mean to think, to believe, to love\u2014and to be human? In *I Am, Therefore I Think*, Michael J\u00e4ger combines philosophical reflections with poetic observations on life, freedom, love, doubt, and the search for meaning.A book for people who aren\u2019t satisfied with simple answers. For everyone who wants to pause, question, and give their own thoughts some space. A book about being, thinking, and what lies beyond. \ud83d\udcd6 Michael J\u00e4ger \u2013 I Am, Therefore I Think When Mephisto died, God Went to the Psychiatrist#IamThereforeIThink #MichaelJ\u00e4ger #Philosophy #Literature #Thoughts #Reflection #MeaningOfLife #PoeticThoughts #LoveOfBooks #RecommendedRead #BookInspiration\" target=\"_blank\" rel=\"noreferrer noopener\" class=\"fts-instagram-link-target fts-slicker-backg                         fts-instagram-img-link\" style=\"height:65px !important; width:65px; line-height:65px; font-size:65px;\"><span class=\"fts-instagram-icon\" style=\"height:65px; width:65px; line-height:65px; font-size:65px;\"><\/span><\/a>\n                        \n                        <div class='slicker-date'>\n\n                            <div class=\"fts-insta-date-popup-grab\">\n                            16\/08\/2026 @ 21:00                            <\/div>\n                        <\/div>\n                    <div class='slicker-instaG-backg-link'>\n\n                        <div class='slicker-instaG-photoshadow'><\/div>\n                    <\/div>\n                        <div class=\"fts-insta-likes-comments-grab-popup\">\n\n                            <div class=\"fts-share-wrap\"><a href=\"javascript:;\" class=\"ft-gallery-link-popup\" title=\"Social Share Options\"><\/a><div class=\"ft-gallery-share-wrap\"><a href=\"https:\/\/www.facebook.com\/sharer\/sharer.php?u=https:\/\/www.instagram.com\/p\/DcHKg2EDLVI\/\" target=\"_blank\" rel=\"noreferrer noopener\" class=\"ft-galleryfacebook-icon\" title=\"Share this post on Facebook\"><i class=\"fa fa-facebook-square\"><\/i><\/a><a href=\"https:\/\/twitter.com\/intent\/tweet?text=https:\/\/www.instagram.com\/p\/DcHKg2EDLVI\/+Was bedeutet es, zu denken, zu glauben, zu lieben \u2013 und Mensch zu sein?In \u201eIch bin, also denke ich\u201c verbindet Michael J\u00e4ger philosophische Gedanken mit poetischen Beobachtungen \u00fcber Leben, Freiheit, Liebe, Zweifel und die Suche nach Sinn.Ein Buch f\u00fcr Menschen, die sich mit einfachen Antworten nicht zufriedengeben.F\u00fcr alle, die innehalten, hinterfragen und den eigenen Gedanken Raum geben m\u00f6chten.Ein Buch \u00fcber das Sein, das Denken und das, was dar\u00fcber hinausgeht.\ud83d\udcd6 Michael J\u00e4ger \u2013 Ich bin, also denke ichAls Mephisto starb, ging Gott zum Psychiater#IchBinAlsoDenkeIch #MichaelJ\u00e4ger #Philosophie #Literatur #Gedanken #Nachdenken #SinnDesLebens #PoetischeGedanken #B\u00fccherliebe #Lesetipp #BuchInspiration\" target=\"_blank\" rel=\"noreferrer noopener\" class=\"ft-gallerytwitter-icon\" title=\"Share this post on Twitter\"><i class=\"fa fa-twitter\"><\/i><\/a><a href=\"https:\/\/www.linkedin.com\/shareArticle?mini=true&amp;url=https:\/\/www.instagram.com\/p\/DcHKg2EDLVI\/\" target=\"_blank\" rel=\"noreferrer noopener\" class=\"ft-gallerylinkedin-icon\" title=\"Share this post on Linkedin\"><i class=\"fa fa-linkedin\"><\/i><\/a><a href=\"mailto:?subject=Shared Link&amp;body=https:\/\/www.instagram.com\/p\/DcHKg2EDLVI\/ - Was bedeutet es, zu denken, zu glauben, zu lieben \u2013 und Mensch zu sein?In \u201eIch bin, also denke ich\u201c verbindet Michael J\u00e4ger philosophische Gedanken mit poetischen Beobachtungen \u00fcber Leben, Freiheit, Liebe, Zweifel und die Suche nach Sinn.Ein Buch f\u00fcr Menschen, die sich mit einfachen Antworten nicht zufriedengeben.F\u00fcr alle, die innehalten, hinterfragen und den eigenen Gedanken Raum geben m\u00f6chten.Ein Buch \u00fcber das Sein, das Denken und das, was dar\u00fcber hinausgeht.\ud83d\udcd6 Michael J\u00e4ger \u2013 Ich bin, also denke ichAls Mephisto starb, ging Gott zum Psychiater#IchBinAlsoDenkeIch #MichaelJ\u00e4ger #Philosophie #Literatur #Gedanken #Nachdenken #SinnDesLebens #PoetischeGedanken #B\u00fccherliebe #Lesetipp #BuchInspiration\" target=\"_blank\" rel=\"noreferrer\" class=\"ft-galleryemail-icon\" title=\"Share this post in your email\"><i class=\"fa fa-envelope\"><\/i><\/a><\/div><\/div>                        <\/div>\n                <\/div>\n                                                                            <div class=\"slicker-instagram-placeholder fts-instagram-wrapper\" style=\"background-image:url('https:\/\/scontent-fra3-1.cdninstagram.com\/v\/t39.30808-6\/772894252_1493340336143401_5310917049783059354_n.jpg?stp=dst-jpg_e35_tt6&#038;_nc_cat=105&#038;ccb=7-5&#038;_nc_sid=18de74&#038;efg=eyJlZmdfdGFnIjoiRkVFRC5iZXN0X2ltYWdlX3VybGdlbi5DMyJ9&#038;_nc_ohc=fyADkc_ZzSAQ7kNvwFynr8B&#038;_nc_oc=AdruFIHG-EUsiW1yU1Ck2-1KXnaK5wJUj-AvC6Tpqwr5GRuUO1Z5FyZSKjJp_jXCriM5mGVs31Qj50GbUmgH5YVV&#038;_nc_zt=23&#038;_nc_ht=scontent-fra3-1.cdninstagram.com&#038;edm=ANQ71j8EAAAA&#038;_nc_gid=lHykLVTPLXc2bkLSrXcLug&#038;_nc_tpa=Q5bMBQJ_AV65fg38X4eyO-sJgYLHf3MTnYmLJQ7t2Oh2RLcH4jaf57x5LMsT1F-XWpMOaVbg4xU6pAyg&#038;oh=00_AQKTsPRGI9rI6bAJFYPymGJVs0l4v67ONh1sebBV9F7jiQ&#038;oe=6A9BB3AC')\">\n                                            <a href=\"https:\/\/www.instagram.com\/p\/DcCA6VLjMCw\/\" title=\"Colors can do more than just shine. \ud83c\udfa8 Words can do more than just tell a story. Sometimes they touch us right where we need a little reminder, a new thought, or a bit of courage. \u2728 \u201eThe Poetry of Colors\u201c by Nancy R\u00e4der combines personal writings, reflections, and poetry with colorful works of art. A book about emotions, joy of life, love, change, trust, and the courage to follow your own path.\ud83d\udcd6 The Poetry of Colors \u2013 Silberwind\u270d\ufe0f Nancy R\u00e4derAvailable wherever books are sold\u2014and, of course, right here with us!#ThePoetryOfColors #NancyR\u00e4der #Silberwind #BookLove #Poetry #Inspiration #ThoughtsForTheSoul #WordsThatTouch #LifeJoyOfLife #ArtAndPoetry #BookRecommendation #NewRelease\" target=\"_blank\" rel=\"noreferrer noopener\" class=\"fts-instagram-link-target fts-slicker-backg                         fts-instagram-img-link\" style=\"height:65px !important; width:65px; line-height:65px; font-size:65px;\"><span class=\"fts-instagram-icon\" style=\"height:65px; width:65px; line-height:65px; font-size:65px;\"><\/span><\/a>\n                        \n                        <div class='slicker-date'>\n\n                            <div class=\"fts-insta-date-popup-grab\">\n                            14\/08\/2026 @ 21:00                            <\/div>\n                        <\/div>\n                    <div class='slicker-instaG-backg-link'>\n\n                        <div class='slicker-instaG-photoshadow'><\/div>\n                    <\/div>\n                        <div class=\"fts-insta-likes-comments-grab-popup\">\n\n                            <div class=\"fts-share-wrap\"><a href=\"javascript:;\" class=\"ft-gallery-link-popup\" title=\"Social Share Options\"><\/a><div class=\"ft-gallery-share-wrap\"><a href=\"https:\/\/www.facebook.com\/sharer\/sharer.php?u=https:\/\/www.instagram.com\/p\/DcCA6VLjMCw\/\" target=\"_blank\" rel=\"noreferrer noopener\" class=\"ft-galleryfacebook-icon\" title=\"Share this post on Facebook\"><i class=\"fa fa-facebook-square\"><\/i><\/a><a href=\"https:\/\/twitter.com\/intent\/tweet?text=https:\/\/www.instagram.com\/p\/DcCA6VLjMCw\/+Farben k\u00f6nnen mehr als leuchten. \ud83c\udfa8Worte k\u00f6nnen mehr als erz\u00e4hlen.Manchmal ber\u00fchren sie genau dort, wo wir gerade eine kleine Erinnerung, einen neuen Gedanken oder etwas Mut brauchen. \u2728\u201eDie Poesie der Farben\u201c von Nancy R\u00e4der verbindet pers\u00f6nliche Texte, Gedanken und Poesie mit farbenreichen Kunstwerken. Ein Buch \u00fcber Gef\u00fchle, Lebensfreude, Liebe, Ver\u00e4nderung, Vertrauen und den Mut, den eigenen Weg zu gehen.\ud83d\udcd6 Die Poesie der Farben \u2013 Silberwind\u270d\ufe0f Nancy R\u00e4der\u00dcberall, wo es B\u00fccher gibt und nat\u00fcrlich direkt bei uns!#DiePoesieDerFarben #NancyR\u00e4der #Silberwind #Buchliebe #Poesie #Inspiration #GedankenF\u00fcrDieSeele #WorteDieBer\u00fchren #Lebensfreude #KunstUndPoesie #Buchtipp #Neuerscheinung\" target=\"_blank\" rel=\"noreferrer noopener\" class=\"ft-gallerytwitter-icon\" title=\"Share this post on Twitter\"><i class=\"fa fa-twitter\"><\/i><\/a><a href=\"https:\/\/www.linkedin.com\/shareArticle?mini=true&amp;url=https:\/\/www.instagram.com\/p\/DcCA6VLjMCw\/\" target=\"_blank\" rel=\"noreferrer noopener\" class=\"ft-gallerylinkedin-icon\" title=\"Share this post on Linkedin\"><i class=\"fa fa-linkedin\"><\/i><\/a><a href=\"mailto:?subject=Shared Link&amp;body=https:\/\/www.instagram.com\/p\/DcCA6VLjMCw\/ - Farben k\u00f6nnen mehr als leuchten. \ud83c\udfa8Worte k\u00f6nnen mehr als erz\u00e4hlen.Manchmal ber\u00fchren sie genau dort, wo wir gerade eine kleine Erinnerung, einen neuen Gedanken oder etwas Mut brauchen. \u2728\u201eDie Poesie der Farben\u201c von Nancy R\u00e4der verbindet pers\u00f6nliche Texte, Gedanken und Poesie mit farbenreichen Kunstwerken. Ein Buch \u00fcber Gef\u00fchle, Lebensfreude, Liebe, Ver\u00e4nderung, Vertrauen und den Mut, den eigenen Weg zu gehen.\ud83d\udcd6 Die Poesie der Farben \u2013 Silberwind\u270d\ufe0f Nancy R\u00e4der\u00dcberall, wo es B\u00fccher gibt und nat\u00fcrlich direkt bei uns!#DiePoesieDerFarben #NancyR\u00e4der #Silberwind #Buchliebe #Poesie #Inspiration #GedankenF\u00fcrDieSeele #WorteDieBer\u00fchren #Lebensfreude #KunstUndPoesie #Buchtipp #Neuerscheinung\" target=\"_blank\" rel=\"noreferrer\" class=\"ft-galleryemail-icon\" title=\"Share this post in your email\"><i class=\"fa fa-envelope\"><\/i><\/a><\/div><\/div>                        <\/div>\n                <\/div>\n                                                                            <div class=\"slicker-instagram-placeholder fts-instagram-wrapper\" style=\"background-image:url('https:\/\/scontent-fra5-2.cdninstagram.com\/v\/t39.30808-6\/771909502_1492435222900579_699649025072767007_n.jpg?stp=dst-jpg_e35_tt6&#038;_nc_cat=106&#038;ccb=7-5&#038;_nc_sid=18de74&#038;efg=eyJlZmdfdGFnIjoiRkVFRC5iZXN0X2ltYWdlX3VybGdlbi5DMyJ9&#038;_nc_ohc=bfDtRlA0jIAQ7kNvwG2gE9O&#038;_nc_oc=Ado14jkcPpKH4Vf2nWnHRtK4oBSuOQiSKzQrrkpFe9HHWIQyqabZLeQ8r8tphEGM5Yk4kI5McFJI9gJp_610YtEe&#038;_nc_zt=23&#038;_nc_ht=scontent-fra5-2.cdninstagram.com&#038;edm=ANQ71j8EAAAA&#038;_nc_gid=-quNq34c84Bgw3rj7Uxpuw&#038;_nc_tpa=Q5bMBQJ7xml0biCspmoYNc9ukOlwIHSnq_cgBl4OKZ5GzhR6-uotwPkrZYjh7_x6t168Nw9wm0nqhzUb&#038;oh=00_AQLcjuBt33dxtkypCfJkmWAclghWVuM3Ljb23ueY3gK5gQ&#038;oe=6A9BE38B')\">\n                                            <a href=\"https:\/\/www.instagram.com\/p\/Db3SQ1DEctb\/\" title=\"\ud83c\udf12 SOLAR ECLIPSE OVER BERLIN \u2600\ufe0f On Wednesday, it\u2019ll be worth it for all of us to look up at the Berlin evening sky: We\u2019ll finally be able to watch a partial solar eclipse again! If the weather cooperates \ud83e\udd1e, you should start watching the sun at 7 p.m.!\u26a0\ufe0f Important: Don\u2019t look directly at the sun without protection\u2014be sure to use proper solar eclipse glasses. We\u2019re definitely on fire \ud83d\udd25\u2014who else????#SolarEclipse #SolarEclipse2026 #Berlin #Berlin2026 #Eclipse #SolarEclipse #SkyOverBerlin #Astronomy #BerlinExperience #NaturalSpectacle\" target=\"_blank\" rel=\"noreferrer noopener\" class=\"fts-instagram-link-target fts-slicker-backg                         fts-instagram-img-link\" style=\"height:65px !important; width:65px; line-height:65px; font-size:65px;\"><span class=\"fts-instagram-icon\" style=\"height:65px; width:65px; line-height:65px; font-size:65px;\"><\/span><\/a>\n                        \n                        <div class='slicker-date'>\n\n                            <div class=\"fts-insta-date-popup-grab\">\n                            10\/08\/2026 @ 17:00                            <\/div>\n                        <\/div>\n                    <div class='slicker-instaG-backg-link'>\n\n                        <div class='slicker-instaG-photoshadow'><\/div>\n                    <\/div>\n                        <div class=\"fts-insta-likes-comments-grab-popup\">\n\n                            <div class=\"fts-share-wrap\"><a href=\"javascript:;\" class=\"ft-gallery-link-popup\" title=\"Social Share Options\"><\/a><div class=\"ft-gallery-share-wrap\"><a href=\"https:\/\/www.facebook.com\/sharer\/sharer.php?u=https:\/\/www.instagram.com\/p\/Db3SQ1DEctb\/\" target=\"_blank\" rel=\"noreferrer noopener\" class=\"ft-galleryfacebook-icon\" title=\"Share this post on Facebook\"><i class=\"fa fa-facebook-square\"><\/i><\/a><a href=\"https:\/\/twitter.com\/intent\/tweet?text=https:\/\/www.instagram.com\/p\/Db3SQ1DEctb\/+\ud83c\udf12 SONNENFINSTERNIS \u00dcBER BERLIN \u2600\ufe0fAm Mittwoch lohnt sich f\u00fcr uns alle der Blick in den Berliner Abendhimmel: Endlich k\u00f6nnen wir wieder eine partielle Sonnenfinsternis beobachten!Wenn das Wetter mitspielt \ud83e\udd1e, solltet ihr ab 19 Uhr die Sonne beobachten!\u26a0\ufe0f Wichtig: Schaut nicht direkt und ungesch\u00fctzt in die Sonne, sondern verwendet eine geeignete Sonnenfinsternis-Brille.Wir sind auf jeden Fall on fire \ud83d\udd25 \u2013 wer noch????#Sonnenfinsternis #Sonnenfinsternis2026 #Berlin #Berlin2026 #Eclipse #SolarEclipse #Himmel\u00dcberBerlin #Astronomie #BerlinErleben #Naturschauspiel\" target=\"_blank\" rel=\"noreferrer noopener\" class=\"ft-gallerytwitter-icon\" title=\"Share this post on Twitter\"><i class=\"fa fa-twitter\"><\/i><\/a><a href=\"https:\/\/www.linkedin.com\/shareArticle?mini=true&amp;url=https:\/\/www.instagram.com\/p\/Db3SQ1DEctb\/\" target=\"_blank\" rel=\"noreferrer noopener\" class=\"ft-gallerylinkedin-icon\" title=\"Share this post on Linkedin\"><i class=\"fa fa-linkedin\"><\/i><\/a><a href=\"mailto:?subject=Shared Link&amp;body=https:\/\/www.instagram.com\/p\/Db3SQ1DEctb\/ - \ud83c\udf12 SONNENFINSTERNIS \u00dcBER BERLIN \u2600\ufe0fAm Mittwoch lohnt sich f\u00fcr uns alle der Blick in den Berliner Abendhimmel: Endlich k\u00f6nnen wir wieder eine partielle Sonnenfinsternis beobachten!Wenn das Wetter mitspielt \ud83e\udd1e, solltet ihr ab 19 Uhr die Sonne beobachten!\u26a0\ufe0f Wichtig: Schaut nicht direkt und ungesch\u00fctzt in die Sonne, sondern verwendet eine geeignete Sonnenfinsternis-Brille.Wir sind auf jeden Fall on fire \ud83d\udd25 \u2013 wer noch????#Sonnenfinsternis #Sonnenfinsternis2026 #Berlin #Berlin2026 #Eclipse #SolarEclipse #Himmel\u00dcberBerlin #Astronomie #BerlinErleben #Naturschauspiel\" target=\"_blank\" rel=\"noreferrer\" class=\"ft-galleryemail-icon\" title=\"Share this post in your email\"><i class=\"fa fa-envelope\"><\/i><\/a><\/div><\/div>                        <\/div>\n                <\/div>\n                                                                            <div class=\"slicker-instagram-placeholder fts-instagram-wrapper\" style=\"background-image:url('https:\/\/scontent-fra5-1.cdninstagram.com\/v\/t39.30808-6\/769441949_1490774583066643_342701231567725086_n.jpg?stp=dst-jpg_e35_tt6&#038;_nc_cat=102&#038;ccb=7-5&#038;_nc_sid=18de74&#038;efg=eyJlZmdfdGFnIjoiRkVFRC5iZXN0X2ltYWdlX3VybGdlbi5DMyJ9&#038;_nc_ohc=yapinmvN8KYQ7kNvwEMQugt&#038;_nc_oc=AdrfS1k4_W30p44e0E2NRetS_-th3VfXsgyXGfDWtbAVUVQNM-mBp-fEQYEMtzz6iTQdNAU5xN5dlQFbWKgWCMSA&#038;_nc_zt=23&#038;_nc_ht=scontent-fra5-1.cdninstagram.com&#038;edm=ANQ71j8EAAAA&#038;_nc_gid=THdbq7y4pYw-y0fVdfLf1Q&#038;_nc_tpa=Q5bMBQIdvedh5XSPOvo3AFtAqwe14WQPTZuWPyi-FFwgsL47LWHMgbNWB2QMUtvXbEsoBcYexErOvDJc&#038;oh=00_AQJNIErC90aJV6Dcj1oXn6gr1jeMpBOucXLFE8aqgRzBDg&#038;oe=6A9BDC4C')\">\n                                            <a href=\"https:\/\/www.instagram.com\/p\/Dbz3j1MDhC1\/\" title=\"Have a wonderful Sunday! \u2600\ud83e\udd38\ud83d\udc08\ud83d\udcd6\u2728#HappySunday #SundayGreetings #Sunday #SundayFeeling #SundayMood #HappySunday #SundayVibes #Weekend #Weekweekendvibes #Berlin #BerlinLove #BerlinLife #BerlinMoments #BerlinCity #BerlinMitte #VisitBerlin #Spree #LoveForTheCapital #FavoriteCity #TimeForBeautifulThings #BEAUTIFULMoments #EnjoySunday #TimeOut #SlowDown #PositiveThoughts\" target=\"_blank\" rel=\"noreferrer noopener\" class=\"fts-instagram-link-target fts-slicker-backg                         fts-instagram-img-link\" style=\"height:65px !important; width:65px; line-height:65px; font-size:65px;\"><span class=\"fts-instagram-icon\" style=\"height:65px; width:65px; line-height:65px; font-size:65px;\"><\/span><\/a>\n                        \n                        <div class='slicker-date'>\n\n                            <div class=\"fts-insta-date-popup-grab\">\n                            09\/08\/2026 @ 9:09                            <\/div>\n                        <\/div>\n                    <div class='slicker-instaG-backg-link'>\n\n                        <div class='slicker-instaG-photoshadow'><\/div>\n                    <\/div>\n                        <div class=\"fts-insta-likes-comments-grab-popup\">\n\n                            <div class=\"fts-share-wrap\"><a href=\"javascript:;\" class=\"ft-gallery-link-popup\" title=\"Social Share Options\"><\/a><div class=\"ft-gallery-share-wrap\"><a href=\"https:\/\/www.facebook.com\/sharer\/sharer.php?u=https:\/\/www.instagram.com\/p\/Dbz3j1MDhC1\/\" target=\"_blank\" rel=\"noreferrer noopener\" class=\"ft-galleryfacebook-icon\" title=\"Share this post on Facebook\"><i class=\"fa fa-facebook-square\"><\/i><\/a><a href=\"https:\/\/twitter.com\/intent\/tweet?text=https:\/\/www.instagram.com\/p\/Dbz3j1MDhC1\/+Macht euch einen sch\u00f6nen Sonntag! \u2600\ud83e\udd38\ud83d\udc08\ud83d\udcd6\u2728#Sch\u00f6nenSonntag #Sonntagsgr\u00fc\u00dfe #Sonntag #Sonntagsgef\u00fchl #Sonntagsstimmung #HappySunday #SundayVibes #Wochenende #Wochenendgef\u00fchl #Berlin #BerlinLiebe #BerlinLeben #BerlinMomente #BerlinCity #BerlinMitte #VisitBerlin #Spree #Hauptstadtliebe #Lieblingsstadt #ZeitF\u00fcrSch\u00f6neDinge #Sch\u00f6neMomente #Genie\u00dftDenSonntag #Auszeit #Entschleunigung #GuteGedanken\" target=\"_blank\" rel=\"noreferrer noopener\" class=\"ft-gallerytwitter-icon\" title=\"Share this post on Twitter\"><i class=\"fa fa-twitter\"><\/i><\/a><a href=\"https:\/\/www.linkedin.com\/shareArticle?mini=true&amp;url=https:\/\/www.instagram.com\/p\/Dbz3j1MDhC1\/\" target=\"_blank\" rel=\"noreferrer noopener\" class=\"ft-gallerylinkedin-icon\" title=\"Share this post on Linkedin\"><i class=\"fa fa-linkedin\"><\/i><\/a><a href=\"mailto:?subject=Shared Link&amp;body=https:\/\/www.instagram.com\/p\/Dbz3j1MDhC1\/ - Macht euch einen sch\u00f6nen Sonntag! \u2600\ud83e\udd38\ud83d\udc08\ud83d\udcd6\u2728#Sch\u00f6nenSonntag #Sonntagsgr\u00fc\u00dfe #Sonntag #Sonntagsgef\u00fchl #Sonntagsstimmung #HappySunday #SundayVibes #Wochenende #Wochenendgef\u00fchl #Berlin #BerlinLiebe #BerlinLeben #BerlinMomente #BerlinCity #BerlinMitte #VisitBerlin #Spree #Hauptstadtliebe #Lieblingsstadt #ZeitF\u00fcrSch\u00f6neDinge #Sch\u00f6neMomente #Genie\u00dftDenSonntag #Auszeit #Entschleunigung #GuteGedanken\" target=\"_blank\" rel=\"noreferrer\" class=\"ft-galleryemail-icon\" title=\"Share this post in your email\"><i class=\"fa fa-envelope\"><\/i><\/a><\/div><\/div>                        <\/div>\n                <\/div>\n                                                                            <div class=\"slicker-instagram-placeholder fts-instagram-wrapper\" style=\"background-image:url('https:\/\/scontent-fra5-2.cdninstagram.com\/v\/t39.30808-6\/761163541_1483738667103568_419067825051346473_n.jpg?stp=dst-jpg_e35_tt6&#038;_nc_cat=109&#038;ccb=7-5&#038;_nc_sid=18de74&#038;efg=eyJlZmdfdGFnIjoiRkVFRC5iZXN0X2ltYWdlX3VybGdlbi5DMyJ9&#038;_nc_ohc=xTAJoPgR984Q7kNvwHjUEnA&#038;_nc_oc=AdoPif5SK5tdqFmyRUczZK7Sv22FvzlqXhKuM8Hf-3DO7PbUxD3To-gI-_AX9xtPcvH7SqHh5hLGyMR8le0UZCJx&#038;_nc_zt=23&#038;_nc_ht=scontent-fra5-2.cdninstagram.com&#038;edm=ANQ71j8EAAAA&#038;_nc_gid=4kwla6AEmPqseVjDHHUVDQ&#038;_nc_tpa=Q5bMBQJ6V4f-apqOAj9Zral83aNr1dq-QZp0G36edwDGrubMjkB8Jm2D4A-W5SlXQU0WtOlTcWpVvrsg&#038;oh=00_AQLzpP2zEnIdv-3WupcVRuRPqsdAr63k4-8jKupMF8eTUg&#038;oe=6A9BBF03')\">\n                                            <a href=\"https:\/\/www.instagram.com\/p\/DbvwHmUE6R2\/\" title=\"Headaches, trouble concentrating, difficulties with reading and writing, or rapid fatigue\u2014could these symptoms be related to binocular vision?In his new non-fiction book, Dr. Fritz Gorzny explains in an accessible way what heterophoria is, how it can affect daily life, and what diagnostic and therapeutic options are currently being discussed. The book is aimed at both those affected and professionals in the field, and aims to present the topic in a way that is accessible to everyone.\ud83d\udcd6 A well-researched reading recommendation for anyone who wants to get to the bottom of the causes of visual symptoms.#Non-fiction #Recommended read #Angular strabismus #Binocular vision #Ophthalmology #Optometry #Vision #Health #Specialized book #Book Recommendation\" target=\"_blank\" rel=\"noreferrer noopener\" class=\"fts-instagram-link-target fts-slicker-backg                         fts-instagram-img-link\" style=\"height:65px !important; width:65px; line-height:65px; font-size:65px;\"><span class=\"fts-instagram-icon\" style=\"height:65px; width:65px; line-height:65px; font-size:65px;\"><\/span><\/a>\n                        \n                        <div class='slicker-date'>\n\n                            <div class=\"fts-insta-date-popup-grab\">\n                            07\/08\/2026 @ 18:47                            <\/div>\n                        <\/div>\n                    <div class='slicker-instaG-backg-link'>\n\n                        <div class='slicker-instaG-photoshadow'><\/div>\n                    <\/div>\n                        <div class=\"fts-insta-likes-comments-grab-popup\">\n\n                            <div class=\"fts-share-wrap\"><a href=\"javascript:;\" class=\"ft-gallery-link-popup\" title=\"Social Share Options\"><\/a><div class=\"ft-gallery-share-wrap\"><a href=\"https:\/\/www.facebook.com\/sharer\/sharer.php?u=https:\/\/www.instagram.com\/p\/DbvwHmUE6R2\/\" target=\"_blank\" rel=\"noreferrer noopener\" class=\"ft-galleryfacebook-icon\" title=\"Share this post on Facebook\"><i class=\"fa fa-facebook-square\"><\/i><\/a><a href=\"https:\/\/twitter.com\/intent\/tweet?text=https:\/\/www.instagram.com\/p\/DbvwHmUE6R2\/+Kopfschmerzen, Konzentrationsprobleme, Lese- und Schreibschwierigkeiten oder schnelle Erm\u00fcdung \u2013 k\u00f6nnen solche Beschwerden mit dem beid\u00e4ugigen Sehen zusammenh\u00e4ngen?In seinem neuen Sachbuch erkl\u00e4rt Dr. med. Fritz Gorzny verst\u00e4ndlich, was unter Winkelfehlsichtigkeit zu verstehen ist, wie sie das t\u00e4gliche Leben beeinflussen kann und welche diagnostischen und therapeutischen M\u00f6glichkeiten diskutiert werden. Das Buch richtet sich sowohl an Betroffene als auch an Fachinteressierte und m\u00f6chte das Thema allgemeinverst\u00e4ndlich vermitteln.\ud83d\udcd6 Ein fundierter Lesetipp f\u00fcr alle, die den Ursachen visueller Beschwerden auf den Grund gehen m\u00f6chten.#Sachbuch #Lesetipp #Winkelfehlsichtigkeit #Binokularsehen #Augenheilkunde #Optometrie #Sehen #Gesundheit #Fachbuch #Buchtipp\" target=\"_blank\" rel=\"noreferrer noopener\" class=\"ft-gallerytwitter-icon\" title=\"Share this post on Twitter\"><i class=\"fa fa-twitter\"><\/i><\/a><a href=\"https:\/\/www.linkedin.com\/shareArticle?mini=true&amp;url=https:\/\/www.instagram.com\/p\/DbvwHmUE6R2\/\" target=\"_blank\" rel=\"noreferrer noopener\" class=\"ft-gallerylinkedin-icon\" title=\"Share this post on Linkedin\"><i class=\"fa fa-linkedin\"><\/i><\/a><a href=\"mailto:?subject=Shared Link&amp;body=https:\/\/www.instagram.com\/p\/DbvwHmUE6R2\/ - Kopfschmerzen, Konzentrationsprobleme, Lese- und Schreibschwierigkeiten oder schnelle Erm\u00fcdung \u2013 k\u00f6nnen solche Beschwerden mit dem beid\u00e4ugigen Sehen zusammenh\u00e4ngen?In seinem neuen Sachbuch erkl\u00e4rt Dr. med. Fritz Gorzny verst\u00e4ndlich, was unter Winkelfehlsichtigkeit zu verstehen ist, wie sie das t\u00e4gliche Leben beeinflussen kann und welche diagnostischen und therapeutischen M\u00f6glichkeiten diskutiert werden. Das Buch richtet sich sowohl an Betroffene als auch an Fachinteressierte und m\u00f6chte das Thema allgemeinverst\u00e4ndlich vermitteln.\ud83d\udcd6 Ein fundierter Lesetipp f\u00fcr alle, die den Ursachen visueller Beschwerden auf den Grund gehen m\u00f6chten.#Sachbuch #Lesetipp #Winkelfehlsichtigkeit #Binokularsehen #Augenheilkunde #Optometrie #Sehen #Gesundheit #Fachbuch #Buchtipp\" target=\"_blank\" rel=\"noreferrer\" class=\"ft-galleryemail-icon\" title=\"Share this post in your email\"><i class=\"fa fa-envelope\"><\/i><\/a><\/div><\/div>                        <\/div>\n                <\/div>\n                                                                            <div class=\"slicker-instagram-placeholder fts-instagram-wrapper\" style=\"background-image:url('https:\/\/scontent-fra3-2.cdninstagram.com\/v\/t39.30808-6\/758543345_1481243654019736_5363454852367185906_n.jpg?stp=dst-jpg_e35_tt6&#038;_nc_cat=111&#038;ccb=7-5&#038;_nc_sid=18de74&#038;efg=eyJlZmdfdGFnIjoiRkVFRC5iZXN0X2ltYWdlX3VybGdlbi5DMyJ9&#038;_nc_ohc=g9eTm1mJSeEQ7kNvwHd0j3r&#038;_nc_oc=Adrocqtz_QmxRwzRZSdJPdwzUffgfS__pf5EE44d7WXve-3__lAhseie1cj9EkbaEveQvNz5KkT_k7tzf8VEE9Wn&#038;_nc_zt=23&#038;_nc_ht=scontent-fra3-2.cdninstagram.com&#038;edm=ANQ71j8EAAAA&#038;_nc_gid=HkxhcGWh-Q1OM2qnXNTqVg&#038;_nc_tpa=Q5bMBQJxyjpWXo4ZVcwY0N6pwinh7NQPBxikEt9IobTRATAFzrihSG7DYxUKdpjICTOVzWjywOhWYHHH&#038;oh=00_AQIzVc9E7e8IfesPsI76Uw0v6tUdjcYAXm65PYBW2sgNUg&#038;oe=6A9BBE89')\">\n                                            <a href=\"https:\/\/www.instagram.com\/p\/DbnaCG4jTxy\/\" title=\"\u201e&quot;I Survived the Last Judgment&quot; is a moving autobiographical story about courage, loss, and the longing for home. With great candor, the author recounts her childhood in Somalia, the war, her flight from the country, and life caught between two worlds\u2014and how, despite it all, she managed not to lose hope.This book gives a voice to people whose stories deserve to be heard.\ud83d\udcda Now available in bookstores and online. What life story has touched you deeply recently? Feel free to share it in the comments.#NewRelease #BookRecommendation #Autobiography #TrueStory #Courage #Hope #Home #Somalia #WorthReading #BookLover#NewBook #Literature #BookstagramGermany #NowAvailable #QaaliSchmidtS\u00f8rensen\" target=\"_blank\" rel=\"noreferrer noopener\" class=\"fts-instagram-link-target fts-slicker-backg                         fts-instagram-img-link\" style=\"height:65px !important; width:65px; line-height:65px; font-size:65px;\"><span class=\"fts-instagram-icon\" style=\"height:65px; width:65px; line-height:65px; font-size:65px;\"><\/span><\/a>\n                        \n                        <div class='slicker-date'>\n\n                            <div class=\"fts-insta-date-popup-grab\">\n                            04\/08\/2026 @ 13:00                            <\/div>\n                        <\/div>\n                    <div class='slicker-instaG-backg-link'>\n\n                        <div class='slicker-instaG-photoshadow'><\/div>\n                    <\/div>\n                        <div class=\"fts-insta-likes-comments-grab-popup\">\n\n                            <div class=\"fts-share-wrap\"><a href=\"javascript:;\" class=\"ft-gallery-link-popup\" title=\"Social Share Options\"><\/a><div class=\"ft-gallery-share-wrap\"><a href=\"https:\/\/www.facebook.com\/sharer\/sharer.php?u=https:\/\/www.instagram.com\/p\/DbnaCG4jTxy\/\" target=\"_blank\" rel=\"noreferrer noopener\" class=\"ft-galleryfacebook-icon\" title=\"Share this post on Facebook\"><i class=\"fa fa-facebook-square\"><\/i><\/a><a href=\"https:\/\/twitter.com\/intent\/tweet?text=https:\/\/www.instagram.com\/p\/DbnaCG4jTxy\/+\u201eIch habe das J\u00fcngste Gericht \u00fcberlebt\u201c ist eine bewegende autobiografische Geschichte \u00fcber Mut, Verlust und die Sehnsucht nach Heimat. Mit gro\u00dfer Offenheit erz\u00e4hlt die Autorin von ihrer Kindheit in Somalia, von Krieg, Flucht und dem Leben zwischen zwei Welten \u2013 und davon, trotz allem die Hoffnung nicht zu verlieren.Dieses Buch gibt Menschen eine Stimme, deren Geschichte geh\u00f6rt werden sollte.\ud83d\udcda Jetzt im Buchhandel und online erh\u00e4ltlich.Welche Lebensgeschichte hat dich zuletzt nachhaltig ber\u00fchrt? Schreib es gerne in die Kommentare.#Neuerscheinung #Buchtipp #Autobiografie #WahreGeschichte #Mut #Hoffnung #Heimat #Somalia #Lesenswert #B\u00fccherliebe #Buchneuheit #Literatur #BookstagramDeutschland #JetztErh\u00e4ltlich #QaaliSchmidtS\u00f8rensen\" target=\"_blank\" rel=\"noreferrer noopener\" class=\"ft-gallerytwitter-icon\" title=\"Share this post on Twitter\"><i class=\"fa fa-twitter\"><\/i><\/a><a href=\"https:\/\/www.linkedin.com\/shareArticle?mini=true&amp;url=https:\/\/www.instagram.com\/p\/DbnaCG4jTxy\/\" target=\"_blank\" rel=\"noreferrer noopener\" class=\"ft-gallerylinkedin-icon\" title=\"Share this post on Linkedin\"><i class=\"fa fa-linkedin\"><\/i><\/a><a href=\"mailto:?subject=Shared Link&amp;body=https:\/\/www.instagram.com\/p\/DbnaCG4jTxy\/ - \u201eIch habe das J\u00fcngste Gericht \u00fcberlebt\u201c ist eine bewegende autobiografische Geschichte \u00fcber Mut, Verlust und die Sehnsucht nach Heimat. Mit gro\u00dfer Offenheit erz\u00e4hlt die Autorin von ihrer Kindheit in Somalia, von Krieg, Flucht und dem Leben zwischen zwei Welten \u2013 und davon, trotz allem die Hoffnung nicht zu verlieren.Dieses Buch gibt Menschen eine Stimme, deren Geschichte geh\u00f6rt werden sollte.\ud83d\udcda Jetzt im Buchhandel und online erh\u00e4ltlich.Welche Lebensgeschichte hat dich zuletzt nachhaltig ber\u00fchrt? Schreib es gerne in die Kommentare.#Neuerscheinung #Buchtipp #Autobiografie #WahreGeschichte #Mut #Hoffnung #Heimat #Somalia #Lesenswert #B\u00fccherliebe #Buchneuheit #Literatur #BookstagramDeutschland #JetztErh\u00e4ltlich #QaaliSchmidtS\u00f8rensen\" target=\"_blank\" rel=\"noreferrer\" class=\"ft-galleryemail-icon\" title=\"Share this post in your email\"><i class=\"fa fa-envelope\"><\/i><\/a><\/div><\/div>                        <\/div>\n                <\/div>\n                    <\/div>                                        <script>\n                    \/\/ This needs to load here below the feed to load properly for\n                    \/\/ Elementor page preview, and also some types of tabs that use js to load.\n                    document.addEventListener(\"DOMContentLoaded\", function(event) {\n                        if (typeof slickremixImageResizing === 'function') {\n                            slickremixImageResizing();\n                        }\n                        if (typeof ftsShare === 'function') {\n                            ftsShare();\n                        }\n                    });\n                <\/script>\n                <\/div><\/div><\/div><\/div><\/div><\/div><\/div>","protected":false},"excerpt":{"rendered":"<p>Wichtig f\u00fcr neue B\u00fccher und Autoren ist die Pr\u00e4senz in den Medien. Wir freuen uns dar\u00fcber, dass unsere ausgew\u00e4hlten B\u00fccher immer wieder [&hellip;]<\/p>\n","protected":false},"author":9,"featured_media":0,"parent":0,"menu_order":0,"comment_status":"closed","ping_status":"closed","template":"page-templates\/page_fullwidth.php","meta":{"footnotes":""},"class_list":["post-722","page","type-page","status-publish","hentry"],"_links":{"self":[{"href":"https:\/\/deutsche-literaturgesellschaft.de\/en\/wp-json\/wp\/v2\/pages\/722","targetHints":{"allow":["GET"]}}],"collection":[{"href":"https:\/\/deutsche-literaturgesellschaft.de\/en\/wp-json\/wp\/v2\/pages"}],"about":[{"href":"https:\/\/deutsche-literaturgesellschaft.de\/en\/wp-json\/wp\/v2\/types\/page"}],"author":[{"embeddable":true,"href":"https:\/\/deutsche-literaturgesellschaft.de\/en\/wp-json\/wp\/v2\/users\/9"}],"replies":[{"embeddable":true,"href":"https:\/\/deutsche-literaturgesellschaft.de\/en\/wp-json\/wp\/v2\/comments?post=722"}],"version-history":[{"count":1,"href":"https:\/\/deutsche-literaturgesellschaft.de\/en\/wp-json\/wp\/v2\/pages\/722\/revisions"}],"predecessor-version":[{"id":182453,"href":"https:\/\/deutsche-literaturgesellschaft.de\/en\/wp-json\/wp\/v2\/pages\/722\/revisions\/182453"}],"wp:attachment":[{"href":"https:\/\/deutsche-literaturgesellschaft.de\/en\/wp-json\/wp\/v2\/media?parent=722"}],"curies":[{"name":"wp","href":"https:\/\/api.w.org\/{rel}","templated":true}]}}