{"id":182314,"date":"2024-08-14T12:04:07","date_gmt":"2024-08-14T10:04:07","guid":{"rendered":"https:\/\/deutsche-literaturgesellschaft.de\/?post_type=product&#038;p=182314"},"modified":"2025-09-22T15:21:20","modified_gmt":"2025-09-22T13:21:20","slug":"wir-alle-seidl","status":"publish","type":"product","link":"https:\/\/deutsche-literaturgesellschaft.de\/en\/product\/wir-alle-seidl\/","title":{"rendered":"Wir alle (Seidl)"},"content":{"rendered":"","protected":false},"excerpt":{"rendered":"<p>Auf dem Diskos verflucht Minos den Mykenerk\u00f6nig.<\/p>\n<p>Jesus erl\u00e4utert die 10 Gebote und f\u00fcgt Demut und Barmherzigkeit hinzu.<\/p>\n<p>Anarchie, Inflation, Vereinsamung, Totalit\u00e4rer Staat und Weltkrieg sind heute die gr\u00f6\u00dften Gefahren.<\/p>\n<p>&nbsp;<\/p>\n<p><a href=\"https:\/\/deutsche-literaturgesellschaft.de\/wp-content\/uploads\/2024\/08\/Leseprobe_Wir-alle.pdf\">Leseprobe_Wir alle<\/a><\/p>\n<p>&nbsp;<\/p>\n<p>In seinem tiefgr\u00fcndigen Werk \u201cWir alle\u201d entf\u00fchrt Wolfgang Seidl die Leser auf eine Reise durch die kosmischen, geologischen und menschlichen Dimensionen unserer Existenz. Dieses Buch ist eine Quintessenz zwei vorheriger Werke des Autors und stellt eine facettenreiche Untersuchung menschlicher Kultur, Religion und Geschichte dar.<\/p>\n<p>Seidl l\u00e4dt uns ein, \u00fcber zeitlose Fragen nachzudenken: Wie beeinflussen kosmische und geologische Ver\u00e4nderungen unser Klima und Leben? Welche Bedeutung haben die gro\u00dfen Religionen und philosophischen Systeme der Weltgeschichte f\u00fcr unser heutiges Dasein? Wie k\u00f6nnen wir Weisheit und Wissen aus den Lebensabschnitten und historischen Entwicklungen erkennen und auf unser eigenes Leben anwenden?<\/p>\n<p>Dabei behandelt er eine Vielzahl von Themen, von den klimatischen Bedingungen der Erde \u00fcber die Jahreszeiten und menschliche Lebenszyklen bis hin zu den Sterbevorstellungen und der Relevanz von Jenseitsvorstellungen in verschiedenen Kulturen. Besonders faszinierend sind seine Ausf\u00fchrungen zur Entstehung und Entwicklung von Religionen und philosophischen Denkschulen, die alten Geschichten der V\u00f6lkerwanderungen sowie die neuesten politischen Str\u00f6mungen und gesellschaftlichen Entwicklungen.<\/p>\n<p>\u201cWir alle\u201d ist nicht nur ein Lesebuch, sondern auch eine Quelle der Inspiration und des Nachdenkens. F\u00fcr jeden, der tiefgreifende Antworten auf die grundlegenden Fragen des Lebens sucht und \u00fcber die Zukunft nachdenken m\u00f6chte, bietet dieses Werk einen reichen Fundus an Wissen und Anregungen.<\/p>\n<p>&nbsp;<\/p>\n<p>&nbsp;<\/p>\n<p>Wir alle, Wolfgang Seidl, gebunden, 114 Seiten, 18\u20ac<\/p>","protected":false},"featured_media":182316,"comment_status":"closed","ping_status":"closed","template":"","meta":[],"product_brand":[],"product_cat":[107],"product_tag":[],"class_list":["post-182314","product","type-product","status-publish","has-post-thumbnail","product_cat-sachbuch","product_author-wolfgang-seidl","first","instock","taxable","shipping-taxable","purchasable","product-type-simple"],"_links":{"self":[{"href":"https:\/\/deutsche-literaturgesellschaft.de\/en\/wp-json\/wp\/v2\/product\/182314","targetHints":{"allow":["GET"]}}],"collection":[{"href":"https:\/\/deutsche-literaturgesellschaft.de\/en\/wp-json\/wp\/v2\/product"}],"about":[{"href":"https:\/\/deutsche-literaturgesellschaft.de\/en\/wp-json\/wp\/v2\/types\/product"}],"replies":[{"embeddable":true,"href":"https:\/\/deutsche-literaturgesellschaft.de\/en\/wp-json\/wp\/v2\/comments?post=182314"}],"wp:featuredmedia":[{"embeddable":true,"href":"https:\/\/deutsche-literaturgesellschaft.de\/en\/wp-json\/wp\/v2\/media\/182316"}],"wp:attachment":[{"href":"https:\/\/deutsche-literaturgesellschaft.de\/en\/wp-json\/wp\/v2\/media?parent=182314"}],"wp:term":[{"taxonomy":"product_brand","embeddable":true,"href":"https:\/\/deutsche-literaturgesellschaft.de\/en\/wp-json\/wp\/v2\/product_brand?post=182314"},{"taxonomy":"product_cat","embeddable":true,"href":"https:\/\/deutsche-literaturgesellschaft.de\/en\/wp-json\/wp\/v2\/product_cat?post=182314"},{"taxonomy":"product_tag","embeddable":true,"href":"https:\/\/deutsche-literaturgesellschaft.de\/en\/wp-json\/wp\/v2\/product_tag?post=182314"}],"curies":[{"name":"wp","href":"https:\/\/api.w.org\/{rel}","templated":true}]}}